{"id":116,"date":"2022-11-14T16:56:53","date_gmt":"2022-11-14T16:56:53","guid":{"rendered":"https:\/\/maritimeapartamentosvalencia.com\/?page_id=116"},"modified":"2024-11-22T12:15:15","modified_gmt":"2024-11-22T12:15:15","slug":"galerie-de-maritime-valencia-apartments","status":"publish","type":"page","link":"https:\/\/maritimeapartamentosvalencia.com\/fr\/galerie-de-maritime-valencia-apartments\/","title":{"rendered":"Galerie de Maritime Valencia Apartments"},"content":{"rendered":"\t\t<div data-elementor-type=\"wp-page\" data-elementor-id=\"116\" class=\"elementor elementor-116\" data-elementor-post-type=\"page\">\n\t\t\t\t<div class=\"elementor-element elementor-element-55a18b36 e-flex e-con-boxed e-con e-parent\" data-id=\"55a18b36\" data-element_type=\"container\" data-e-type=\"container\" data-settings=\"{&quot;background_background&quot;:&quot;classic&quot;}\">\n\t\t\t\t\t<div class=\"e-con-inner\">\n\t\t\t\t<div class=\"elementor-element elementor-element-7d7d2a73 elementor-widget elementor-widget-image\" data-id=\"7d7d2a73\" data-element_type=\"widget\" data-e-type=\"widget\" data-widget_type=\"image.default\">\n\t\t\t\t\t\t\t\t\t\t\t\t\t\t\t<img fetchpriority=\"high\" decoding=\"async\" width=\"700\" height=\"700\" src=\"https:\/\/maritimeapartamentosvalencia.com\/fr\/wp-content\/uploads\/sites\/3\/logotema-maritime-diapo.svg\" class=\"attachment-large size-large wp-image-1016\" alt=\"logotema maritime diapo\" \/>\t\t\t\t\t\t\t\t\t\t\t\t\t\t\t<\/div>\n\t\t\t\t<div class=\"elementor-element elementor-element-2947eaa5 elementor-widget elementor-widget-heading\" data-id=\"2947eaa5\" data-element_type=\"widget\" data-e-type=\"widget\" data-widget_type=\"heading.default\">\n\t\t\t\t\t<h2 class=\"elementor-heading-title elementor-size-default\">Galerie Maritime Apartamentos Valencia <\/h2>\t\t\t\t<\/div>\n\t\t\t\t<div class=\"elementor-element elementor-element-459ad4b5 elementor-widget elementor-widget-heading\" data-id=\"459ad4b5\" data-element_type=\"widget\" data-e-type=\"widget\" data-widget_type=\"heading.default\">\n\t\t\t\t\t<h1 class=\"elementor-heading-title elementor-size-default\">Appartements de vacances \u00e0 Caba\u00f1al - Grao. Valenc<\/h1>\t\t\t\t<\/div>\n\t\t\t\t\t<\/div>\n\t\t\t\t<\/div>\n\t\t<div class=\"elementor-element elementor-element-56952603 e-flex e-con-boxed e-con e-parent\" data-id=\"56952603\" data-element_type=\"container\" data-e-type=\"container\" data-settings=\"{&quot;background_background&quot;:&quot;classic&quot;,&quot;sticky&quot;:&quot;top&quot;,&quot;sticky_offset&quot;:88,&quot;sticky_on&quot;:[&quot;desktop&quot;,&quot;laptop&quot;],&quot;sticky_offset_laptop&quot;:76,&quot;sticky_effects_offset&quot;:0,&quot;sticky_anchor_link_offset&quot;:0}\">\n\t\t\t\t\t<div class=\"e-con-inner\">\n\t\t\t\t<div class=\"elementor-element elementor-element-f8eddc5 elementor-widget__width-initial elementor-widget elementor-widget-heading\" data-id=\"f8eddc5\" data-element_type=\"widget\" data-e-type=\"widget\" data-widget_type=\"heading.default\">\n\t\t\t\t\t<h4 class=\"elementor-heading-title elementor-size-default\">Garantie du <b>meilleur prix disponible<\/b><\/h4>\t\t\t\t<\/div>\n\t\t\t\t<div class=\"elementor-element elementor-element-6de55cdb elementor-widget__width-initial elementor-widget elementor-widget-shortcode\" data-id=\"6de55cdb\" data-element_type=\"widget\" data-e-type=\"widget\" data-widget_type=\"shortcode.default\">\n\t\t\t\t\t\t\t<div class=\"elementor-shortcode\">        <link href=\"https:\/\/fonts.googleapis.com\/css2?family=Roboto:ital,wght@0,100;0,200;0,300;0,400;0,500;0,600;0,700;0,800;0,900;1,100;1,200;1,300;1,400;1,500;1,600;1,700;1,800;1,900&display=swap\" rel=\"stylesheet\">\r\n<style>\r\n    .avc-calendar.avc-calendar-1 {\r\n        background-color: rgba(226.99, 236.01, 247.02, 0);\r\n        border-width: 0px;\r\n        border-color: rgba(0,0,0,1);\r\n        border-radius: 2px;\r\n        column-gap: 16px;\r\n        row-gap: 16px;\r\n        font-family: \"Roboto\";\r\n    }\r\n\r\n    \r\n    .avc-calendar.avc-calendar-1>.avc-input {\r\n        background-color: rgba(255,255,255,1);\r\n        border-width: 0px;\r\n        border-color: rgba(0,0,0,1);\r\n        border-radius: 0px;\r\n        color: rgba(68.39, 78.74, 105.51, 1);\r\n        font-size: 14px;\r\n        padding-top: 8px;\r\n        padding-bottom: 8px;\r\n    }\r\n    \r\n    .avc-calendar.avc-calendar-1>.avc-input>i {\r\n        color: rgba(68.39, 78.74, 105.51, 1);\r\n    }\r\n\r\n    .avc-calendar.avc-calendar-1>.avc-input>input {\r\n        font-size: 14px;\r\n    }\r\n\r\n    \/* Separated because of this: https:\/\/stackoverflow.com\/a\/39155868 *\/\r\n    .avc-calendar.avc-calendar-1input::placeholder {\r\n        color: inherit;\r\n        font-size: inherit;\r\n    }\r\n\r\n    .avc-calendar.avc-calendar-1input::-moz-placeholder {\r\n        color: inherit;\r\n        font-size: inherit;\r\n    }\r\n\r\n    .avc-calendar.avc-calendar-1input::-webkit-input-placeholder {\r\n        color: inherit;\r\n        font-size: inherit;\r\n    }\r\n\r\n    .avc-calendar.avc-calendar-1input:-ms-input-placeholder {\r\n        color: inherit;\r\n        font-size: inherit;\r\n    }\r\n\r\n    .avc-calendar.avc-calendar-1input::-ms-input-placeholder {\r\n        color: inherit;\r\n        font-size: inherit;\r\n    }\r\n\r\n    .avc-calendar.avc-calendar-1>.avc-button {\r\n        background-color: rgba(248, 141, 42, 1);\r\n        border-width: 0px;\r\n        border-color: rgba(0,0,0,1);\r\n        border-radius: 2px;\r\n        color: rgba(255,255,255,1);\r\n        font-size: 14px;\r\n        padding-top: 8px;\r\n        padding-bottom: 8px;\r\n    }\r\n\r\n    .avc-calendar.avc-calendar-1:not(.avc-calendar-v)>.avc-button {\r\n        width: 15%;\r\n    }\r\n\r\n    .avc-calendar.avc-calendar-1>.avc-button:hover {\r\n        background-color: rgba(248,147,53,1);\r\n    }\r\n\r\n    .avc-datepicker.avc-datepicker-1.ui-state-highlight {\r\n        border: 1px solid rgba(248, 141, 42, 1);\r\n        color: rgba(248, 141, 42, 1);\r\n    }\r\n\r\n    .avc-datepicker.avc-datepicker-1.ui-state-highlight:not(.ui-state-active):hover {\r\n        background-color: rgba(254,238,223,1);\r\n    }\r\n\r\n    .avc-datepicker.avc-datepicker-1.ui-datepicker table>tbody>tr>td>a.ui-state-active.ui-state-default {\r\n        border: 1px solid rgba(248, 141, 42, 1) !important;\r\n        background-color: rgba(248, 141, 42, 1) !important;\r\n        color: rgba(255,255,255,1) !important;\r\n    }\r\n<\/style>        \r\n<div class=\"avc-calendar avc-calendar-1 \" data-id=\"1\" id=\"avc-1\" data-categories=\"[]\" data-lang=\"es\" data-globalredirect=\"false\" data-globalredirectId=\"0\" >\r\n    <select\r\n        class=\"avc-input avc-establishment avc-establishment-1 \" style=\"display: none;\"\r\n        data-single=\"1\"\r\n        data-default-webcode=\"50249589\"\r\n    >\r\n        <option value=\"\">Establecimientos<\/option>\r\n                <option value=\"50249589\" data-id=\"3\">\r\n            Puerto        <\/option>\r\n            <\/select>\r\n        <label class=\"avc-input\">\r\n                    <i class=\"material-icons\">calendar_today<\/i>\r\n                <input type=\"text\" class=\"avc-arrival\" placeholder=\"Llegada\" readonly data-id=\"1\">\r\n    <\/label>\r\n    <label class=\"avc-input\">\r\n                    <i class=\"material-icons\">calendar_today<\/i>\r\n                <input type=\"text\" class=\"avc-departure\" placeholder=\"Salida\" readonly data-id=\"1\">\r\n    <\/label>\r\n    <label class=\"avc-input\" style=\"display: block;\">\r\n        <input type=\"text\" class=\"avc-promotion\" placeholder=\"C\u00f3digo promocional\" value=\"\">\r\n    <\/label>\r\n    <button class=\"avc-button\" onclick=\"go_to_bengine(1)\" >Reservar<\/button>\r\n    <input type=\"hidden\" id=\"avinput_redirect\" value=\"false\" data-pageRedirURL=\"https:\/\/maritimeapartamentosvalencia.com\/fr\/galerie-de-maritime-valencia-apartments\/\">\r\n    <input type=\"hidden\" id=\"avinput_san\" value=\"false\">\r\n    <input type=\"hidden\" id=\"avinput_zones\" value=\"false\">\r\n<\/div><\/div>\n\t\t\t\t\t\t<\/div>\n\t\t\t\t\t<\/div>\n\t\t\t\t<\/div>\n\t\t<div class=\"elementor-element elementor-element-4a102dc e-flex e-con-boxed e-con e-parent\" data-id=\"4a102dc\" data-element_type=\"container\" data-e-type=\"container\">\n\t\t\t\t\t<div class=\"e-con-inner\">\n\t\t\t\t<div class=\"elementor-element elementor-element-2de1e8c elementor-widget-mobile__width-initial elementor-widget elementor-widget-text-editor\" data-id=\"2de1e8c\" data-element_type=\"widget\" data-e-type=\"widget\" data-widget_type=\"text-editor.default\">\n\t\t\t\t\t\t\t\t\t<p>Vous pouvez voir ici une galerie de photos du b\u00e2timent et de nos appartements \u00e0 <strong>Maritime Apartamentos Valencia<\/strong>.<\/p>\t\t\t\t\t\t\t\t<\/div>\n\t\t\t\t\t<\/div>\n\t\t\t\t<\/div>\n\t\t<div class=\"elementor-element elementor-element-05e64aa e-flex e-con-boxed e-con e-parent\" data-id=\"05e64aa\" data-element_type=\"container\" data-e-type=\"container\">\n\t\t\t\t\t<div class=\"e-con-inner\">\n\t\t\t\t<div class=\"elementor-element elementor-element-7845cb7 e-n-tabs-mobile elementor-widget elementor-widget-n-tabs\" data-id=\"7845cb7\" data-element_type=\"widget\" data-e-type=\"widget\" data-settings=\"{&quot;horizontal_scroll&quot;:&quot;disable&quot;}\" data-widget_type=\"nested-tabs.default\">\n\t\t\t\t\t\t\t<div class=\"e-n-tabs\" data-widget-number=\"126114999\" aria-label=\"Pesta\u00f1as. Abre elementos con Intro o Espacio, ci\u00e9rralos con Escape y navega con las fechas.\">\n\t\t\t<div class=\"e-n-tabs-heading\" role=\"tablist\">\n\t\t\t\t\t<button id=\"e-n-tab-title-1261149991\" data-tab-title-id=\"e-n-tab-title-1261149991\" class=\"e-n-tab-title\" aria-selected=\"true\" data-tab-index=\"1\" role=\"tab\" tabindex=\"0\" aria-controls=\"e-n-tab-content-1261149991\" style=\"--n-tabs-title-order: 1;\">\n\t\t\t\t\t\t<span class=\"e-n-tab-title-text\">\n\t\t\t\tCaba\u00f1al Apartments\t\t\t<\/span>\n\t\t<\/button>\n\t\t\t\t<button id=\"e-n-tab-title-1261149992\" data-tab-title-id=\"e-n-tab-title-1261149992\" class=\"e-n-tab-title\" aria-selected=\"false\" data-tab-index=\"2\" role=\"tab\" tabindex=\"-1\" aria-controls=\"e-n-tab-content-1261149992\" style=\"--n-tabs-title-order: 2;\">\n\t\t\t\t\t\t<span class=\"e-n-tab-title-text\">\n\t\t\t\tAppartements du port\t\t\t<\/span>\n\t\t<\/button>\n\t\t\t\t\t<\/div>\n\t\t\t<div class=\"e-n-tabs-content\">\n\t\t\t\t<div id=\"e-n-tab-content-1261149991\" role=\"tabpanel\" aria-labelledby=\"e-n-tab-title-1261149991\" data-tab-index=\"1\" style=\"--n-tabs-title-order: 1;\" class=\"e-active elementor-element elementor-element-09c3057 e-con-full e-flex e-con e-child\" data-id=\"09c3057\" data-element_type=\"container\" data-e-type=\"container\">\n\t\t\t\t<div class=\"elementor-element elementor-element-506c655 elementor-widget elementor-widget-gallery\" data-id=\"506c655\" data-element_type=\"widget\" data-e-type=\"widget\" data-settings=\"{&quot;columns_tablet&quot;:3,&quot;columns_mobile&quot;:2,&quot;columns&quot;:5,&quot;lazyload&quot;:&quot;yes&quot;,&quot;gallery_layout&quot;:&quot;grid&quot;,&quot;gap&quot;:{&quot;unit&quot;:&quot;px&quot;,&quot;size&quot;:10,&quot;sizes&quot;:[]},&quot;gap_laptop&quot;:{&quot;unit&quot;:&quot;px&quot;,&quot;size&quot;:10,&quot;sizes&quot;:[]},&quot;gap_tablet&quot;:{&quot;unit&quot;:&quot;px&quot;,&quot;size&quot;:10,&quot;sizes&quot;:[]},&quot;gap_mobile&quot;:{&quot;unit&quot;:&quot;px&quot;,&quot;size&quot;:10,&quot;sizes&quot;:[]},&quot;link_to&quot;:&quot;file&quot;,&quot;aspect_ratio&quot;:&quot;3:2&quot;,&quot;overlay_background&quot;:&quot;yes&quot;,&quot;content_hover_animation&quot;:&quot;fade-in&quot;}\" data-widget_type=\"gallery.default\">\n\t\t\t\t\t\t\t\t<div class=\"elementor-gallery__titles-container e--pointer-underline e--animation-fade\" aria-label=\"Filtro de galer\u00eda\">\n\t\t\t\t\n\t\t\t\t\t\t\t\t\t<a class=\"elementor-item elementor-gallery-title\" role=\"button\" tabindex=\"0\" data-gallery-index=\"0\">\n\t\t\t\t\t\tL'\u00e9tude\t\t\t\t\t<\/a>\n\t\t\t\t\t\t\t\t\t\t<a class=\"elementor-item elementor-gallery-title\" role=\"button\" tabindex=\"0\" data-gallery-index=\"1\">\n\t\t\t\t\t\tStudio avec terrasse\t\t\t\t\t<\/a>\n\t\t\t\t\t\t\t\t\t\t<a class=\"elementor-item elementor-gallery-title\" role=\"button\" tabindex=\"0\" data-gallery-index=\"2\">\n\t\t\t\t\t\tDeux chambres\t\t\t\t\t<\/a>\n\t\t\t\t\t\t\t\t\t\t<a class=\"elementor-item elementor-gallery-title\" role=\"button\" tabindex=\"0\" data-gallery-index=\"3\">\n\t\t\t\t\t\tEdificio\t\t\t\t\t<\/a>\n\t\t\t\t\t\t\t\t<\/div>\n\t\t\t\t\t<div class=\"elementor-gallery__container\">\n\t\t\t\t\t\t\t<a class=\"e-gallery-item elementor-gallery-item elementor-animated-content\" data-e-gallery-tags=\"0\" href=\"https:\/\/maritimeapartamentosvalencia.com\/fr\/wp-content\/uploads\/sites\/3\/13-estudio-maritime-apartments-valencia-1.webp\" data-elementor-open-lightbox=\"yes\" data-elementor-lightbox-slideshow=\"506c655\" data-e-action-hash=\"#elementor-action%3Aaction%3Dlightbox%26settings%3DeyJpZCI6MzI5NiwidXJsIjoiaHR0cHM6XC9cL21hcml0aW1lYXBhcnRhbWVudG9zdmFsZW5jaWEuY29tXC9mclwvd3AtY29udGVudFwvdXBsb2Fkc1wvc2l0ZXNcLzNcLzEzLWVzdHVkaW8tbWFyaXRpbWUtYXBhcnRtZW50cy12YWxlbmNpYS0xLndlYnAiLCJzbGlkZXNob3ciOiI1MDZjNjU1In0%3D\">\n\t\t\t\t\t<div class=\"e-gallery-image elementor-gallery-item__image\" data-thumbnail=\"https:\/\/maritimeapartamentosvalencia.com\/fr\/wp-content\/uploads\/sites\/3\/13-estudio-maritime-apartments-valencia-1.webp\" data-width=\"1400\" data-height=\"1050\" aria-label=\"\" role=\"img\" ><\/div>\n\t\t\t\t\t\t\t\t\t\t\t<div class=\"elementor-gallery-item__overlay\"><\/div>\n\t\t\t\t\t\t\t\t\t\t\t\t\t\t<\/a>\n\t\t\t\t\t\t\t<a class=\"e-gallery-item elementor-gallery-item elementor-animated-content\" data-e-gallery-tags=\"0\" href=\"https:\/\/maritimeapartamentosvalencia.com\/fr\/wp-content\/uploads\/sites\/3\/12-estudio-maritime-apartments-valencia-1.webp\" data-elementor-open-lightbox=\"yes\" data-elementor-lightbox-slideshow=\"506c655\" data-e-action-hash=\"#elementor-action%3Aaction%3Dlightbox%26settings%3DeyJpZCI6MzI5NywidXJsIjoiaHR0cHM6XC9cL21hcml0aW1lYXBhcnRhbWVudG9zdmFsZW5jaWEuY29tXC9mclwvd3AtY29udGVudFwvdXBsb2Fkc1wvc2l0ZXNcLzNcLzEyLWVzdHVkaW8tbWFyaXRpbWUtYXBhcnRtZW50cy12YWxlbmNpYS0xLndlYnAiLCJzbGlkZXNob3ciOiI1MDZjNjU1In0%3D\">\n\t\t\t\t\t<div class=\"e-gallery-image elementor-gallery-item__image\" data-thumbnail=\"https:\/\/maritimeapartamentosvalencia.com\/fr\/wp-content\/uploads\/sites\/3\/12-estudio-maritime-apartments-valencia-1.webp\" data-width=\"1400\" data-height=\"1050\" aria-label=\"\" role=\"img\" ><\/div>\n\t\t\t\t\t\t\t\t\t\t\t<div class=\"elementor-gallery-item__overlay\"><\/div>\n\t\t\t\t\t\t\t\t\t\t\t\t\t\t<\/a>\n\t\t\t\t\t\t\t<a class=\"e-gallery-item elementor-gallery-item elementor-animated-content\" data-e-gallery-tags=\"0\" href=\"https:\/\/maritimeapartamentosvalencia.com\/fr\/wp-content\/uploads\/sites\/3\/14-estudio-maritime-apartments-valencia-1.webp\" data-elementor-open-lightbox=\"yes\" data-elementor-lightbox-slideshow=\"506c655\" data-e-action-hash=\"#elementor-action%3Aaction%3Dlightbox%26settings%3DeyJpZCI6MzI5OCwidXJsIjoiaHR0cHM6XC9cL21hcml0aW1lYXBhcnRhbWVudG9zdmFsZW5jaWEuY29tXC9mclwvd3AtY29udGVudFwvdXBsb2Fkc1wvc2l0ZXNcLzNcLzE0LWVzdHVkaW8tbWFyaXRpbWUtYXBhcnRtZW50cy12YWxlbmNpYS0xLndlYnAiLCJzbGlkZXNob3ciOiI1MDZjNjU1In0%3D\">\n\t\t\t\t\t<div class=\"e-gallery-image elementor-gallery-item__image\" data-thumbnail=\"https:\/\/maritimeapartamentosvalencia.com\/fr\/wp-content\/uploads\/sites\/3\/14-estudio-maritime-apartments-valencia-1.webp\" data-width=\"1400\" data-height=\"1050\" aria-label=\"\" role=\"img\" ><\/div>\n\t\t\t\t\t\t\t\t\t\t\t<div class=\"elementor-gallery-item__overlay\"><\/div>\n\t\t\t\t\t\t\t\t\t\t\t\t\t\t<\/a>\n\t\t\t\t\t\t\t<a class=\"e-gallery-item elementor-gallery-item elementor-animated-content\" data-e-gallery-tags=\"0\" href=\"https:\/\/maritimeapartamentosvalencia.com\/fr\/wp-content\/uploads\/sites\/3\/11-estudio-maritime-apartments-valencia-1.webp\" data-elementor-open-lightbox=\"yes\" data-elementor-lightbox-slideshow=\"506c655\" data-e-action-hash=\"#elementor-action%3Aaction%3Dlightbox%26settings%3DeyJpZCI6MzI5OSwidXJsIjoiaHR0cHM6XC9cL21hcml0aW1lYXBhcnRhbWVudG9zdmFsZW5jaWEuY29tXC9mclwvd3AtY29udGVudFwvdXBsb2Fkc1wvc2l0ZXNcLzNcLzExLWVzdHVkaW8tbWFyaXRpbWUtYXBhcnRtZW50cy12YWxlbmNpYS0xLndlYnAiLCJzbGlkZXNob3ciOiI1MDZjNjU1In0%3D\">\n\t\t\t\t\t<div class=\"e-gallery-image elementor-gallery-item__image\" data-thumbnail=\"https:\/\/maritimeapartamentosvalencia.com\/fr\/wp-content\/uploads\/sites\/3\/11-estudio-maritime-apartments-valencia-1.webp\" data-width=\"1800\" data-height=\"1350\" aria-label=\"\" role=\"img\" ><\/div>\n\t\t\t\t\t\t\t\t\t\t\t<div class=\"elementor-gallery-item__overlay\"><\/div>\n\t\t\t\t\t\t\t\t\t\t\t\t\t\t<\/a>\n\t\t\t\t\t\t\t<a class=\"e-gallery-item elementor-gallery-item elementor-animated-content\" data-e-gallery-tags=\"0\" href=\"https:\/\/maritimeapartamentosvalencia.com\/fr\/wp-content\/uploads\/sites\/3\/10-estudio-maritime-apartments-valencia-1.webp\" data-elementor-open-lightbox=\"yes\" data-elementor-lightbox-slideshow=\"506c655\" data-e-action-hash=\"#elementor-action%3Aaction%3Dlightbox%26settings%3DeyJpZCI6MzMwMCwidXJsIjoiaHR0cHM6XC9cL21hcml0aW1lYXBhcnRhbWVudG9zdmFsZW5jaWEuY29tXC9mclwvd3AtY29udGVudFwvdXBsb2Fkc1wvc2l0ZXNcLzNcLzEwLWVzdHVkaW8tbWFyaXRpbWUtYXBhcnRtZW50cy12YWxlbmNpYS0xLndlYnAiLCJzbGlkZXNob3ciOiI1MDZjNjU1In0%3D\">\n\t\t\t\t\t<div class=\"e-gallery-image elementor-gallery-item__image\" data-thumbnail=\"https:\/\/maritimeapartamentosvalencia.com\/fr\/wp-content\/uploads\/sites\/3\/10-estudio-maritime-apartments-valencia-1.webp\" data-width=\"1400\" data-height=\"1138\" aria-label=\"\" role=\"img\" ><\/div>\n\t\t\t\t\t\t\t\t\t\t\t<div class=\"elementor-gallery-item__overlay\"><\/div>\n\t\t\t\t\t\t\t\t\t\t\t\t\t\t<\/a>\n\t\t\t\t\t\t\t<a class=\"e-gallery-item elementor-gallery-item elementor-animated-content\" data-e-gallery-tags=\"0\" href=\"https:\/\/maritimeapartamentosvalencia.com\/fr\/wp-content\/uploads\/sites\/3\/09-estudio-maritime-apartments-valencia-1.webp\" data-elementor-open-lightbox=\"yes\" data-elementor-lightbox-slideshow=\"506c655\" data-e-action-hash=\"#elementor-action%3Aaction%3Dlightbox%26settings%3DeyJpZCI6MzMwMSwidXJsIjoiaHR0cHM6XC9cL21hcml0aW1lYXBhcnRhbWVudG9zdmFsZW5jaWEuY29tXC9mclwvd3AtY29udGVudFwvdXBsb2Fkc1wvc2l0ZXNcLzNcLzA5LWVzdHVkaW8tbWFyaXRpbWUtYXBhcnRtZW50cy12YWxlbmNpYS0xLndlYnAiLCJzbGlkZXNob3ciOiI1MDZjNjU1In0%3D\">\n\t\t\t\t\t<div class=\"e-gallery-image elementor-gallery-item__image\" data-thumbnail=\"https:\/\/maritimeapartamentosvalencia.com\/fr\/wp-content\/uploads\/sites\/3\/09-estudio-maritime-apartments-valencia-1.webp\" data-width=\"1400\" data-height=\"1050\" aria-label=\"\" role=\"img\" ><\/div>\n\t\t\t\t\t\t\t\t\t\t\t<div class=\"elementor-gallery-item__overlay\"><\/div>\n\t\t\t\t\t\t\t\t\t\t\t\t\t\t<\/a>\n\t\t\t\t\t\t\t<a class=\"e-gallery-item elementor-gallery-item elementor-animated-content\" data-e-gallery-tags=\"0\" href=\"https:\/\/maritimeapartamentosvalencia.com\/fr\/wp-content\/uploads\/sites\/3\/08-estudio-maritime-apartments-valencia-1.webp\" data-elementor-open-lightbox=\"yes\" data-elementor-lightbox-slideshow=\"506c655\" data-e-action-hash=\"#elementor-action%3Aaction%3Dlightbox%26settings%3DeyJpZCI6MzMwMiwidXJsIjoiaHR0cHM6XC9cL21hcml0aW1lYXBhcnRhbWVudG9zdmFsZW5jaWEuY29tXC9mclwvd3AtY29udGVudFwvdXBsb2Fkc1wvc2l0ZXNcLzNcLzA4LWVzdHVkaW8tbWFyaXRpbWUtYXBhcnRtZW50cy12YWxlbmNpYS0xLndlYnAiLCJzbGlkZXNob3ciOiI1MDZjNjU1In0%3D\">\n\t\t\t\t\t<div class=\"e-gallery-image elementor-gallery-item__image\" data-thumbnail=\"https:\/\/maritimeapartamentosvalencia.com\/fr\/wp-content\/uploads\/sites\/3\/08-estudio-maritime-apartments-valencia-1.webp\" data-width=\"1400\" data-height=\"1050\" aria-label=\"\" role=\"img\" ><\/div>\n\t\t\t\t\t\t\t\t\t\t\t<div class=\"elementor-gallery-item__overlay\"><\/div>\n\t\t\t\t\t\t\t\t\t\t\t\t\t\t<\/a>\n\t\t\t\t\t\t\t<a class=\"e-gallery-item elementor-gallery-item elementor-animated-content\" data-e-gallery-tags=\"0\" href=\"https:\/\/maritimeapartamentosvalencia.com\/fr\/wp-content\/uploads\/sites\/3\/07-estudio-maritime-apartments-valencia-1.webp\" data-elementor-open-lightbox=\"yes\" data-elementor-lightbox-slideshow=\"506c655\" data-e-action-hash=\"#elementor-action%3Aaction%3Dlightbox%26settings%3DeyJpZCI6MzMwMywidXJsIjoiaHR0cHM6XC9cL21hcml0aW1lYXBhcnRhbWVudG9zdmFsZW5jaWEuY29tXC9mclwvd3AtY29udGVudFwvdXBsb2Fkc1wvc2l0ZXNcLzNcLzA3LWVzdHVkaW8tbWFyaXRpbWUtYXBhcnRtZW50cy12YWxlbmNpYS0xLndlYnAiLCJzbGlkZXNob3ciOiI1MDZjNjU1In0%3D\">\n\t\t\t\t\t<div class=\"e-gallery-image elementor-gallery-item__image\" data-thumbnail=\"https:\/\/maritimeapartamentosvalencia.com\/fr\/wp-content\/uploads\/sites\/3\/07-estudio-maritime-apartments-valencia-1.webp\" data-width=\"1800\" data-height=\"1350\" aria-label=\"\" role=\"img\" ><\/div>\n\t\t\t\t\t\t\t\t\t\t\t<div class=\"elementor-gallery-item__overlay\"><\/div>\n\t\t\t\t\t\t\t\t\t\t\t\t\t\t<\/a>\n\t\t\t\t\t\t\t<a class=\"e-gallery-item elementor-gallery-item elementor-animated-content\" data-e-gallery-tags=\"0\" href=\"https:\/\/maritimeapartamentosvalencia.com\/fr\/wp-content\/uploads\/sites\/3\/06-estudio-maritime-apartments-valencia-1.webp\" data-elementor-open-lightbox=\"yes\" data-elementor-lightbox-slideshow=\"506c655\" data-e-action-hash=\"#elementor-action%3Aaction%3Dlightbox%26settings%3DeyJpZCI6MzMwNCwidXJsIjoiaHR0cHM6XC9cL21hcml0aW1lYXBhcnRhbWVudG9zdmFsZW5jaWEuY29tXC9mclwvd3AtY29udGVudFwvdXBsb2Fkc1wvc2l0ZXNcLzNcLzA2LWVzdHVkaW8tbWFyaXRpbWUtYXBhcnRtZW50cy12YWxlbmNpYS0xLndlYnAiLCJzbGlkZXNob3ciOiI1MDZjNjU1In0%3D\">\n\t\t\t\t\t<div class=\"e-gallery-image elementor-gallery-item__image\" data-thumbnail=\"https:\/\/maritimeapartamentosvalencia.com\/fr\/wp-content\/uploads\/sites\/3\/06-estudio-maritime-apartments-valencia-1.webp\" data-width=\"1800\" data-height=\"1358\" aria-label=\"\" role=\"img\" ><\/div>\n\t\t\t\t\t\t\t\t\t\t\t<div class=\"elementor-gallery-item__overlay\"><\/div>\n\t\t\t\t\t\t\t\t\t\t\t\t\t\t<\/a>\n\t\t\t\t\t\t\t<a class=\"e-gallery-item elementor-gallery-item elementor-animated-content\" data-e-gallery-tags=\"0\" href=\"https:\/\/maritimeapartamentosvalencia.com\/fr\/wp-content\/uploads\/sites\/3\/05-estudio-maritime-apartments-valencia-1.webp\" data-elementor-open-lightbox=\"yes\" data-elementor-lightbox-slideshow=\"506c655\" data-e-action-hash=\"#elementor-action%3Aaction%3Dlightbox%26settings%3DeyJpZCI6MzMwNSwidXJsIjoiaHR0cHM6XC9cL21hcml0aW1lYXBhcnRhbWVudG9zdmFsZW5jaWEuY29tXC9mclwvd3AtY29udGVudFwvdXBsb2Fkc1wvc2l0ZXNcLzNcLzA1LWVzdHVkaW8tbWFyaXRpbWUtYXBhcnRtZW50cy12YWxlbmNpYS0xLndlYnAiLCJzbGlkZXNob3ciOiI1MDZjNjU1In0%3D\">\n\t\t\t\t\t<div class=\"e-gallery-image elementor-gallery-item__image\" data-thumbnail=\"https:\/\/maritimeapartamentosvalencia.com\/fr\/wp-content\/uploads\/sites\/3\/05-estudio-maritime-apartments-valencia-1.webp\" data-width=\"1400\" data-height=\"1050\" aria-label=\"\" role=\"img\" ><\/div>\n\t\t\t\t\t\t\t\t\t\t\t<div class=\"elementor-gallery-item__overlay\"><\/div>\n\t\t\t\t\t\t\t\t\t\t\t\t\t\t<\/a>\n\t\t\t\t\t\t\t<a class=\"e-gallery-item elementor-gallery-item elementor-animated-content\" data-e-gallery-tags=\"0\" href=\"https:\/\/maritimeapartamentosvalencia.com\/fr\/wp-content\/uploads\/sites\/3\/04-estudio-maritime-apartments-valencia-1.webp\" data-elementor-open-lightbox=\"yes\" data-elementor-lightbox-slideshow=\"506c655\" data-e-action-hash=\"#elementor-action%3Aaction%3Dlightbox%26settings%3DeyJpZCI6MzMwNiwidXJsIjoiaHR0cHM6XC9cL21hcml0aW1lYXBhcnRhbWVudG9zdmFsZW5jaWEuY29tXC9mclwvd3AtY29udGVudFwvdXBsb2Fkc1wvc2l0ZXNcLzNcLzA0LWVzdHVkaW8tbWFyaXRpbWUtYXBhcnRtZW50cy12YWxlbmNpYS0xLndlYnAiLCJzbGlkZXNob3ciOiI1MDZjNjU1In0%3D\">\n\t\t\t\t\t<div class=\"e-gallery-image elementor-gallery-item__image\" data-thumbnail=\"https:\/\/maritimeapartamentosvalencia.com\/fr\/wp-content\/uploads\/sites\/3\/04-estudio-maritime-apartments-valencia-1.webp\" data-width=\"1400\" data-height=\"1043\" aria-label=\"\" role=\"img\" ><\/div>\n\t\t\t\t\t\t\t\t\t\t\t<div class=\"elementor-gallery-item__overlay\"><\/div>\n\t\t\t\t\t\t\t\t\t\t\t\t\t\t<\/a>\n\t\t\t\t\t\t\t<a class=\"e-gallery-item elementor-gallery-item elementor-animated-content\" data-e-gallery-tags=\"0\" href=\"https:\/\/maritimeapartamentosvalencia.com\/fr\/wp-content\/uploads\/sites\/3\/03-estudio-maritime-apartments-valencia-1.webp\" data-elementor-open-lightbox=\"yes\" data-elementor-lightbox-slideshow=\"506c655\" data-e-action-hash=\"#elementor-action%3Aaction%3Dlightbox%26settings%3DeyJpZCI6MzMwNywidXJsIjoiaHR0cHM6XC9cL21hcml0aW1lYXBhcnRhbWVudG9zdmFsZW5jaWEuY29tXC9mclwvd3AtY29udGVudFwvdXBsb2Fkc1wvc2l0ZXNcLzNcLzAzLWVzdHVkaW8tbWFyaXRpbWUtYXBhcnRtZW50cy12YWxlbmNpYS0xLndlYnAiLCJzbGlkZXNob3ciOiI1MDZjNjU1In0%3D\">\n\t\t\t\t\t<div class=\"e-gallery-image elementor-gallery-item__image\" data-thumbnail=\"https:\/\/maritimeapartamentosvalencia.com\/fr\/wp-content\/uploads\/sites\/3\/03-estudio-maritime-apartments-valencia-1.webp\" data-width=\"1400\" data-height=\"1050\" aria-label=\"\" role=\"img\" ><\/div>\n\t\t\t\t\t\t\t\t\t\t\t<div class=\"elementor-gallery-item__overlay\"><\/div>\n\t\t\t\t\t\t\t\t\t\t\t\t\t\t<\/a>\n\t\t\t\t\t\t\t<a class=\"e-gallery-item elementor-gallery-item elementor-animated-content\" data-e-gallery-tags=\"0\" href=\"https:\/\/maritimeapartamentosvalencia.com\/fr\/wp-content\/uploads\/sites\/3\/02-estudio-maritime-apartments-valencia-2.webp\" data-elementor-open-lightbox=\"yes\" data-elementor-lightbox-slideshow=\"506c655\" data-e-action-hash=\"#elementor-action%3Aaction%3Dlightbox%26settings%3DeyJpZCI6MzMwOCwidXJsIjoiaHR0cHM6XC9cL21hcml0aW1lYXBhcnRhbWVudG9zdmFsZW5jaWEuY29tXC9mclwvd3AtY29udGVudFwvdXBsb2Fkc1wvc2l0ZXNcLzNcLzAyLWVzdHVkaW8tbWFyaXRpbWUtYXBhcnRtZW50cy12YWxlbmNpYS0yLndlYnAiLCJzbGlkZXNob3ciOiI1MDZjNjU1In0%3D\">\n\t\t\t\t\t<div class=\"e-gallery-image elementor-gallery-item__image\" data-thumbnail=\"https:\/\/maritimeapartamentosvalencia.com\/fr\/wp-content\/uploads\/sites\/3\/02-estudio-maritime-apartments-valencia-2.webp\" data-width=\"1800\" data-height=\"1328\" aria-label=\"\" role=\"img\" ><\/div>\n\t\t\t\t\t\t\t\t\t\t\t<div class=\"elementor-gallery-item__overlay\"><\/div>\n\t\t\t\t\t\t\t\t\t\t\t\t\t\t<\/a>\n\t\t\t\t\t\t\t<a class=\"e-gallery-item elementor-gallery-item elementor-animated-content\" data-e-gallery-tags=\"0\" href=\"https:\/\/maritimeapartamentosvalencia.com\/fr\/wp-content\/uploads\/sites\/3\/01-estudio-maritime-apartments-valencia-1.webp\" data-elementor-open-lightbox=\"yes\" data-elementor-lightbox-slideshow=\"506c655\" data-e-action-hash=\"#elementor-action%3Aaction%3Dlightbox%26settings%3DeyJpZCI6MzMwOSwidXJsIjoiaHR0cHM6XC9cL21hcml0aW1lYXBhcnRhbWVudG9zdmFsZW5jaWEuY29tXC9mclwvd3AtY29udGVudFwvdXBsb2Fkc1wvc2l0ZXNcLzNcLzAxLWVzdHVkaW8tbWFyaXRpbWUtYXBhcnRtZW50cy12YWxlbmNpYS0xLndlYnAiLCJzbGlkZXNob3ciOiI1MDZjNjU1In0%3D\">\n\t\t\t\t\t<div class=\"e-gallery-image elementor-gallery-item__image\" data-thumbnail=\"https:\/\/maritimeapartamentosvalencia.com\/fr\/wp-content\/uploads\/sites\/3\/01-estudio-maritime-apartments-valencia-1.webp\" data-width=\"1800\" data-height=\"1383\" aria-label=\"\" role=\"img\" ><\/div>\n\t\t\t\t\t\t\t\t\t\t\t<div class=\"elementor-gallery-item__overlay\"><\/div>\n\t\t\t\t\t\t\t\t\t\t\t\t\t\t<\/a>\n\t\t\t\t\t\t\t<a class=\"e-gallery-item elementor-gallery-item elementor-animated-content\" data-e-gallery-tags=\"1\" href=\"https:\/\/maritimeapartamentosvalencia.com\/fr\/wp-content\/uploads\/sites\/3\/17.estudio-con-terraza-maritime-apartamentos-valencia-1.webp\" data-elementor-open-lightbox=\"yes\" data-elementor-lightbox-slideshow=\"506c655\" data-e-action-hash=\"#elementor-action%3Aaction%3Dlightbox%26settings%3DeyJpZCI6MzMxMCwidXJsIjoiaHR0cHM6XC9cL21hcml0aW1lYXBhcnRhbWVudG9zdmFsZW5jaWEuY29tXC9mclwvd3AtY29udGVudFwvdXBsb2Fkc1wvc2l0ZXNcLzNcLzE3LmVzdHVkaW8tY29uLXRlcnJhemEtbWFyaXRpbWUtYXBhcnRhbWVudG9zLXZhbGVuY2lhLTEud2VicCIsInNsaWRlc2hvdyI6IjUwNmM2NTUifQ%3D%3D\">\n\t\t\t\t\t<div class=\"e-gallery-image elementor-gallery-item__image\" data-thumbnail=\"https:\/\/maritimeapartamentosvalencia.com\/fr\/wp-content\/uploads\/sites\/3\/17.estudio-con-terraza-maritime-apartamentos-valencia-1.webp\" data-width=\"1400\" data-height=\"1050\" aria-label=\"\" role=\"img\" ><\/div>\n\t\t\t\t\t\t\t\t\t\t\t<div class=\"elementor-gallery-item__overlay\"><\/div>\n\t\t\t\t\t\t\t\t\t\t\t\t\t\t<\/a>\n\t\t\t\t\t\t\t<a class=\"e-gallery-item elementor-gallery-item elementor-animated-content\" data-e-gallery-tags=\"1\" href=\"https:\/\/maritimeapartamentosvalencia.com\/fr\/wp-content\/uploads\/sites\/3\/18.estudio-con-terraza-maritime-apartamentos-valencia-1.webp\" data-elementor-open-lightbox=\"yes\" data-elementor-lightbox-slideshow=\"506c655\" data-e-action-hash=\"#elementor-action%3Aaction%3Dlightbox%26settings%3DeyJpZCI6MzMxMSwidXJsIjoiaHR0cHM6XC9cL21hcml0aW1lYXBhcnRhbWVudG9zdmFsZW5jaWEuY29tXC9mclwvd3AtY29udGVudFwvdXBsb2Fkc1wvc2l0ZXNcLzNcLzE4LmVzdHVkaW8tY29uLXRlcnJhemEtbWFyaXRpbWUtYXBhcnRhbWVudG9zLXZhbGVuY2lhLTEud2VicCIsInNsaWRlc2hvdyI6IjUwNmM2NTUifQ%3D%3D\">\n\t\t\t\t\t<div class=\"e-gallery-image elementor-gallery-item__image\" data-thumbnail=\"https:\/\/maritimeapartamentosvalencia.com\/fr\/wp-content\/uploads\/sites\/3\/18.estudio-con-terraza-maritime-apartamentos-valencia-1.webp\" data-width=\"1400\" data-height=\"1095\" aria-label=\"\" role=\"img\" ><\/div>\n\t\t\t\t\t\t\t\t\t\t\t<div class=\"elementor-gallery-item__overlay\"><\/div>\n\t\t\t\t\t\t\t\t\t\t\t\t\t\t<\/a>\n\t\t\t\t\t\t\t<a class=\"e-gallery-item elementor-gallery-item elementor-animated-content\" data-e-gallery-tags=\"1\" href=\"https:\/\/maritimeapartamentosvalencia.com\/fr\/wp-content\/uploads\/sites\/3\/21.estudio-con-terraza-maritime-apartamentos-valencia-2.webp\" data-elementor-open-lightbox=\"yes\" data-elementor-lightbox-slideshow=\"506c655\" data-e-action-hash=\"#elementor-action%3Aaction%3Dlightbox%26settings%3DeyJpZCI6MzIyMCwidXJsIjoiaHR0cHM6XC9cL21hcml0aW1lYXBhcnRhbWVudG9zdmFsZW5jaWEuY29tXC9mclwvd3AtY29udGVudFwvdXBsb2Fkc1wvc2l0ZXNcLzNcLzIxLmVzdHVkaW8tY29uLXRlcnJhemEtbWFyaXRpbWUtYXBhcnRhbWVudG9zLXZhbGVuY2lhLTIud2VicCIsInNsaWRlc2hvdyI6IjUwNmM2NTUifQ%3D%3D\">\n\t\t\t\t\t<div class=\"e-gallery-image elementor-gallery-item__image\" data-thumbnail=\"https:\/\/maritimeapartamentosvalencia.com\/fr\/wp-content\/uploads\/sites\/3\/21.estudio-con-terraza-maritime-apartamentos-valencia-2.webp\" data-width=\"1400\" data-height=\"1039\" aria-label=\"\" role=\"img\" ><\/div>\n\t\t\t\t\t\t\t\t\t\t\t<div class=\"elementor-gallery-item__overlay\"><\/div>\n\t\t\t\t\t\t\t\t\t\t\t\t\t\t<\/a>\n\t\t\t\t\t\t\t<a class=\"e-gallery-item elementor-gallery-item elementor-animated-content\" data-e-gallery-tags=\"1\" href=\"https:\/\/maritimeapartamentosvalencia.com\/fr\/wp-content\/uploads\/sites\/3\/20.estudio-con-terraza-maritime-apartamentos-valencia-1.webp\" data-elementor-open-lightbox=\"yes\" data-elementor-lightbox-slideshow=\"506c655\" data-e-action-hash=\"#elementor-action%3Aaction%3Dlightbox%26settings%3DeyJpZCI6MzMxMiwidXJsIjoiaHR0cHM6XC9cL21hcml0aW1lYXBhcnRhbWVudG9zdmFsZW5jaWEuY29tXC9mclwvd3AtY29udGVudFwvdXBsb2Fkc1wvc2l0ZXNcLzNcLzIwLmVzdHVkaW8tY29uLXRlcnJhemEtbWFyaXRpbWUtYXBhcnRhbWVudG9zLXZhbGVuY2lhLTEud2VicCIsInNsaWRlc2hvdyI6IjUwNmM2NTUifQ%3D%3D\">\n\t\t\t\t\t<div class=\"e-gallery-image elementor-gallery-item__image\" data-thumbnail=\"https:\/\/maritimeapartamentosvalencia.com\/fr\/wp-content\/uploads\/sites\/3\/20.estudio-con-terraza-maritime-apartamentos-valencia-1.webp\" data-width=\"1400\" data-height=\"1050\" aria-label=\"\" role=\"img\" ><\/div>\n\t\t\t\t\t\t\t\t\t\t\t<div class=\"elementor-gallery-item__overlay\"><\/div>\n\t\t\t\t\t\t\t\t\t\t\t\t\t\t<\/a>\n\t\t\t\t\t\t\t<a class=\"e-gallery-item elementor-gallery-item elementor-animated-content\" data-e-gallery-tags=\"1\" href=\"https:\/\/maritimeapartamentosvalencia.com\/fr\/wp-content\/uploads\/sites\/3\/19.estudio-con-terraza-maritime-apartamentos-valencia-1.webp\" data-elementor-open-lightbox=\"yes\" data-elementor-lightbox-slideshow=\"506c655\" data-e-action-hash=\"#elementor-action%3Aaction%3Dlightbox%26settings%3DeyJpZCI6MzMxMywidXJsIjoiaHR0cHM6XC9cL21hcml0aW1lYXBhcnRhbWVudG9zdmFsZW5jaWEuY29tXC9mclwvd3AtY29udGVudFwvdXBsb2Fkc1wvc2l0ZXNcLzNcLzE5LmVzdHVkaW8tY29uLXRlcnJhemEtbWFyaXRpbWUtYXBhcnRhbWVudG9zLXZhbGVuY2lhLTEud2VicCIsInNsaWRlc2hvdyI6IjUwNmM2NTUifQ%3D%3D\">\n\t\t\t\t\t<div class=\"e-gallery-image elementor-gallery-item__image\" data-thumbnail=\"https:\/\/maritimeapartamentosvalencia.com\/fr\/wp-content\/uploads\/sites\/3\/19.estudio-con-terraza-maritime-apartamentos-valencia-1.webp\" data-width=\"1400\" data-height=\"1065\" aria-label=\"\" role=\"img\" ><\/div>\n\t\t\t\t\t\t\t\t\t\t\t<div class=\"elementor-gallery-item__overlay\"><\/div>\n\t\t\t\t\t\t\t\t\t\t\t\t\t\t<\/a>\n\t\t\t\t\t\t\t<a class=\"e-gallery-item elementor-gallery-item elementor-animated-content\" data-e-gallery-tags=\"1\" href=\"https:\/\/maritimeapartamentosvalencia.com\/fr\/wp-content\/uploads\/sites\/3\/16.estudio-con-terraza-maritime-apartamentos-valencia-1.webp\" data-elementor-open-lightbox=\"yes\" data-elementor-lightbox-slideshow=\"506c655\" data-e-action-hash=\"#elementor-action%3Aaction%3Dlightbox%26settings%3DeyJpZCI6MzMxNCwidXJsIjoiaHR0cHM6XC9cL21hcml0aW1lYXBhcnRhbWVudG9zdmFsZW5jaWEuY29tXC9mclwvd3AtY29udGVudFwvdXBsb2Fkc1wvc2l0ZXNcLzNcLzE2LmVzdHVkaW8tY29uLXRlcnJhemEtbWFyaXRpbWUtYXBhcnRhbWVudG9zLXZhbGVuY2lhLTEud2VicCIsInNsaWRlc2hvdyI6IjUwNmM2NTUifQ%3D%3D\">\n\t\t\t\t\t<div class=\"e-gallery-image elementor-gallery-item__image\" data-thumbnail=\"https:\/\/maritimeapartamentosvalencia.com\/fr\/wp-content\/uploads\/sites\/3\/16.estudio-con-terraza-maritime-apartamentos-valencia-1.webp\" data-width=\"1400\" data-height=\"1050\" aria-label=\"\" role=\"img\" ><\/div>\n\t\t\t\t\t\t\t\t\t\t\t<div class=\"elementor-gallery-item__overlay\"><\/div>\n\t\t\t\t\t\t\t\t\t\t\t\t\t\t<\/a>\n\t\t\t\t\t\t\t<a class=\"e-gallery-item elementor-gallery-item elementor-animated-content\" data-e-gallery-tags=\"1\" href=\"https:\/\/maritimeapartamentosvalencia.com\/fr\/wp-content\/uploads\/sites\/3\/15.estudio-con-terraza-maritime-apartamentos-valencia-2.webp\" data-elementor-open-lightbox=\"yes\" data-elementor-lightbox-slideshow=\"506c655\" data-e-action-hash=\"#elementor-action%3Aaction%3Dlightbox%26settings%3DeyJpZCI6MzIxNSwidXJsIjoiaHR0cHM6XC9cL21hcml0aW1lYXBhcnRhbWVudG9zdmFsZW5jaWEuY29tXC9mclwvd3AtY29udGVudFwvdXBsb2Fkc1wvc2l0ZXNcLzNcLzE1LmVzdHVkaW8tY29uLXRlcnJhemEtbWFyaXRpbWUtYXBhcnRhbWVudG9zLXZhbGVuY2lhLTIud2VicCIsInNsaWRlc2hvdyI6IjUwNmM2NTUifQ%3D%3D\">\n\t\t\t\t\t<div class=\"e-gallery-image elementor-gallery-item__image\" data-thumbnail=\"https:\/\/maritimeapartamentosvalencia.com\/fr\/wp-content\/uploads\/sites\/3\/15.estudio-con-terraza-maritime-apartamentos-valencia-2.webp\" data-width=\"1800\" data-height=\"1350\" aria-label=\"\" role=\"img\" ><\/div>\n\t\t\t\t\t\t\t\t\t\t\t<div class=\"elementor-gallery-item__overlay\"><\/div>\n\t\t\t\t\t\t\t\t\t\t\t\t\t\t<\/a>\n\t\t\t\t\t\t\t<a class=\"e-gallery-item elementor-gallery-item elementor-animated-content\" data-e-gallery-tags=\"1\" href=\"https:\/\/maritimeapartamentosvalencia.com\/fr\/wp-content\/uploads\/sites\/3\/14.estudio-con-terraza-maritime-apartamentos-valencia-1.webp\" data-elementor-open-lightbox=\"yes\" data-elementor-lightbox-slideshow=\"506c655\" data-e-action-hash=\"#elementor-action%3Aaction%3Dlightbox%26settings%3DeyJpZCI6MzMxNSwidXJsIjoiaHR0cHM6XC9cL21hcml0aW1lYXBhcnRhbWVudG9zdmFsZW5jaWEuY29tXC9mclwvd3AtY29udGVudFwvdXBsb2Fkc1wvc2l0ZXNcLzNcLzE0LmVzdHVkaW8tY29uLXRlcnJhemEtbWFyaXRpbWUtYXBhcnRhbWVudG9zLXZhbGVuY2lhLTEud2VicCIsInNsaWRlc2hvdyI6IjUwNmM2NTUifQ%3D%3D\">\n\t\t\t\t\t<div class=\"e-gallery-image elementor-gallery-item__image\" data-thumbnail=\"https:\/\/maritimeapartamentosvalencia.com\/fr\/wp-content\/uploads\/sites\/3\/14.estudio-con-terraza-maritime-apartamentos-valencia-1.webp\" data-width=\"1400\" data-height=\"1099\" aria-label=\"\" role=\"img\" ><\/div>\n\t\t\t\t\t\t\t\t\t\t\t<div class=\"elementor-gallery-item__overlay\"><\/div>\n\t\t\t\t\t\t\t\t\t\t\t\t\t\t<\/a>\n\t\t\t\t\t\t\t<a class=\"e-gallery-item elementor-gallery-item elementor-animated-content\" data-e-gallery-tags=\"1\" href=\"https:\/\/maritimeapartamentosvalencia.com\/fr\/wp-content\/uploads\/sites\/3\/13.estudio-con-terraza-maritime-apartamentos-valencia-2.webp\" data-elementor-open-lightbox=\"yes\" data-elementor-lightbox-slideshow=\"506c655\" data-e-action-hash=\"#elementor-action%3Aaction%3Dlightbox%26settings%3DeyJpZCI6MzMxNiwidXJsIjoiaHR0cHM6XC9cL21hcml0aW1lYXBhcnRhbWVudG9zdmFsZW5jaWEuY29tXC9mclwvd3AtY29udGVudFwvdXBsb2Fkc1wvc2l0ZXNcLzNcLzEzLmVzdHVkaW8tY29uLXRlcnJhemEtbWFyaXRpbWUtYXBhcnRhbWVudG9zLXZhbGVuY2lhLTIud2VicCIsInNsaWRlc2hvdyI6IjUwNmM2NTUifQ%3D%3D\">\n\t\t\t\t\t<div class=\"e-gallery-image elementor-gallery-item__image\" data-thumbnail=\"https:\/\/maritimeapartamentosvalencia.com\/fr\/wp-content\/uploads\/sites\/3\/13.estudio-con-terraza-maritime-apartamentos-valencia-2.webp\" data-width=\"1400\" data-height=\"1252\" aria-label=\"\" role=\"img\" ><\/div>\n\t\t\t\t\t\t\t\t\t\t\t<div class=\"elementor-gallery-item__overlay\"><\/div>\n\t\t\t\t\t\t\t\t\t\t\t\t\t\t<\/a>\n\t\t\t\t\t\t\t<a class=\"e-gallery-item elementor-gallery-item elementor-animated-content\" data-e-gallery-tags=\"1\" href=\"https:\/\/maritimeapartamentosvalencia.com\/fr\/wp-content\/uploads\/sites\/3\/12.estudio-con-terraza-maritime-apartamentos-valencia-1.webp\" data-elementor-open-lightbox=\"yes\" data-elementor-lightbox-slideshow=\"506c655\" data-e-action-hash=\"#elementor-action%3Aaction%3Dlightbox%26settings%3DeyJpZCI6MzMxNywidXJsIjoiaHR0cHM6XC9cL21hcml0aW1lYXBhcnRhbWVudG9zdmFsZW5jaWEuY29tXC9mclwvd3AtY29udGVudFwvdXBsb2Fkc1wvc2l0ZXNcLzNcLzEyLmVzdHVkaW8tY29uLXRlcnJhemEtbWFyaXRpbWUtYXBhcnRhbWVudG9zLXZhbGVuY2lhLTEud2VicCIsInNsaWRlc2hvdyI6IjUwNmM2NTUifQ%3D%3D\">\n\t\t\t\t\t<div class=\"e-gallery-image elementor-gallery-item__image\" data-thumbnail=\"https:\/\/maritimeapartamentosvalencia.com\/fr\/wp-content\/uploads\/sites\/3\/12.estudio-con-terraza-maritime-apartamentos-valencia-1.webp\" data-width=\"1400\" data-height=\"1050\" aria-label=\"\" role=\"img\" ><\/div>\n\t\t\t\t\t\t\t\t\t\t\t<div class=\"elementor-gallery-item__overlay\"><\/div>\n\t\t\t\t\t\t\t\t\t\t\t\t\t\t<\/a>\n\t\t\t\t\t\t\t<a class=\"e-gallery-item elementor-gallery-item elementor-animated-content\" data-e-gallery-tags=\"1\" href=\"https:\/\/maritimeapartamentosvalencia.com\/fr\/wp-content\/uploads\/sites\/3\/11.estudio-con-terraza-maritime-apartamentos-valencia-1.webp\" data-elementor-open-lightbox=\"yes\" data-elementor-lightbox-slideshow=\"506c655\" data-e-action-hash=\"#elementor-action%3Aaction%3Dlightbox%26settings%3DeyJpZCI6MzMxOCwidXJsIjoiaHR0cHM6XC9cL21hcml0aW1lYXBhcnRhbWVudG9zdmFsZW5jaWEuY29tXC9mclwvd3AtY29udGVudFwvdXBsb2Fkc1wvc2l0ZXNcLzNcLzExLmVzdHVkaW8tY29uLXRlcnJhemEtbWFyaXRpbWUtYXBhcnRhbWVudG9zLXZhbGVuY2lhLTEud2VicCIsInNsaWRlc2hvdyI6IjUwNmM2NTUifQ%3D%3D\">\n\t\t\t\t\t<div class=\"e-gallery-image elementor-gallery-item__image\" data-thumbnail=\"https:\/\/maritimeapartamentosvalencia.com\/fr\/wp-content\/uploads\/sites\/3\/11.estudio-con-terraza-maritime-apartamentos-valencia-1.webp\" data-width=\"1400\" data-height=\"1050\" aria-label=\"\" role=\"img\" ><\/div>\n\t\t\t\t\t\t\t\t\t\t\t<div class=\"elementor-gallery-item__overlay\"><\/div>\n\t\t\t\t\t\t\t\t\t\t\t\t\t\t<\/a>\n\t\t\t\t\t\t\t<a class=\"e-gallery-item elementor-gallery-item elementor-animated-content\" data-e-gallery-tags=\"1\" href=\"https:\/\/maritimeapartamentosvalencia.com\/fr\/wp-content\/uploads\/sites\/3\/10.estudio-con-terraza-maritime-apartamentos-valencia-1.webp\" data-elementor-open-lightbox=\"yes\" data-elementor-lightbox-slideshow=\"506c655\" data-e-action-hash=\"#elementor-action%3Aaction%3Dlightbox%26settings%3DeyJpZCI6MzMxOSwidXJsIjoiaHR0cHM6XC9cL21hcml0aW1lYXBhcnRhbWVudG9zdmFsZW5jaWEuY29tXC9mclwvd3AtY29udGVudFwvdXBsb2Fkc1wvc2l0ZXNcLzNcLzEwLmVzdHVkaW8tY29uLXRlcnJhemEtbWFyaXRpbWUtYXBhcnRhbWVudG9zLXZhbGVuY2lhLTEud2VicCIsInNsaWRlc2hvdyI6IjUwNmM2NTUifQ%3D%3D\">\n\t\t\t\t\t<div class=\"e-gallery-image elementor-gallery-item__image\" data-thumbnail=\"https:\/\/maritimeapartamentosvalencia.com\/fr\/wp-content\/uploads\/sites\/3\/10.estudio-con-terraza-maritime-apartamentos-valencia-1.webp\" data-width=\"1800\" data-height=\"1350\" aria-label=\"\" role=\"img\" ><\/div>\n\t\t\t\t\t\t\t\t\t\t\t<div class=\"elementor-gallery-item__overlay\"><\/div>\n\t\t\t\t\t\t\t\t\t\t\t\t\t\t<\/a>\n\t\t\t\t\t\t\t<a class=\"e-gallery-item elementor-gallery-item elementor-animated-content\" data-e-gallery-tags=\"1\" href=\"https:\/\/maritimeapartamentosvalencia.com\/fr\/wp-content\/uploads\/sites\/3\/09.estudio-con-terraza-maritime-apartamentos-valencia-1.webp\" data-elementor-open-lightbox=\"yes\" data-elementor-lightbox-slideshow=\"506c655\" data-e-action-hash=\"#elementor-action%3Aaction%3Dlightbox%26settings%3DeyJpZCI6MzMyMCwidXJsIjoiaHR0cHM6XC9cL21hcml0aW1lYXBhcnRhbWVudG9zdmFsZW5jaWEuY29tXC9mclwvd3AtY29udGVudFwvdXBsb2Fkc1wvc2l0ZXNcLzNcLzA5LmVzdHVkaW8tY29uLXRlcnJhemEtbWFyaXRpbWUtYXBhcnRhbWVudG9zLXZhbGVuY2lhLTEud2VicCIsInNsaWRlc2hvdyI6IjUwNmM2NTUifQ%3D%3D\">\n\t\t\t\t\t<div class=\"e-gallery-image elementor-gallery-item__image\" data-thumbnail=\"https:\/\/maritimeapartamentosvalencia.com\/fr\/wp-content\/uploads\/sites\/3\/09.estudio-con-terraza-maritime-apartamentos-valencia-1.webp\" data-width=\"1400\" data-height=\"1076\" aria-label=\"\" role=\"img\" ><\/div>\n\t\t\t\t\t\t\t\t\t\t\t<div class=\"elementor-gallery-item__overlay\"><\/div>\n\t\t\t\t\t\t\t\t\t\t\t\t\t\t<\/a>\n\t\t\t\t\t\t\t<a class=\"e-gallery-item elementor-gallery-item elementor-animated-content\" data-e-gallery-tags=\"1\" href=\"https:\/\/maritimeapartamentosvalencia.com\/fr\/wp-content\/uploads\/sites\/3\/08.estudio-con-terraza-maritime-apartamentos-valencia-1.webp\" data-elementor-open-lightbox=\"yes\" data-elementor-lightbox-slideshow=\"506c655\" data-e-action-hash=\"#elementor-action%3Aaction%3Dlightbox%26settings%3DeyJpZCI6MzMyMSwidXJsIjoiaHR0cHM6XC9cL21hcml0aW1lYXBhcnRhbWVudG9zdmFsZW5jaWEuY29tXC9mclwvd3AtY29udGVudFwvdXBsb2Fkc1wvc2l0ZXNcLzNcLzA4LmVzdHVkaW8tY29uLXRlcnJhemEtbWFyaXRpbWUtYXBhcnRhbWVudG9zLXZhbGVuY2lhLTEud2VicCIsInNsaWRlc2hvdyI6IjUwNmM2NTUifQ%3D%3D\">\n\t\t\t\t\t<div class=\"e-gallery-image elementor-gallery-item__image\" data-thumbnail=\"https:\/\/maritimeapartamentosvalencia.com\/fr\/wp-content\/uploads\/sites\/3\/08.estudio-con-terraza-maritime-apartamentos-valencia-1.webp\" data-width=\"1400\" data-height=\"1050\" aria-label=\"\" role=\"img\" ><\/div>\n\t\t\t\t\t\t\t\t\t\t\t<div class=\"elementor-gallery-item__overlay\"><\/div>\n\t\t\t\t\t\t\t\t\t\t\t\t\t\t<\/a>\n\t\t\t\t\t\t\t<a class=\"e-gallery-item elementor-gallery-item elementor-animated-content\" data-e-gallery-tags=\"1\" href=\"https:\/\/maritimeapartamentosvalencia.com\/fr\/wp-content\/uploads\/sites\/3\/07.estudio-con-terraza-maritime-apartamentos-valencia-1.webp\" data-elementor-open-lightbox=\"yes\" data-elementor-lightbox-slideshow=\"506c655\" data-e-action-hash=\"#elementor-action%3Aaction%3Dlightbox%26settings%3DeyJpZCI6MzMyMiwidXJsIjoiaHR0cHM6XC9cL21hcml0aW1lYXBhcnRhbWVudG9zdmFsZW5jaWEuY29tXC9mclwvd3AtY29udGVudFwvdXBsb2Fkc1wvc2l0ZXNcLzNcLzA3LmVzdHVkaW8tY29uLXRlcnJhemEtbWFyaXRpbWUtYXBhcnRhbWVudG9zLXZhbGVuY2lhLTEud2VicCIsInNsaWRlc2hvdyI6IjUwNmM2NTUifQ%3D%3D\">\n\t\t\t\t\t<div class=\"e-gallery-image elementor-gallery-item__image\" data-thumbnail=\"https:\/\/maritimeapartamentosvalencia.com\/fr\/wp-content\/uploads\/sites\/3\/07.estudio-con-terraza-maritime-apartamentos-valencia-1.webp\" data-width=\"1400\" data-height=\"1187\" aria-label=\"\" role=\"img\" ><\/div>\n\t\t\t\t\t\t\t\t\t\t\t<div class=\"elementor-gallery-item__overlay\"><\/div>\n\t\t\t\t\t\t\t\t\t\t\t\t\t\t<\/a>\n\t\t\t\t\t\t\t<a class=\"e-gallery-item elementor-gallery-item elementor-animated-content\" data-e-gallery-tags=\"1\" href=\"https:\/\/maritimeapartamentosvalencia.com\/fr\/wp-content\/uploads\/sites\/3\/06.estudio-con-terraza-maritime-apartamentos-valencia-1.webp\" data-elementor-open-lightbox=\"yes\" data-elementor-lightbox-slideshow=\"506c655\" data-e-action-hash=\"#elementor-action%3Aaction%3Dlightbox%26settings%3DeyJpZCI6MzMyMywidXJsIjoiaHR0cHM6XC9cL21hcml0aW1lYXBhcnRhbWVudG9zdmFsZW5jaWEuY29tXC9mclwvd3AtY29udGVudFwvdXBsb2Fkc1wvc2l0ZXNcLzNcLzA2LmVzdHVkaW8tY29uLXRlcnJhemEtbWFyaXRpbWUtYXBhcnRhbWVudG9zLXZhbGVuY2lhLTEud2VicCIsInNsaWRlc2hvdyI6IjUwNmM2NTUifQ%3D%3D\">\n\t\t\t\t\t<div class=\"e-gallery-image elementor-gallery-item__image\" data-thumbnail=\"https:\/\/maritimeapartamentosvalencia.com\/fr\/wp-content\/uploads\/sites\/3\/06.estudio-con-terraza-maritime-apartamentos-valencia-1.webp\" data-width=\"1400\" data-height=\"1050\" aria-label=\"\" role=\"img\" ><\/div>\n\t\t\t\t\t\t\t\t\t\t\t<div class=\"elementor-gallery-item__overlay\"><\/div>\n\t\t\t\t\t\t\t\t\t\t\t\t\t\t<\/a>\n\t\t\t\t\t\t\t<a class=\"e-gallery-item elementor-gallery-item elementor-animated-content\" data-e-gallery-tags=\"1\" href=\"https:\/\/maritimeapartamentosvalencia.com\/fr\/wp-content\/uploads\/sites\/3\/05.estudio-con-terraza-maritime-apartamentos-valencia-2.webp\" data-elementor-open-lightbox=\"yes\" data-elementor-lightbox-slideshow=\"506c655\" data-e-action-hash=\"#elementor-action%3Aaction%3Dlightbox%26settings%3DeyJpZCI6MzMyNCwidXJsIjoiaHR0cHM6XC9cL21hcml0aW1lYXBhcnRhbWVudG9zdmFsZW5jaWEuY29tXC9mclwvd3AtY29udGVudFwvdXBsb2Fkc1wvc2l0ZXNcLzNcLzA1LmVzdHVkaW8tY29uLXRlcnJhemEtbWFyaXRpbWUtYXBhcnRhbWVudG9zLXZhbGVuY2lhLTIud2VicCIsInNsaWRlc2hvdyI6IjUwNmM2NTUifQ%3D%3D\">\n\t\t\t\t\t<div class=\"e-gallery-image elementor-gallery-item__image\" data-thumbnail=\"https:\/\/maritimeapartamentosvalencia.com\/fr\/wp-content\/uploads\/sites\/3\/05.estudio-con-terraza-maritime-apartamentos-valencia-2.webp\" data-width=\"1400\" data-height=\"1091\" aria-label=\"\" role=\"img\" ><\/div>\n\t\t\t\t\t\t\t\t\t\t\t<div class=\"elementor-gallery-item__overlay\"><\/div>\n\t\t\t\t\t\t\t\t\t\t\t\t\t\t<\/a>\n\t\t\t\t\t\t\t<a class=\"e-gallery-item elementor-gallery-item elementor-animated-content\" data-e-gallery-tags=\"1\" href=\"https:\/\/maritimeapartamentosvalencia.com\/fr\/wp-content\/uploads\/sites\/3\/04.estudio-con-terraza-maritime-apartamentos-valencia-2.webp\" data-elementor-open-lightbox=\"yes\" data-elementor-lightbox-slideshow=\"506c655\" data-e-action-hash=\"#elementor-action%3Aaction%3Dlightbox%26settings%3DeyJpZCI6MzMyNSwidXJsIjoiaHR0cHM6XC9cL21hcml0aW1lYXBhcnRhbWVudG9zdmFsZW5jaWEuY29tXC9mclwvd3AtY29udGVudFwvdXBsb2Fkc1wvc2l0ZXNcLzNcLzA0LmVzdHVkaW8tY29uLXRlcnJhemEtbWFyaXRpbWUtYXBhcnRhbWVudG9zLXZhbGVuY2lhLTIud2VicCIsInNsaWRlc2hvdyI6IjUwNmM2NTUifQ%3D%3D\">\n\t\t\t\t\t<div class=\"e-gallery-image elementor-gallery-item__image\" data-thumbnail=\"https:\/\/maritimeapartamentosvalencia.com\/fr\/wp-content\/uploads\/sites\/3\/04.estudio-con-terraza-maritime-apartamentos-valencia-2.webp\" data-width=\"1400\" data-height=\"1210\" aria-label=\"\" role=\"img\" ><\/div>\n\t\t\t\t\t\t\t\t\t\t\t<div class=\"elementor-gallery-item__overlay\"><\/div>\n\t\t\t\t\t\t\t\t\t\t\t\t\t\t<\/a>\n\t\t\t\t\t\t\t<a class=\"e-gallery-item elementor-gallery-item elementor-animated-content\" data-e-gallery-tags=\"1\" href=\"https:\/\/maritimeapartamentosvalencia.com\/fr\/wp-content\/uploads\/sites\/3\/03.estudio-con-terraza-maritime-apartamentos-valencia-1.webp\" data-elementor-open-lightbox=\"yes\" data-elementor-lightbox-slideshow=\"506c655\" data-e-action-hash=\"#elementor-action%3Aaction%3Dlightbox%26settings%3DeyJpZCI6MzMyNiwidXJsIjoiaHR0cHM6XC9cL21hcml0aW1lYXBhcnRhbWVudG9zdmFsZW5jaWEuY29tXC9mclwvd3AtY29udGVudFwvdXBsb2Fkc1wvc2l0ZXNcLzNcLzAzLmVzdHVkaW8tY29uLXRlcnJhemEtbWFyaXRpbWUtYXBhcnRhbWVudG9zLXZhbGVuY2lhLTEud2VicCIsInNsaWRlc2hvdyI6IjUwNmM2NTUifQ%3D%3D\">\n\t\t\t\t\t<div class=\"e-gallery-image elementor-gallery-item__image\" data-thumbnail=\"https:\/\/maritimeapartamentosvalencia.com\/fr\/wp-content\/uploads\/sites\/3\/03.estudio-con-terraza-maritime-apartamentos-valencia-1.webp\" data-width=\"1400\" data-height=\"1119\" aria-label=\"\" role=\"img\" ><\/div>\n\t\t\t\t\t\t\t\t\t\t\t<div class=\"elementor-gallery-item__overlay\"><\/div>\n\t\t\t\t\t\t\t\t\t\t\t\t\t\t<\/a>\n\t\t\t\t\t\t\t<a class=\"e-gallery-item elementor-gallery-item elementor-animated-content\" data-e-gallery-tags=\"1\" href=\"https:\/\/maritimeapartamentosvalencia.com\/fr\/wp-content\/uploads\/sites\/3\/02.estudio-con-terraza-maritime-apartamentos-valencia-1.webp\" data-elementor-open-lightbox=\"yes\" data-elementor-lightbox-slideshow=\"506c655\" data-e-action-hash=\"#elementor-action%3Aaction%3Dlightbox%26settings%3DeyJpZCI6MzMyNywidXJsIjoiaHR0cHM6XC9cL21hcml0aW1lYXBhcnRhbWVudG9zdmFsZW5jaWEuY29tXC9mclwvd3AtY29udGVudFwvdXBsb2Fkc1wvc2l0ZXNcLzNcLzAyLmVzdHVkaW8tY29uLXRlcnJhemEtbWFyaXRpbWUtYXBhcnRhbWVudG9zLXZhbGVuY2lhLTEud2VicCIsInNsaWRlc2hvdyI6IjUwNmM2NTUifQ%3D%3D\">\n\t\t\t\t\t<div class=\"e-gallery-image elementor-gallery-item__image\" data-thumbnail=\"https:\/\/maritimeapartamentosvalencia.com\/fr\/wp-content\/uploads\/sites\/3\/02.estudio-con-terraza-maritime-apartamentos-valencia-1.webp\" data-width=\"1400\" data-height=\"1142\" aria-label=\"\" role=\"img\" ><\/div>\n\t\t\t\t\t\t\t\t\t\t\t<div class=\"elementor-gallery-item__overlay\"><\/div>\n\t\t\t\t\t\t\t\t\t\t\t\t\t\t<\/a>\n\t\t\t\t\t\t\t<a class=\"e-gallery-item elementor-gallery-item elementor-animated-content\" data-e-gallery-tags=\"1\" href=\"https:\/\/maritimeapartamentosvalencia.com\/fr\/wp-content\/uploads\/sites\/3\/01.estudio-con-terraza-maritime-apartamentos-valencia-1.webp\" data-elementor-open-lightbox=\"yes\" data-elementor-lightbox-slideshow=\"506c655\" data-e-action-hash=\"#elementor-action%3Aaction%3Dlightbox%26settings%3DeyJpZCI6MzMyOCwidXJsIjoiaHR0cHM6XC9cL21hcml0aW1lYXBhcnRhbWVudG9zdmFsZW5jaWEuY29tXC9mclwvd3AtY29udGVudFwvdXBsb2Fkc1wvc2l0ZXNcLzNcLzAxLmVzdHVkaW8tY29uLXRlcnJhemEtbWFyaXRpbWUtYXBhcnRhbWVudG9zLXZhbGVuY2lhLTEud2VicCIsInNsaWRlc2hvdyI6IjUwNmM2NTUifQ%3D%3D\">\n\t\t\t\t\t<div class=\"e-gallery-image elementor-gallery-item__image\" data-thumbnail=\"https:\/\/maritimeapartamentosvalencia.com\/fr\/wp-content\/uploads\/sites\/3\/01.estudio-con-terraza-maritime-apartamentos-valencia-1.webp\" data-width=\"1400\" data-height=\"1059\" aria-label=\"\" role=\"img\" ><\/div>\n\t\t\t\t\t\t\t\t\t\t\t<div class=\"elementor-gallery-item__overlay\"><\/div>\n\t\t\t\t\t\t\t\t\t\t\t\t\t\t<\/a>\n\t\t\t\t\t\t\t<a class=\"e-gallery-item elementor-gallery-item elementor-animated-content\" data-e-gallery-tags=\"2\" href=\"https:\/\/maritimeapartamentosvalencia.com\/fr\/wp-content\/uploads\/sites\/3\/Maritime_fotos4-1.webp\" data-elementor-open-lightbox=\"yes\" data-elementor-lightbox-slideshow=\"506c655\" data-e-action-hash=\"#elementor-action%3Aaction%3Dlightbox%26settings%3DeyJpZCI6MzMyOSwidXJsIjoiaHR0cHM6XC9cL21hcml0aW1lYXBhcnRhbWVudG9zdmFsZW5jaWEuY29tXC9mclwvd3AtY29udGVudFwvdXBsb2Fkc1wvc2l0ZXNcLzNcL01hcml0aW1lX2ZvdG9zNC0xLndlYnAiLCJzbGlkZXNob3ciOiI1MDZjNjU1In0%3D\">\n\t\t\t\t\t<div class=\"e-gallery-image elementor-gallery-item__image\" data-thumbnail=\"https:\/\/maritimeapartamentosvalencia.com\/fr\/wp-content\/uploads\/sites\/3\/Maritime_fotos4-1.webp\" data-width=\"1300\" data-height=\"994\" aria-label=\"\" role=\"img\" ><\/div>\n\t\t\t\t\t\t\t\t\t\t\t<div class=\"elementor-gallery-item__overlay\"><\/div>\n\t\t\t\t\t\t\t\t\t\t\t\t\t\t<\/a>\n\t\t\t\t\t\t\t<a class=\"e-gallery-item elementor-gallery-item elementor-animated-content\" data-e-gallery-tags=\"2\" href=\"https:\/\/maritimeapartamentosvalencia.com\/fr\/wp-content\/uploads\/sites\/3\/Maritime_fotos3-1.webp\" data-elementor-open-lightbox=\"yes\" data-elementor-lightbox-slideshow=\"506c655\" data-e-action-hash=\"#elementor-action%3Aaction%3Dlightbox%26settings%3DeyJpZCI6MzMzMCwidXJsIjoiaHR0cHM6XC9cL21hcml0aW1lYXBhcnRhbWVudG9zdmFsZW5jaWEuY29tXC9mclwvd3AtY29udGVudFwvdXBsb2Fkc1wvc2l0ZXNcLzNcL01hcml0aW1lX2ZvdG9zMy0xLndlYnAiLCJzbGlkZXNob3ciOiI1MDZjNjU1In0%3D\">\n\t\t\t\t\t<div class=\"e-gallery-image elementor-gallery-item__image\" data-thumbnail=\"https:\/\/maritimeapartamentosvalencia.com\/fr\/wp-content\/uploads\/sites\/3\/Maritime_fotos3-1.webp\" data-width=\"1300\" data-height=\"994\" aria-label=\"\" role=\"img\" ><\/div>\n\t\t\t\t\t\t\t\t\t\t\t<div class=\"elementor-gallery-item__overlay\"><\/div>\n\t\t\t\t\t\t\t\t\t\t\t\t\t\t<\/a>\n\t\t\t\t\t\t\t<a class=\"e-gallery-item elementor-gallery-item elementor-animated-content\" data-e-gallery-tags=\"2\" href=\"https:\/\/maritimeapartamentosvalencia.com\/fr\/wp-content\/uploads\/sites\/3\/Maritime_fotos2-1.webp\" data-elementor-open-lightbox=\"yes\" data-elementor-lightbox-slideshow=\"506c655\" data-e-action-hash=\"#elementor-action%3Aaction%3Dlightbox%26settings%3DeyJpZCI6MzMzMSwidXJsIjoiaHR0cHM6XC9cL21hcml0aW1lYXBhcnRhbWVudG9zdmFsZW5jaWEuY29tXC9mclwvd3AtY29udGVudFwvdXBsb2Fkc1wvc2l0ZXNcLzNcL01hcml0aW1lX2ZvdG9zMi0xLndlYnAiLCJzbGlkZXNob3ciOiI1MDZjNjU1In0%3D\">\n\t\t\t\t\t<div class=\"e-gallery-image elementor-gallery-item__image\" data-thumbnail=\"https:\/\/maritimeapartamentosvalencia.com\/fr\/wp-content\/uploads\/sites\/3\/Maritime_fotos2-1.webp\" data-width=\"1300\" data-height=\"994\" aria-label=\"\" role=\"img\" ><\/div>\n\t\t\t\t\t\t\t\t\t\t\t<div class=\"elementor-gallery-item__overlay\"><\/div>\n\t\t\t\t\t\t\t\t\t\t\t\t\t\t<\/a>\n\t\t\t\t\t\t\t<a class=\"e-gallery-item elementor-gallery-item elementor-animated-content\" data-e-gallery-tags=\"2\" href=\"https:\/\/maritimeapartamentosvalencia.com\/fr\/wp-content\/uploads\/sites\/3\/Maritime_fotos-1.webp\" data-elementor-open-lightbox=\"yes\" data-elementor-lightbox-slideshow=\"506c655\" data-e-action-hash=\"#elementor-action%3Aaction%3Dlightbox%26settings%3DeyJpZCI6MzMzMywidXJsIjoiaHR0cHM6XC9cL21hcml0aW1lYXBhcnRhbWVudG9zdmFsZW5jaWEuY29tXC9mclwvd3AtY29udGVudFwvdXBsb2Fkc1wvc2l0ZXNcLzNcL01hcml0aW1lX2ZvdG9zLTEud2VicCIsInNsaWRlc2hvdyI6IjUwNmM2NTUifQ%3D%3D\">\n\t\t\t\t\t<div class=\"e-gallery-image elementor-gallery-item__image\" data-thumbnail=\"https:\/\/maritimeapartamentosvalencia.com\/fr\/wp-content\/uploads\/sites\/3\/Maritime_fotos-1.webp\" data-width=\"1300\" data-height=\"994\" aria-label=\"\" role=\"img\" ><\/div>\n\t\t\t\t\t\t\t\t\t\t\t<div class=\"elementor-gallery-item__overlay\"><\/div>\n\t\t\t\t\t\t\t\t\t\t\t\t\t\t<\/a>\n\t\t\t\t\t\t\t<a class=\"e-gallery-item elementor-gallery-item elementor-animated-content\" data-e-gallery-tags=\"2\" href=\"https:\/\/maritimeapartamentosvalencia.com\/fr\/wp-content\/uploads\/sites\/3\/Maritime_fotos8-1.webp\" data-elementor-open-lightbox=\"yes\" data-elementor-lightbox-slideshow=\"506c655\" data-e-action-hash=\"#elementor-action%3Aaction%3Dlightbox%26settings%3DeyJpZCI6MzMzNSwidXJsIjoiaHR0cHM6XC9cL21hcml0aW1lYXBhcnRhbWVudG9zdmFsZW5jaWEuY29tXC9mclwvd3AtY29udGVudFwvdXBsb2Fkc1wvc2l0ZXNcLzNcL01hcml0aW1lX2ZvdG9zOC0xLndlYnAiLCJzbGlkZXNob3ciOiI1MDZjNjU1In0%3D\">\n\t\t\t\t\t<div class=\"e-gallery-image elementor-gallery-item__image\" data-thumbnail=\"https:\/\/maritimeapartamentosvalencia.com\/fr\/wp-content\/uploads\/sites\/3\/Maritime_fotos8-1.webp\" data-width=\"1800\" data-height=\"1376\" aria-label=\"\" role=\"img\" ><\/div>\n\t\t\t\t\t\t\t\t\t\t\t<div class=\"elementor-gallery-item__overlay\"><\/div>\n\t\t\t\t\t\t\t\t\t\t\t\t\t\t<\/a>\n\t\t\t\t\t\t\t<a class=\"e-gallery-item elementor-gallery-item elementor-animated-content\" data-e-gallery-tags=\"2\" href=\"https:\/\/maritimeapartamentosvalencia.com\/fr\/wp-content\/uploads\/sites\/3\/Maritime_fotos7-1.webp\" data-elementor-open-lightbox=\"yes\" data-elementor-lightbox-slideshow=\"506c655\" data-e-action-hash=\"#elementor-action%3Aaction%3Dlightbox%26settings%3DeyJpZCI6MzMzNywidXJsIjoiaHR0cHM6XC9cL21hcml0aW1lYXBhcnRhbWVudG9zdmFsZW5jaWEuY29tXC9mclwvd3AtY29udGVudFwvdXBsb2Fkc1wvc2l0ZXNcLzNcL01hcml0aW1lX2ZvdG9zNy0xLndlYnAiLCJzbGlkZXNob3ciOiI1MDZjNjU1In0%3D\">\n\t\t\t\t\t<div class=\"e-gallery-image elementor-gallery-item__image\" data-thumbnail=\"https:\/\/maritimeapartamentosvalencia.com\/fr\/wp-content\/uploads\/sites\/3\/Maritime_fotos7-1.webp\" data-width=\"1500\" data-height=\"1147\" aria-label=\"\" role=\"img\" ><\/div>\n\t\t\t\t\t\t\t\t\t\t\t<div class=\"elementor-gallery-item__overlay\"><\/div>\n\t\t\t\t\t\t\t\t\t\t\t\t\t\t<\/a>\n\t\t\t\t\t\t\t<a class=\"e-gallery-item elementor-gallery-item elementor-animated-content\" data-e-gallery-tags=\"2\" href=\"https:\/\/maritimeapartamentosvalencia.com\/fr\/wp-content\/uploads\/sites\/3\/Maritime_fotos6-1.webp\" data-elementor-open-lightbox=\"yes\" data-elementor-lightbox-slideshow=\"506c655\" data-e-action-hash=\"#elementor-action%3Aaction%3Dlightbox%26settings%3DeyJpZCI6MzMzOSwidXJsIjoiaHR0cHM6XC9cL21hcml0aW1lYXBhcnRhbWVudG9zdmFsZW5jaWEuY29tXC9mclwvd3AtY29udGVudFwvdXBsb2Fkc1wvc2l0ZXNcLzNcL01hcml0aW1lX2ZvdG9zNi0xLndlYnAiLCJzbGlkZXNob3ciOiI1MDZjNjU1In0%3D\">\n\t\t\t\t\t<div class=\"e-gallery-image elementor-gallery-item__image\" data-thumbnail=\"https:\/\/maritimeapartamentosvalencia.com\/fr\/wp-content\/uploads\/sites\/3\/Maritime_fotos6-1.webp\" data-width=\"1500\" data-height=\"1147\" aria-label=\"\" role=\"img\" ><\/div>\n\t\t\t\t\t\t\t\t\t\t\t<div class=\"elementor-gallery-item__overlay\"><\/div>\n\t\t\t\t\t\t\t\t\t\t\t\t\t\t<\/a>\n\t\t\t\t\t\t\t<a class=\"e-gallery-item elementor-gallery-item elementor-animated-content\" data-e-gallery-tags=\"2\" href=\"https:\/\/maritimeapartamentosvalencia.com\/fr\/wp-content\/uploads\/sites\/3\/Maritime_fotos5-1.webp\" data-elementor-open-lightbox=\"yes\" data-elementor-lightbox-slideshow=\"506c655\" data-e-action-hash=\"#elementor-action%3Aaction%3Dlightbox%26settings%3DeyJpZCI6MzM0MSwidXJsIjoiaHR0cHM6XC9cL21hcml0aW1lYXBhcnRhbWVudG9zdmFsZW5jaWEuY29tXC9mclwvd3AtY29udGVudFwvdXBsb2Fkc1wvc2l0ZXNcLzNcL01hcml0aW1lX2ZvdG9zNS0xLndlYnAiLCJzbGlkZXNob3ciOiI1MDZjNjU1In0%3D\">\n\t\t\t\t\t<div class=\"e-gallery-image elementor-gallery-item__image\" data-thumbnail=\"https:\/\/maritimeapartamentosvalencia.com\/fr\/wp-content\/uploads\/sites\/3\/Maritime_fotos5-1.webp\" data-width=\"1500\" data-height=\"1147\" aria-label=\"\" role=\"img\" ><\/div>\n\t\t\t\t\t\t\t\t\t\t\t<div class=\"elementor-gallery-item__overlay\"><\/div>\n\t\t\t\t\t\t\t\t\t\t\t\t\t\t<\/a>\n\t\t\t\t\t\t\t<a class=\"e-gallery-item elementor-gallery-item elementor-animated-content\" data-e-gallery-tags=\"2\" href=\"https:\/\/maritimeapartamentosvalencia.com\/fr\/wp-content\/uploads\/sites\/3\/apto-2hab-maritimevalenciaapartments-7.webp\" data-elementor-open-lightbox=\"yes\" data-elementor-lightbox-slideshow=\"506c655\" data-e-action-hash=\"#elementor-action%3Aaction%3Dlightbox%26settings%3DeyJpZCI6MzA5OCwidXJsIjoiaHR0cHM6XC9cL21hcml0aW1lYXBhcnRhbWVudG9zdmFsZW5jaWEuY29tXC9mclwvd3AtY29udGVudFwvdXBsb2Fkc1wvc2l0ZXNcLzNcL2FwdG8tMmhhYi1tYXJpdGltZXZhbGVuY2lhYXBhcnRtZW50cy03LndlYnAiLCJzbGlkZXNob3ciOiI1MDZjNjU1In0%3D\">\n\t\t\t\t\t<div class=\"e-gallery-image elementor-gallery-item__image\" data-thumbnail=\"https:\/\/maritimeapartamentosvalencia.com\/fr\/wp-content\/uploads\/sites\/3\/apto-2hab-maritimevalenciaapartments-7.webp\" data-width=\"1500\" data-height=\"1125\" aria-label=\"\" role=\"img\" ><\/div>\n\t\t\t\t\t\t\t\t\t\t\t<div class=\"elementor-gallery-item__overlay\"><\/div>\n\t\t\t\t\t\t\t\t\t\t\t\t\t\t<\/a>\n\t\t\t\t\t\t\t<a class=\"e-gallery-item elementor-gallery-item elementor-animated-content\" data-e-gallery-tags=\"2\" href=\"https:\/\/maritimeapartamentosvalencia.com\/fr\/wp-content\/uploads\/sites\/3\/Maritime_fotos7-2.webp\" data-elementor-open-lightbox=\"yes\" data-elementor-lightbox-slideshow=\"506c655\" data-e-action-hash=\"#elementor-action%3Aaction%3Dlightbox%26settings%3DeyJpZCI6MzM0MywidXJsIjoiaHR0cHM6XC9cL21hcml0aW1lYXBhcnRhbWVudG9zdmFsZW5jaWEuY29tXC9mclwvd3AtY29udGVudFwvdXBsb2Fkc1wvc2l0ZXNcLzNcL01hcml0aW1lX2ZvdG9zNy0yLndlYnAiLCJzbGlkZXNob3ciOiI1MDZjNjU1In0%3D\">\n\t\t\t\t\t<div class=\"e-gallery-image elementor-gallery-item__image\" data-thumbnail=\"https:\/\/maritimeapartamentosvalencia.com\/fr\/wp-content\/uploads\/sites\/3\/Maritime_fotos7-2.webp\" data-width=\"1500\" data-height=\"1147\" aria-label=\"\" role=\"img\" ><\/div>\n\t\t\t\t\t\t\t\t\t\t\t<div class=\"elementor-gallery-item__overlay\"><\/div>\n\t\t\t\t\t\t\t\t\t\t\t\t\t\t<\/a>\n\t\t\t\t\t\t\t<a class=\"e-gallery-item elementor-gallery-item elementor-animated-content\" data-e-gallery-tags=\"2\" href=\"https:\/\/maritimeapartamentosvalencia.com\/fr\/wp-content\/uploads\/sites\/3\/apto-2hab-maritimevalenciaapartments-8611.webp\" data-elementor-open-lightbox=\"yes\" data-elementor-lightbox-slideshow=\"506c655\" data-e-action-hash=\"#elementor-action%3Aaction%3Dlightbox%26settings%3DeyJpZCI6MzEwMiwidXJsIjoiaHR0cHM6XC9cL21hcml0aW1lYXBhcnRhbWVudG9zdmFsZW5jaWEuY29tXC9mclwvd3AtY29udGVudFwvdXBsb2Fkc1wvc2l0ZXNcLzNcL2FwdG8tMmhhYi1tYXJpdGltZXZhbGVuY2lhYXBhcnRtZW50cy04NjExLndlYnAiLCJzbGlkZXNob3ciOiI1MDZjNjU1In0%3D\">\n\t\t\t\t\t<div class=\"e-gallery-image elementor-gallery-item__image\" data-thumbnail=\"https:\/\/maritimeapartamentosvalencia.com\/fr\/wp-content\/uploads\/sites\/3\/apto-2hab-maritimevalenciaapartments-8611.webp\" data-width=\"1500\" data-height=\"1151\" aria-label=\"\" role=\"img\" ><\/div>\n\t\t\t\t\t\t\t\t\t\t\t<div class=\"elementor-gallery-item__overlay\"><\/div>\n\t\t\t\t\t\t\t\t\t\t\t\t\t\t<\/a>\n\t\t\t\t\t\t\t<a class=\"e-gallery-item elementor-gallery-item elementor-animated-content\" data-e-gallery-tags=\"2\" href=\"https:\/\/maritimeapartamentosvalencia.com\/fr\/wp-content\/uploads\/sites\/3\/apartamento-dos-dormitorios-maritime-valencia-033-1.webp\" data-elementor-open-lightbox=\"yes\" data-elementor-lightbox-slideshow=\"506c655\" data-e-action-hash=\"#elementor-action%3Aaction%3Dlightbox%26settings%3DeyJpZCI6MzM0NSwidXJsIjoiaHR0cHM6XC9cL21hcml0aW1lYXBhcnRhbWVudG9zdmFsZW5jaWEuY29tXC9mclwvd3AtY29udGVudFwvdXBsb2Fkc1wvc2l0ZXNcLzNcL2FwYXJ0YW1lbnRvLWRvcy1kb3JtaXRvcmlvcy1tYXJpdGltZS12YWxlbmNpYS0wMzMtMS53ZWJwIiwic2xpZGVzaG93IjoiNTA2YzY1NSJ9\">\n\t\t\t\t\t<div class=\"e-gallery-image elementor-gallery-item__image\" data-thumbnail=\"https:\/\/maritimeapartamentosvalencia.com\/fr\/wp-content\/uploads\/sites\/3\/apartamento-dos-dormitorios-maritime-valencia-033-1.webp\" data-width=\"1000\" data-height=\"1333\" aria-label=\"\" role=\"img\" ><\/div>\n\t\t\t\t\t\t\t\t\t\t\t<div class=\"elementor-gallery-item__overlay\"><\/div>\n\t\t\t\t\t\t\t\t\t\t\t\t\t\t<\/a>\n\t\t\t\t\t\t\t<a class=\"e-gallery-item elementor-gallery-item elementor-animated-content\" data-e-gallery-tags=\"2\" href=\"https:\/\/maritimeapartamentosvalencia.com\/fr\/wp-content\/uploads\/sites\/3\/apartamento-dos-dormitorios-maritime-valencia-021-1.webp\" data-elementor-open-lightbox=\"yes\" data-elementor-lightbox-slideshow=\"506c655\" data-e-action-hash=\"#elementor-action%3Aaction%3Dlightbox%26settings%3DeyJpZCI6MzM0NywidXJsIjoiaHR0cHM6XC9cL21hcml0aW1lYXBhcnRhbWVudG9zdmFsZW5jaWEuY29tXC9mclwvd3AtY29udGVudFwvdXBsb2Fkc1wvc2l0ZXNcLzNcL2FwYXJ0YW1lbnRvLWRvcy1kb3JtaXRvcmlvcy1tYXJpdGltZS12YWxlbmNpYS0wMjEtMS53ZWJwIiwic2xpZGVzaG93IjoiNTA2YzY1NSJ9\">\n\t\t\t\t\t<div class=\"e-gallery-image elementor-gallery-item__image\" data-thumbnail=\"https:\/\/maritimeapartamentosvalencia.com\/fr\/wp-content\/uploads\/sites\/3\/apartamento-dos-dormitorios-maritime-valencia-021-1.webp\" data-width=\"1600\" data-height=\"1200\" aria-label=\"\" role=\"img\" ><\/div>\n\t\t\t\t\t\t\t\t\t\t\t<div class=\"elementor-gallery-item__overlay\"><\/div>\n\t\t\t\t\t\t\t\t\t\t\t\t\t\t<\/a>\n\t\t\t\t\t\t\t<a class=\"e-gallery-item elementor-gallery-item elementor-animated-content\" data-e-gallery-tags=\"2\" href=\"https:\/\/maritimeapartamentosvalencia.com\/fr\/wp-content\/uploads\/sites\/3\/apartamento-dos-dormitorios-maritime-valencia-017-1.webp\" data-elementor-open-lightbox=\"yes\" data-elementor-lightbox-slideshow=\"506c655\" data-e-action-hash=\"#elementor-action%3Aaction%3Dlightbox%26settings%3DeyJpZCI6MzM0OSwidXJsIjoiaHR0cHM6XC9cL21hcml0aW1lYXBhcnRhbWVudG9zdmFsZW5jaWEuY29tXC9mclwvd3AtY29udGVudFwvdXBsb2Fkc1wvc2l0ZXNcLzNcL2FwYXJ0YW1lbnRvLWRvcy1kb3JtaXRvcmlvcy1tYXJpdGltZS12YWxlbmNpYS0wMTctMS53ZWJwIiwic2xpZGVzaG93IjoiNTA2YzY1NSJ9\">\n\t\t\t\t\t<div class=\"e-gallery-image elementor-gallery-item__image\" data-thumbnail=\"https:\/\/maritimeapartamentosvalencia.com\/fr\/wp-content\/uploads\/sites\/3\/apartamento-dos-dormitorios-maritime-valencia-017-1.webp\" data-width=\"1200\" data-height=\"1600\" aria-label=\"\" role=\"img\" ><\/div>\n\t\t\t\t\t\t\t\t\t\t\t<div class=\"elementor-gallery-item__overlay\"><\/div>\n\t\t\t\t\t\t\t\t\t\t\t\t\t\t<\/a>\n\t\t\t\t\t\t\t<a class=\"e-gallery-item elementor-gallery-item elementor-animated-content\" data-e-gallery-tags=\"2\" href=\"https:\/\/maritimeapartamentosvalencia.com\/fr\/wp-content\/uploads\/sites\/3\/apartamento-dos-dormitorios-maritime-valencia-031-1.webp\" data-elementor-open-lightbox=\"yes\" data-elementor-lightbox-slideshow=\"506c655\" data-e-action-hash=\"#elementor-action%3Aaction%3Dlightbox%26settings%3DeyJpZCI6MzM1MSwidXJsIjoiaHR0cHM6XC9cL21hcml0aW1lYXBhcnRhbWVudG9zdmFsZW5jaWEuY29tXC9mclwvd3AtY29udGVudFwvdXBsb2Fkc1wvc2l0ZXNcLzNcL2FwYXJ0YW1lbnRvLWRvcy1kb3JtaXRvcmlvcy1tYXJpdGltZS12YWxlbmNpYS0wMzEtMS53ZWJwIiwic2xpZGVzaG93IjoiNTA2YzY1NSJ9\">\n\t\t\t\t\t<div class=\"e-gallery-image elementor-gallery-item__image\" data-thumbnail=\"https:\/\/maritimeapartamentosvalencia.com\/fr\/wp-content\/uploads\/sites\/3\/apartamento-dos-dormitorios-maritime-valencia-031-1.webp\" data-width=\"1000\" data-height=\"1333\" aria-label=\"\" role=\"img\" ><\/div>\n\t\t\t\t\t\t\t\t\t\t\t<div class=\"elementor-gallery-item__overlay\"><\/div>\n\t\t\t\t\t\t\t\t\t\t\t\t\t\t<\/a>\n\t\t\t\t\t\t\t<a class=\"e-gallery-item elementor-gallery-item elementor-animated-content\" data-e-gallery-tags=\"2\" href=\"https:\/\/maritimeapartamentosvalencia.com\/fr\/wp-content\/uploads\/sites\/3\/apartamento-dos-dormitorios-maritime-valencia-012-1.webp\" data-elementor-open-lightbox=\"yes\" data-elementor-lightbox-slideshow=\"506c655\" data-e-action-hash=\"#elementor-action%3Aaction%3Dlightbox%26settings%3DeyJpZCI6MzA5OSwidXJsIjoiaHR0cHM6XC9cL21hcml0aW1lYXBhcnRhbWVudG9zdmFsZW5jaWEuY29tXC9mclwvd3AtY29udGVudFwvdXBsb2Fkc1wvc2l0ZXNcLzNcL2FwYXJ0YW1lbnRvLWRvcy1kb3JtaXRvcmlvcy1tYXJpdGltZS12YWxlbmNpYS0wMTItMS53ZWJwIiwic2xpZGVzaG93IjoiNTA2YzY1NSJ9\">\n\t\t\t\t\t<div class=\"e-gallery-image elementor-gallery-item__image\" data-thumbnail=\"https:\/\/maritimeapartamentosvalencia.com\/fr\/wp-content\/uploads\/sites\/3\/apartamento-dos-dormitorios-maritime-valencia-012-1.webp\" data-width=\"1200\" data-height=\"1600\" aria-label=\"\" role=\"img\" ><\/div>\n\t\t\t\t\t\t\t\t\t\t\t<div class=\"elementor-gallery-item__overlay\"><\/div>\n\t\t\t\t\t\t\t\t\t\t\t\t\t\t<\/a>\n\t\t\t\t\t\t\t<a class=\"e-gallery-item elementor-gallery-item elementor-animated-content\" data-e-gallery-tags=\"2\" href=\"https:\/\/maritimeapartamentosvalencia.com\/fr\/wp-content\/uploads\/sites\/3\/apartamento-dos-dormitorios-maritime-valencia-011-1.webp\" data-elementor-open-lightbox=\"yes\" data-elementor-lightbox-slideshow=\"506c655\" data-e-action-hash=\"#elementor-action%3Aaction%3Dlightbox%26settings%3DeyJpZCI6MzM1MywidXJsIjoiaHR0cHM6XC9cL21hcml0aW1lYXBhcnRhbWVudG9zdmFsZW5jaWEuY29tXC9mclwvd3AtY29udGVudFwvdXBsb2Fkc1wvc2l0ZXNcLzNcL2FwYXJ0YW1lbnRvLWRvcy1kb3JtaXRvcmlvcy1tYXJpdGltZS12YWxlbmNpYS0wMTEtMS53ZWJwIiwic2xpZGVzaG93IjoiNTA2YzY1NSJ9\">\n\t\t\t\t\t<div class=\"e-gallery-image elementor-gallery-item__image\" data-thumbnail=\"https:\/\/maritimeapartamentosvalencia.com\/fr\/wp-content\/uploads\/sites\/3\/apartamento-dos-dormitorios-maritime-valencia-011-1.webp\" data-width=\"1200\" data-height=\"1600\" aria-label=\"\" role=\"img\" ><\/div>\n\t\t\t\t\t\t\t\t\t\t\t<div class=\"elementor-gallery-item__overlay\"><\/div>\n\t\t\t\t\t\t\t\t\t\t\t\t\t\t<\/a>\n\t\t\t\t\t\t\t<a class=\"e-gallery-item elementor-gallery-item elementor-animated-content\" data-e-gallery-tags=\"2\" href=\"https:\/\/maritimeapartamentosvalencia.com\/fr\/wp-content\/uploads\/sites\/3\/apartamento-dos-dormitorios-maritime-valencia-010-3.webp\" data-elementor-open-lightbox=\"yes\" data-elementor-lightbox-slideshow=\"506c655\" data-e-action-hash=\"#elementor-action%3Aaction%3Dlightbox%26settings%3DeyJpZCI6MzM1NywidXJsIjoiaHR0cHM6XC9cL21hcml0aW1lYXBhcnRhbWVudG9zdmFsZW5jaWEuY29tXC9mclwvd3AtY29udGVudFwvdXBsb2Fkc1wvc2l0ZXNcLzNcL2FwYXJ0YW1lbnRvLWRvcy1kb3JtaXRvcmlvcy1tYXJpdGltZS12YWxlbmNpYS0wMTAtMy53ZWJwIiwic2xpZGVzaG93IjoiNTA2YzY1NSJ9\">\n\t\t\t\t\t<div class=\"e-gallery-image elementor-gallery-item__image\" data-thumbnail=\"https:\/\/maritimeapartamentosvalencia.com\/fr\/wp-content\/uploads\/sites\/3\/apartamento-dos-dormitorios-maritime-valencia-010-3.webp\" data-width=\"1200\" data-height=\"1600\" aria-label=\"\" role=\"img\" ><\/div>\n\t\t\t\t\t\t\t\t\t\t\t<div class=\"elementor-gallery-item__overlay\"><\/div>\n\t\t\t\t\t\t\t\t\t\t\t\t\t\t<\/a>\n\t\t\t\t\t\t\t<a class=\"e-gallery-item elementor-gallery-item elementor-animated-content\" data-e-gallery-tags=\"2\" href=\"https:\/\/maritimeapartamentosvalencia.com\/fr\/wp-content\/uploads\/sites\/3\/apartamento-dos-dormitorios-maritime-valencia-09-1.webp\" data-elementor-open-lightbox=\"yes\" data-elementor-lightbox-slideshow=\"506c655\" data-e-action-hash=\"#elementor-action%3Aaction%3Dlightbox%26settings%3DeyJpZCI6MzM1OCwidXJsIjoiaHR0cHM6XC9cL21hcml0aW1lYXBhcnRhbWVudG9zdmFsZW5jaWEuY29tXC9mclwvd3AtY29udGVudFwvdXBsb2Fkc1wvc2l0ZXNcLzNcL2FwYXJ0YW1lbnRvLWRvcy1kb3JtaXRvcmlvcy1tYXJpdGltZS12YWxlbmNpYS0wOS0xLndlYnAiLCJzbGlkZXNob3ciOiI1MDZjNjU1In0%3D\">\n\t\t\t\t\t<div class=\"e-gallery-image elementor-gallery-item__image\" data-thumbnail=\"https:\/\/maritimeapartamentosvalencia.com\/fr\/wp-content\/uploads\/sites\/3\/apartamento-dos-dormitorios-maritime-valencia-09-1.webp\" data-width=\"1125\" data-height=\"1500\" aria-label=\"\" role=\"img\" ><\/div>\n\t\t\t\t\t\t\t\t\t\t\t<div class=\"elementor-gallery-item__overlay\"><\/div>\n\t\t\t\t\t\t\t\t\t\t\t\t\t\t<\/a>\n\t\t\t\t\t\t\t<a class=\"e-gallery-item elementor-gallery-item elementor-animated-content\" data-e-gallery-tags=\"2\" href=\"https:\/\/maritimeapartamentosvalencia.com\/fr\/wp-content\/uploads\/sites\/3\/apartamento-dos-dormitorios-maritime-valencia-08-1.webp\" data-elementor-open-lightbox=\"yes\" data-elementor-lightbox-slideshow=\"506c655\" data-e-action-hash=\"#elementor-action%3Aaction%3Dlightbox%26settings%3DeyJpZCI6MzM1OSwidXJsIjoiaHR0cHM6XC9cL21hcml0aW1lYXBhcnRhbWVudG9zdmFsZW5jaWEuY29tXC9mclwvd3AtY29udGVudFwvdXBsb2Fkc1wvc2l0ZXNcLzNcL2FwYXJ0YW1lbnRvLWRvcy1kb3JtaXRvcmlvcy1tYXJpdGltZS12YWxlbmNpYS0wOC0xLndlYnAiLCJzbGlkZXNob3ciOiI1MDZjNjU1In0%3D\">\n\t\t\t\t\t<div class=\"e-gallery-image elementor-gallery-item__image\" data-thumbnail=\"https:\/\/maritimeapartamentosvalencia.com\/fr\/wp-content\/uploads\/sites\/3\/apartamento-dos-dormitorios-maritime-valencia-08-1.webp\" data-width=\"1500\" data-height=\"1500\" aria-label=\"\" role=\"img\" ><\/div>\n\t\t\t\t\t\t\t\t\t\t\t<div class=\"elementor-gallery-item__overlay\"><\/div>\n\t\t\t\t\t\t\t\t\t\t\t\t\t\t<\/a>\n\t\t\t\t\t\t\t<a class=\"e-gallery-item elementor-gallery-item elementor-animated-content\" data-e-gallery-tags=\"2\" href=\"https:\/\/maritimeapartamentosvalencia.com\/fr\/wp-content\/uploads\/sites\/3\/apartamento-dos-dormitorios-maritime-valencia-07-1.webp\" data-elementor-open-lightbox=\"yes\" data-elementor-lightbox-slideshow=\"506c655\" data-e-action-hash=\"#elementor-action%3Aaction%3Dlightbox%26settings%3DeyJpZCI6MzM2MCwidXJsIjoiaHR0cHM6XC9cL21hcml0aW1lYXBhcnRhbWVudG9zdmFsZW5jaWEuY29tXC9mclwvd3AtY29udGVudFwvdXBsb2Fkc1wvc2l0ZXNcLzNcL2FwYXJ0YW1lbnRvLWRvcy1kb3JtaXRvcmlvcy1tYXJpdGltZS12YWxlbmNpYS0wNy0xLndlYnAiLCJzbGlkZXNob3ciOiI1MDZjNjU1In0%3D\">\n\t\t\t\t\t<div class=\"e-gallery-image elementor-gallery-item__image\" data-thumbnail=\"https:\/\/maritimeapartamentosvalencia.com\/fr\/wp-content\/uploads\/sites\/3\/apartamento-dos-dormitorios-maritime-valencia-07-1.webp\" data-width=\"1500\" data-height=\"1125\" aria-label=\"\" role=\"img\" ><\/div>\n\t\t\t\t\t\t\t\t\t\t\t<div class=\"elementor-gallery-item__overlay\"><\/div>\n\t\t\t\t\t\t\t\t\t\t\t\t\t\t<\/a>\n\t\t\t\t\t\t\t<a class=\"e-gallery-item elementor-gallery-item elementor-animated-content\" data-e-gallery-tags=\"2\" href=\"https:\/\/maritimeapartamentosvalencia.com\/fr\/wp-content\/uploads\/sites\/3\/apartamento-dos-dormitorios-maritime-valencia-06-1.webp\" data-elementor-open-lightbox=\"yes\" data-elementor-lightbox-slideshow=\"506c655\" data-e-action-hash=\"#elementor-action%3Aaction%3Dlightbox%26settings%3DeyJpZCI6MzEwNCwidXJsIjoiaHR0cHM6XC9cL21hcml0aW1lYXBhcnRhbWVudG9zdmFsZW5jaWEuY29tXC9mclwvd3AtY29udGVudFwvdXBsb2Fkc1wvc2l0ZXNcLzNcL2FwYXJ0YW1lbnRvLWRvcy1kb3JtaXRvcmlvcy1tYXJpdGltZS12YWxlbmNpYS0wNi0xLndlYnAiLCJzbGlkZXNob3ciOiI1MDZjNjU1In0%3D\">\n\t\t\t\t\t<div class=\"e-gallery-image elementor-gallery-item__image\" data-thumbnail=\"https:\/\/maritimeapartamentosvalencia.com\/fr\/wp-content\/uploads\/sites\/3\/apartamento-dos-dormitorios-maritime-valencia-06-1.webp\" data-width=\"1350\" data-height=\"1800\" aria-label=\"\" role=\"img\" ><\/div>\n\t\t\t\t\t\t\t\t\t\t\t<div class=\"elementor-gallery-item__overlay\"><\/div>\n\t\t\t\t\t\t\t\t\t\t\t\t\t\t<\/a>\n\t\t\t\t\t\t\t<a class=\"e-gallery-item elementor-gallery-item elementor-animated-content\" data-e-gallery-tags=\"2\" href=\"https:\/\/maritimeapartamentosvalencia.com\/fr\/wp-content\/uploads\/sites\/3\/apartamento-dos-dormitorios-maritime-valencia-05-1.webp\" data-elementor-open-lightbox=\"yes\" data-elementor-lightbox-slideshow=\"506c655\" data-e-action-hash=\"#elementor-action%3Aaction%3Dlightbox%26settings%3DeyJpZCI6MzM2MSwidXJsIjoiaHR0cHM6XC9cL21hcml0aW1lYXBhcnRhbWVudG9zdmFsZW5jaWEuY29tXC9mclwvd3AtY29udGVudFwvdXBsb2Fkc1wvc2l0ZXNcLzNcL2FwYXJ0YW1lbnRvLWRvcy1kb3JtaXRvcmlvcy1tYXJpdGltZS12YWxlbmNpYS0wNS0xLndlYnAiLCJzbGlkZXNob3ciOiI1MDZjNjU1In0%3D\">\n\t\t\t\t\t<div class=\"e-gallery-image elementor-gallery-item__image\" data-thumbnail=\"https:\/\/maritimeapartamentosvalencia.com\/fr\/wp-content\/uploads\/sites\/3\/apartamento-dos-dormitorios-maritime-valencia-05-1.webp\" data-width=\"750\" data-height=\"1000\" aria-label=\"\" role=\"img\" ><\/div>\n\t\t\t\t\t\t\t\t\t\t\t<div class=\"elementor-gallery-item__overlay\"><\/div>\n\t\t\t\t\t\t\t\t\t\t\t\t\t\t<\/a>\n\t\t\t\t\t\t\t<a class=\"e-gallery-item elementor-gallery-item elementor-animated-content\" data-e-gallery-tags=\"2\" href=\"https:\/\/maritimeapartamentosvalencia.com\/fr\/wp-content\/uploads\/sites\/3\/apartamento-dos-dormitorios-maritime-valencia-04-1.webp\" data-elementor-open-lightbox=\"yes\" data-elementor-lightbox-slideshow=\"506c655\" data-e-action-hash=\"#elementor-action%3Aaction%3Dlightbox%26settings%3DeyJpZCI6MzEwMSwidXJsIjoiaHR0cHM6XC9cL21hcml0aW1lYXBhcnRhbWVudG9zdmFsZW5jaWEuY29tXC9mclwvd3AtY29udGVudFwvdXBsb2Fkc1wvc2l0ZXNcLzNcL2FwYXJ0YW1lbnRvLWRvcy1kb3JtaXRvcmlvcy1tYXJpdGltZS12YWxlbmNpYS0wNC0xLndlYnAiLCJzbGlkZXNob3ciOiI1MDZjNjU1In0%3D\">\n\t\t\t\t\t<div class=\"e-gallery-image elementor-gallery-item__image\" data-thumbnail=\"https:\/\/maritimeapartamentosvalencia.com\/fr\/wp-content\/uploads\/sites\/3\/apartamento-dos-dormitorios-maritime-valencia-04-1.webp\" data-width=\"1800\" data-height=\"1350\" aria-label=\"\" role=\"img\" ><\/div>\n\t\t\t\t\t\t\t\t\t\t\t<div class=\"elementor-gallery-item__overlay\"><\/div>\n\t\t\t\t\t\t\t\t\t\t\t\t\t\t<\/a>\n\t\t\t\t\t\t\t<a class=\"e-gallery-item elementor-gallery-item elementor-animated-content\" data-e-gallery-tags=\"2\" href=\"https:\/\/maritimeapartamentosvalencia.com\/fr\/wp-content\/uploads\/sites\/3\/apartamento-dos-dormitorios-maritime-valencia-03-1.webp\" data-elementor-open-lightbox=\"yes\" data-elementor-lightbox-slideshow=\"506c655\" data-e-action-hash=\"#elementor-action%3Aaction%3Dlightbox%26settings%3DeyJpZCI6MzEwMywidXJsIjoiaHR0cHM6XC9cL21hcml0aW1lYXBhcnRhbWVudG9zdmFsZW5jaWEuY29tXC9mclwvd3AtY29udGVudFwvdXBsb2Fkc1wvc2l0ZXNcLzNcL2FwYXJ0YW1lbnRvLWRvcy1kb3JtaXRvcmlvcy1tYXJpdGltZS12YWxlbmNpYS0wMy0xLndlYnAiLCJzbGlkZXNob3ciOiI1MDZjNjU1In0%3D\">\n\t\t\t\t\t<div class=\"e-gallery-image elementor-gallery-item__image\" data-thumbnail=\"https:\/\/maritimeapartamentosvalencia.com\/fr\/wp-content\/uploads\/sites\/3\/apartamento-dos-dormitorios-maritime-valencia-03-1.webp\" data-width=\"1800\" data-height=\"1350\" aria-label=\"\" role=\"img\" ><\/div>\n\t\t\t\t\t\t\t\t\t\t\t<div class=\"elementor-gallery-item__overlay\"><\/div>\n\t\t\t\t\t\t\t\t\t\t\t\t\t\t<\/a>\n\t\t\t\t\t\t\t<a class=\"e-gallery-item elementor-gallery-item elementor-animated-content\" data-e-gallery-tags=\"2\" href=\"https:\/\/maritimeapartamentosvalencia.com\/fr\/wp-content\/uploads\/sites\/3\/apartamento-dos-dormitorios-maritime-valencia-1.webp\" data-elementor-open-lightbox=\"yes\" data-elementor-lightbox-slideshow=\"506c655\" data-e-action-hash=\"#elementor-action%3Aaction%3Dlightbox%26settings%3DeyJpZCI6MzM2MiwidXJsIjoiaHR0cHM6XC9cL21hcml0aW1lYXBhcnRhbWVudG9zdmFsZW5jaWEuY29tXC9mclwvd3AtY29udGVudFwvdXBsb2Fkc1wvc2l0ZXNcLzNcL2FwYXJ0YW1lbnRvLWRvcy1kb3JtaXRvcmlvcy1tYXJpdGltZS12YWxlbmNpYS0xLndlYnAiLCJzbGlkZXNob3ciOiI1MDZjNjU1In0%3D\">\n\t\t\t\t\t<div class=\"e-gallery-image elementor-gallery-item__image\" data-thumbnail=\"https:\/\/maritimeapartamentosvalencia.com\/fr\/wp-content\/uploads\/sites\/3\/apartamento-dos-dormitorios-maritime-valencia-1.webp\" data-width=\"1500\" data-height=\"2000\" aria-label=\"\" role=\"img\" ><\/div>\n\t\t\t\t\t\t\t\t\t\t\t<div class=\"elementor-gallery-item__overlay\"><\/div>\n\t\t\t\t\t\t\t\t\t\t\t\t\t\t<\/a>\n\t\t\t\t\t\t\t<a class=\"e-gallery-item elementor-gallery-item elementor-animated-content\" data-e-gallery-tags=\"2\" href=\"https:\/\/maritimeapartamentosvalencia.com\/fr\/wp-content\/uploads\/sites\/3\/apartamento-dos-dormitorios-maritime-valencia-02-1.webp\" data-elementor-open-lightbox=\"yes\" data-elementor-lightbox-slideshow=\"506c655\" data-e-action-hash=\"#elementor-action%3Aaction%3Dlightbox%26settings%3DeyJpZCI6MzEwMCwidXJsIjoiaHR0cHM6XC9cL21hcml0aW1lYXBhcnRhbWVudG9zdmFsZW5jaWEuY29tXC9mclwvd3AtY29udGVudFwvdXBsb2Fkc1wvc2l0ZXNcLzNcL2FwYXJ0YW1lbnRvLWRvcy1kb3JtaXRvcmlvcy1tYXJpdGltZS12YWxlbmNpYS0wMi0xLndlYnAiLCJzbGlkZXNob3ciOiI1MDZjNjU1In0%3D\">\n\t\t\t\t\t<div class=\"e-gallery-image elementor-gallery-item__image\" data-thumbnail=\"https:\/\/maritimeapartamentosvalencia.com\/fr\/wp-content\/uploads\/sites\/3\/apartamento-dos-dormitorios-maritime-valencia-02-1.webp\" data-width=\"1800\" data-height=\"1350\" aria-label=\"\" role=\"img\" ><\/div>\n\t\t\t\t\t\t\t\t\t\t\t<div class=\"elementor-gallery-item__overlay\"><\/div>\n\t\t\t\t\t\t\t\t\t\t\t\t\t\t<\/a>\n\t\t\t\t\t\t\t<a class=\"e-gallery-item elementor-gallery-item elementor-animated-content\" data-e-gallery-tags=\"3\" href=\"https:\/\/maritimeapartamentosvalencia.com\/fr\/wp-content\/uploads\/sites\/3\/08.areas-comunes-maritime-apartamentos-valencia-1.webp\" data-elementor-open-lightbox=\"yes\" data-elementor-lightbox-slideshow=\"506c655\" data-e-action-hash=\"#elementor-action%3Aaction%3Dlightbox%26settings%3DeyJpZCI6MzM2MywidXJsIjoiaHR0cHM6XC9cL21hcml0aW1lYXBhcnRhbWVudG9zdmFsZW5jaWEuY29tXC9mclwvd3AtY29udGVudFwvdXBsb2Fkc1wvc2l0ZXNcLzNcLzA4LmFyZWFzLWNvbXVuZXMtbWFyaXRpbWUtYXBhcnRhbWVudG9zLXZhbGVuY2lhLTEud2VicCIsInNsaWRlc2hvdyI6IjUwNmM2NTUifQ%3D%3D\">\n\t\t\t\t\t<div class=\"e-gallery-image elementor-gallery-item__image\" data-thumbnail=\"https:\/\/maritimeapartamentosvalencia.com\/fr\/wp-content\/uploads\/sites\/3\/08.areas-comunes-maritime-apartamentos-valencia-1.webp\" data-width=\"1400\" data-height=\"1050\" aria-label=\"\" role=\"img\" ><\/div>\n\t\t\t\t\t\t\t\t\t\t\t<div class=\"elementor-gallery-item__overlay\"><\/div>\n\t\t\t\t\t\t\t\t\t\t\t\t\t\t<\/a>\n\t\t\t\t\t\t\t<a class=\"e-gallery-item elementor-gallery-item elementor-animated-content\" data-e-gallery-tags=\"3\" href=\"https:\/\/maritimeapartamentosvalencia.com\/fr\/wp-content\/uploads\/sites\/3\/07.areas-comunes-maritime-apartamentos-valencia-1.webp\" data-elementor-open-lightbox=\"yes\" data-elementor-lightbox-slideshow=\"506c655\" data-e-action-hash=\"#elementor-action%3Aaction%3Dlightbox%26settings%3DeyJpZCI6MzM2NCwidXJsIjoiaHR0cHM6XC9cL21hcml0aW1lYXBhcnRhbWVudG9zdmFsZW5jaWEuY29tXC9mclwvd3AtY29udGVudFwvdXBsb2Fkc1wvc2l0ZXNcLzNcLzA3LmFyZWFzLWNvbXVuZXMtbWFyaXRpbWUtYXBhcnRhbWVudG9zLXZhbGVuY2lhLTEud2VicCIsInNsaWRlc2hvdyI6IjUwNmM2NTUifQ%3D%3D\">\n\t\t\t\t\t<div class=\"e-gallery-image elementor-gallery-item__image\" data-thumbnail=\"https:\/\/maritimeapartamentosvalencia.com\/fr\/wp-content\/uploads\/sites\/3\/07.areas-comunes-maritime-apartamentos-valencia-1.webp\" data-width=\"1400\" data-height=\"1050\" aria-label=\"\" role=\"img\" ><\/div>\n\t\t\t\t\t\t\t\t\t\t\t<div class=\"elementor-gallery-item__overlay\"><\/div>\n\t\t\t\t\t\t\t\t\t\t\t\t\t\t<\/a>\n\t\t\t\t\t\t\t<a class=\"e-gallery-item elementor-gallery-item elementor-animated-content\" data-e-gallery-tags=\"3\" href=\"https:\/\/maritimeapartamentosvalencia.com\/fr\/wp-content\/uploads\/sites\/3\/06.areas-comunes-maritime-apartamentos-valencia-1.webp\" data-elementor-open-lightbox=\"yes\" data-elementor-lightbox-slideshow=\"506c655\" data-e-action-hash=\"#elementor-action%3Aaction%3Dlightbox%26settings%3DeyJpZCI6MzM2NSwidXJsIjoiaHR0cHM6XC9cL21hcml0aW1lYXBhcnRhbWVudG9zdmFsZW5jaWEuY29tXC9mclwvd3AtY29udGVudFwvdXBsb2Fkc1wvc2l0ZXNcLzNcLzA2LmFyZWFzLWNvbXVuZXMtbWFyaXRpbWUtYXBhcnRhbWVudG9zLXZhbGVuY2lhLTEud2VicCIsInNsaWRlc2hvdyI6IjUwNmM2NTUifQ%3D%3D\">\n\t\t\t\t\t<div class=\"e-gallery-image elementor-gallery-item__image\" data-thumbnail=\"https:\/\/maritimeapartamentosvalencia.com\/fr\/wp-content\/uploads\/sites\/3\/06.areas-comunes-maritime-apartamentos-valencia-1.webp\" data-width=\"1400\" data-height=\"1076\" aria-label=\"\" role=\"img\" ><\/div>\n\t\t\t\t\t\t\t\t\t\t\t<div class=\"elementor-gallery-item__overlay\"><\/div>\n\t\t\t\t\t\t\t\t\t\t\t\t\t\t<\/a>\n\t\t\t\t\t\t\t<a class=\"e-gallery-item elementor-gallery-item elementor-animated-content\" data-e-gallery-tags=\"3\" href=\"https:\/\/maritimeapartamentosvalencia.com\/fr\/wp-content\/uploads\/sites\/3\/05.areas-comunes-maritime-apartamentos-valencia-1.webp\" data-elementor-open-lightbox=\"yes\" data-elementor-lightbox-slideshow=\"506c655\" data-e-action-hash=\"#elementor-action%3Aaction%3Dlightbox%26settings%3DeyJpZCI6MzM2NiwidXJsIjoiaHR0cHM6XC9cL21hcml0aW1lYXBhcnRhbWVudG9zdmFsZW5jaWEuY29tXC9mclwvd3AtY29udGVudFwvdXBsb2Fkc1wvc2l0ZXNcLzNcLzA1LmFyZWFzLWNvbXVuZXMtbWFyaXRpbWUtYXBhcnRhbWVudG9zLXZhbGVuY2lhLTEud2VicCIsInNsaWRlc2hvdyI6IjUwNmM2NTUifQ%3D%3D\">\n\t\t\t\t\t<div class=\"e-gallery-image elementor-gallery-item__image\" data-thumbnail=\"https:\/\/maritimeapartamentosvalencia.com\/fr\/wp-content\/uploads\/sites\/3\/05.areas-comunes-maritime-apartamentos-valencia-1.webp\" data-width=\"1800\" data-height=\"1350\" aria-label=\"\" role=\"img\" ><\/div>\n\t\t\t\t\t\t\t\t\t\t\t<div class=\"elementor-gallery-item__overlay\"><\/div>\n\t\t\t\t\t\t\t\t\t\t\t\t\t\t<\/a>\n\t\t\t\t\t\t\t<a class=\"e-gallery-item elementor-gallery-item elementor-animated-content\" data-e-gallery-tags=\"3\" href=\"https:\/\/maritimeapartamentosvalencia.com\/fr\/wp-content\/uploads\/sites\/3\/04.areas-comunes-maritime-apartamentos-valencia-1.webp\" data-elementor-open-lightbox=\"yes\" data-elementor-lightbox-slideshow=\"506c655\" data-e-action-hash=\"#elementor-action%3Aaction%3Dlightbox%26settings%3DeyJpZCI6MzM2NywidXJsIjoiaHR0cHM6XC9cL21hcml0aW1lYXBhcnRhbWVudG9zdmFsZW5jaWEuY29tXC9mclwvd3AtY29udGVudFwvdXBsb2Fkc1wvc2l0ZXNcLzNcLzA0LmFyZWFzLWNvbXVuZXMtbWFyaXRpbWUtYXBhcnRhbWVudG9zLXZhbGVuY2lhLTEud2VicCIsInNsaWRlc2hvdyI6IjUwNmM2NTUifQ%3D%3D\">\n\t\t\t\t\t<div class=\"e-gallery-image elementor-gallery-item__image\" data-thumbnail=\"https:\/\/maritimeapartamentosvalencia.com\/fr\/wp-content\/uploads\/sites\/3\/04.areas-comunes-maritime-apartamentos-valencia-1.webp\" data-width=\"1400\" data-height=\"1059\" aria-label=\"\" role=\"img\" ><\/div>\n\t\t\t\t\t\t\t\t\t\t\t<div class=\"elementor-gallery-item__overlay\"><\/div>\n\t\t\t\t\t\t\t\t\t\t\t\t\t\t<\/a>\n\t\t\t\t\t\t\t<a class=\"e-gallery-item elementor-gallery-item elementor-animated-content\" data-e-gallery-tags=\"3\" href=\"https:\/\/maritimeapartamentosvalencia.com\/fr\/wp-content\/uploads\/sites\/3\/03.areas-comunes-maritime-apartamentos-valencia-1.webp\" data-elementor-open-lightbox=\"yes\" data-elementor-lightbox-slideshow=\"506c655\" data-e-action-hash=\"#elementor-action%3Aaction%3Dlightbox%26settings%3DeyJpZCI6MzM2OCwidXJsIjoiaHR0cHM6XC9cL21hcml0aW1lYXBhcnRhbWVudG9zdmFsZW5jaWEuY29tXC9mclwvd3AtY29udGVudFwvdXBsb2Fkc1wvc2l0ZXNcLzNcLzAzLmFyZWFzLWNvbXVuZXMtbWFyaXRpbWUtYXBhcnRhbWVudG9zLXZhbGVuY2lhLTEud2VicCIsInNsaWRlc2hvdyI6IjUwNmM2NTUifQ%3D%3D\">\n\t\t\t\t\t<div class=\"e-gallery-image elementor-gallery-item__image\" data-thumbnail=\"https:\/\/maritimeapartamentosvalencia.com\/fr\/wp-content\/uploads\/sites\/3\/03.areas-comunes-maritime-apartamentos-valencia-1.webp\" data-width=\"1400\" data-height=\"1093\" aria-label=\"\" role=\"img\" ><\/div>\n\t\t\t\t\t\t\t\t\t\t\t<div class=\"elementor-gallery-item__overlay\"><\/div>\n\t\t\t\t\t\t\t\t\t\t\t\t\t\t<\/a>\n\t\t\t\t\t\t\t<a class=\"e-gallery-item elementor-gallery-item elementor-animated-content\" data-e-gallery-tags=\"3\" href=\"https:\/\/maritimeapartamentosvalencia.com\/fr\/wp-content\/uploads\/sites\/3\/02.areas-comunes-maritime-apartamentos-valencia-1.webp\" data-elementor-open-lightbox=\"yes\" data-elementor-lightbox-slideshow=\"506c655\" data-e-action-hash=\"#elementor-action%3Aaction%3Dlightbox%26settings%3DeyJpZCI6MzM2OSwidXJsIjoiaHR0cHM6XC9cL21hcml0aW1lYXBhcnRhbWVudG9zdmFsZW5jaWEuY29tXC9mclwvd3AtY29udGVudFwvdXBsb2Fkc1wvc2l0ZXNcLzNcLzAyLmFyZWFzLWNvbXVuZXMtbWFyaXRpbWUtYXBhcnRhbWVudG9zLXZhbGVuY2lhLTEud2VicCIsInNsaWRlc2hvdyI6IjUwNmM2NTUifQ%3D%3D\">\n\t\t\t\t\t<div class=\"e-gallery-image elementor-gallery-item__image\" data-thumbnail=\"https:\/\/maritimeapartamentosvalencia.com\/fr\/wp-content\/uploads\/sites\/3\/02.areas-comunes-maritime-apartamentos-valencia-1.webp\" data-width=\"1400\" data-height=\"1137\" aria-label=\"\" role=\"img\" ><\/div>\n\t\t\t\t\t\t\t\t\t\t\t<div class=\"elementor-gallery-item__overlay\"><\/div>\n\t\t\t\t\t\t\t\t\t\t\t\t\t\t<\/a>\n\t\t\t\t\t\t\t<a class=\"e-gallery-item elementor-gallery-item elementor-animated-content\" data-e-gallery-tags=\"3\" href=\"https:\/\/maritimeapartamentosvalencia.com\/fr\/wp-content\/uploads\/sites\/3\/09.areas-comunes-maritime-apartamentos-valencia-1.webp\" data-elementor-open-lightbox=\"yes\" data-elementor-lightbox-slideshow=\"506c655\" data-e-action-hash=\"#elementor-action%3Aaction%3Dlightbox%26settings%3DeyJpZCI6MzM3MCwidXJsIjoiaHR0cHM6XC9cL21hcml0aW1lYXBhcnRhbWVudG9zdmFsZW5jaWEuY29tXC9mclwvd3AtY29udGVudFwvdXBsb2Fkc1wvc2l0ZXNcLzNcLzA5LmFyZWFzLWNvbXVuZXMtbWFyaXRpbWUtYXBhcnRhbWVudG9zLXZhbGVuY2lhLTEud2VicCIsInNsaWRlc2hvdyI6IjUwNmM2NTUifQ%3D%3D\">\n\t\t\t\t\t<div class=\"e-gallery-image elementor-gallery-item__image\" data-thumbnail=\"https:\/\/maritimeapartamentosvalencia.com\/fr\/wp-content\/uploads\/sites\/3\/09.areas-comunes-maritime-apartamentos-valencia-1.webp\" data-width=\"1400\" data-height=\"1050\" aria-label=\"\" role=\"img\" ><\/div>\n\t\t\t\t\t\t\t\t\t\t\t<div class=\"elementor-gallery-item__overlay\"><\/div>\n\t\t\t\t\t\t\t\t\t\t\t\t\t\t<\/a>\n\t\t\t\t\t\t\t<a class=\"e-gallery-item elementor-gallery-item elementor-animated-content\" data-e-gallery-tags=\"3\" href=\"https:\/\/maritimeapartamentosvalencia.com\/fr\/wp-content\/uploads\/sites\/3\/10.areas-comunes-maritime-apartamentos-valencia-1.webp\" data-elementor-open-lightbox=\"yes\" data-elementor-lightbox-slideshow=\"506c655\" data-e-action-hash=\"#elementor-action%3Aaction%3Dlightbox%26settings%3DeyJpZCI6MzM3MSwidXJsIjoiaHR0cHM6XC9cL21hcml0aW1lYXBhcnRhbWVudG9zdmFsZW5jaWEuY29tXC9mclwvd3AtY29udGVudFwvdXBsb2Fkc1wvc2l0ZXNcLzNcLzEwLmFyZWFzLWNvbXVuZXMtbWFyaXRpbWUtYXBhcnRhbWVudG9zLXZhbGVuY2lhLTEud2VicCIsInNsaWRlc2hvdyI6IjUwNmM2NTUifQ%3D%3D\">\n\t\t\t\t\t<div class=\"e-gallery-image elementor-gallery-item__image\" data-thumbnail=\"https:\/\/maritimeapartamentosvalencia.com\/fr\/wp-content\/uploads\/sites\/3\/10.areas-comunes-maritime-apartamentos-valencia-1.webp\" data-width=\"1400\" data-height=\"1050\" aria-label=\"\" role=\"img\" ><\/div>\n\t\t\t\t\t\t\t\t\t\t\t<div class=\"elementor-gallery-item__overlay\"><\/div>\n\t\t\t\t\t\t\t\t\t\t\t\t\t\t<\/a>\n\t\t\t\t\t\t\t<a class=\"e-gallery-item elementor-gallery-item elementor-animated-content\" data-e-gallery-tags=\"3\" href=\"https:\/\/maritimeapartamentosvalencia.com\/fr\/wp-content\/uploads\/sites\/3\/areas-comunes-maritime-apartamentos-valencia-1.webp\" data-elementor-open-lightbox=\"yes\" data-elementor-lightbox-slideshow=\"506c655\" data-e-action-hash=\"#elementor-action%3Aaction%3Dlightbox%26settings%3DeyJpZCI6MzM3MiwidXJsIjoiaHR0cHM6XC9cL21hcml0aW1lYXBhcnRhbWVudG9zdmFsZW5jaWEuY29tXC9mclwvd3AtY29udGVudFwvdXBsb2Fkc1wvc2l0ZXNcLzNcL2FyZWFzLWNvbXVuZXMtbWFyaXRpbWUtYXBhcnRhbWVudG9zLXZhbGVuY2lhLTEud2VicCIsInNsaWRlc2hvdyI6IjUwNmM2NTUifQ%3D%3D\">\n\t\t\t\t\t<div class=\"e-gallery-image elementor-gallery-item__image\" data-thumbnail=\"https:\/\/maritimeapartamentosvalencia.com\/fr\/wp-content\/uploads\/sites\/3\/areas-comunes-maritime-apartamentos-valencia-1.webp\" data-width=\"1400\" data-height=\"1090\" aria-label=\"\" role=\"img\" ><\/div>\n\t\t\t\t\t\t\t\t\t\t\t<div class=\"elementor-gallery-item__overlay\"><\/div>\n\t\t\t\t\t\t\t\t\t\t\t\t\t\t<\/a>\n\t\t\t\t\t\t\t<a class=\"e-gallery-item elementor-gallery-item elementor-animated-content\" data-e-gallery-tags=\"3\" href=\"https:\/\/maritimeapartamentosvalencia.com\/fr\/wp-content\/uploads\/sites\/3\/maritime-apartamentos-218130935-1.webp\" data-elementor-open-lightbox=\"yes\" data-elementor-lightbox-slideshow=\"506c655\" data-e-action-hash=\"#elementor-action%3Aaction%3Dlightbox%26settings%3DeyJpZCI6MzM3MywidXJsIjoiaHR0cHM6XC9cL21hcml0aW1lYXBhcnRhbWVudG9zdmFsZW5jaWEuY29tXC9mclwvd3AtY29udGVudFwvdXBsb2Fkc1wvc2l0ZXNcLzNcL21hcml0aW1lLWFwYXJ0YW1lbnRvcy0yMTgxMzA5MzUtMS53ZWJwIiwic2xpZGVzaG93IjoiNTA2YzY1NSJ9\">\n\t\t\t\t\t<div class=\"e-gallery-image elementor-gallery-item__image\" data-thumbnail=\"https:\/\/maritimeapartamentosvalencia.com\/fr\/wp-content\/uploads\/sites\/3\/maritime-apartamentos-218130935-1.webp\" data-width=\"1024\" data-height=\"683\" aria-label=\"\" role=\"img\" ><\/div>\n\t\t\t\t\t\t\t\t\t\t\t<div class=\"elementor-gallery-item__overlay\"><\/div>\n\t\t\t\t\t\t\t\t\t\t\t\t\t\t<\/a>\n\t\t\t\t\t\t\t<a class=\"e-gallery-item elementor-gallery-item elementor-animated-content\" data-e-gallery-tags=\"3\" href=\"https:\/\/maritimeapartamentosvalencia.com\/fr\/wp-content\/uploads\/sites\/3\/218130954-1.jpg\" data-elementor-open-lightbox=\"yes\" data-elementor-lightbox-slideshow=\"506c655\" data-e-action-hash=\"#elementor-action%3Aaction%3Dlightbox%26settings%3DeyJpZCI6MzM3NCwidXJsIjoiaHR0cHM6XC9cL21hcml0aW1lYXBhcnRhbWVudG9zdmFsZW5jaWEuY29tXC9mclwvd3AtY29udGVudFwvdXBsb2Fkc1wvc2l0ZXNcLzNcLzIxODEzMDk1NC0xLmpwZyIsInNsaWRlc2hvdyI6IjUwNmM2NTUifQ%3D%3D\">\n\t\t\t\t\t<div class=\"e-gallery-image elementor-gallery-item__image\" data-thumbnail=\"https:\/\/maritimeapartamentosvalencia.com\/fr\/wp-content\/uploads\/sites\/3\/218130954-1.jpg\" data-width=\"1024\" data-height=\"683\" aria-label=\"\" role=\"img\" ><\/div>\n\t\t\t\t\t\t\t\t\t\t\t<div class=\"elementor-gallery-item__overlay\"><\/div>\n\t\t\t\t\t\t\t\t\t\t\t\t\t\t<\/a>\n\t\t\t\t\t\t\t<a class=\"e-gallery-item elementor-gallery-item elementor-animated-content\" data-e-gallery-tags=\"3\" href=\"https:\/\/maritimeapartamentosvalencia.com\/fr\/wp-content\/uploads\/sites\/3\/maritime-apartamentos-218130982-1.webp\" data-elementor-open-lightbox=\"yes\" data-elementor-lightbox-slideshow=\"506c655\" data-e-action-hash=\"#elementor-action%3Aaction%3Dlightbox%26settings%3DeyJpZCI6MzM3NSwidXJsIjoiaHR0cHM6XC9cL21hcml0aW1lYXBhcnRhbWVudG9zdmFsZW5jaWEuY29tXC9mclwvd3AtY29udGVudFwvdXBsb2Fkc1wvc2l0ZXNcLzNcL21hcml0aW1lLWFwYXJ0YW1lbnRvcy0yMTgxMzA5ODItMS53ZWJwIiwic2xpZGVzaG93IjoiNTA2YzY1NSJ9\">\n\t\t\t\t\t<div class=\"e-gallery-image elementor-gallery-item__image\" data-thumbnail=\"https:\/\/maritimeapartamentosvalencia.com\/fr\/wp-content\/uploads\/sites\/3\/maritime-apartamentos-218130982-1.webp\" data-width=\"924\" data-height=\"617\" aria-label=\"\" role=\"img\" ><\/div>\n\t\t\t\t\t\t\t\t\t\t\t<div class=\"elementor-gallery-item__overlay\"><\/div>\n\t\t\t\t\t\t\t\t\t\t\t\t\t\t<\/a>\n\t\t\t\t\t\t\t<a class=\"e-gallery-item elementor-gallery-item elementor-animated-content\" data-e-gallery-tags=\"3\" href=\"https:\/\/maritimeapartamentosvalencia.com\/fr\/wp-content\/uploads\/sites\/3\/maritime-apartamentos-218130984-1.webp\" data-elementor-open-lightbox=\"yes\" data-elementor-lightbox-slideshow=\"506c655\" data-e-action-hash=\"#elementor-action%3Aaction%3Dlightbox%26settings%3DeyJpZCI6MzM3NiwidXJsIjoiaHR0cHM6XC9cL21hcml0aW1lYXBhcnRhbWVudG9zdmFsZW5jaWEuY29tXC9mclwvd3AtY29udGVudFwvdXBsb2Fkc1wvc2l0ZXNcLzNcL21hcml0aW1lLWFwYXJ0YW1lbnRvcy0yMTgxMzA5ODQtMS53ZWJwIiwic2xpZGVzaG93IjoiNTA2YzY1NSJ9\">\n\t\t\t\t\t<div class=\"e-gallery-image elementor-gallery-item__image\" data-thumbnail=\"https:\/\/maritimeapartamentosvalencia.com\/fr\/wp-content\/uploads\/sites\/3\/maritime-apartamentos-218130984-1.webp\" data-width=\"512\" data-height=\"768\" aria-label=\"\" role=\"img\" ><\/div>\n\t\t\t\t\t\t\t\t\t\t\t<div class=\"elementor-gallery-item__overlay\"><\/div>\n\t\t\t\t\t\t\t\t\t\t\t\t\t\t<\/a>\n\t\t\t\t\t\t\t<a class=\"e-gallery-item elementor-gallery-item elementor-animated-content\" data-e-gallery-tags=\"3\" href=\"https:\/\/maritimeapartamentosvalencia.com\/fr\/wp-content\/uploads\/sites\/3\/maritime-apartamentos-arounds-218130932-1.webp\" data-elementor-open-lightbox=\"yes\" data-elementor-lightbox-slideshow=\"506c655\" data-e-action-hash=\"#elementor-action%3Aaction%3Dlightbox%26settings%3DeyJpZCI6MzM3NywidXJsIjoiaHR0cHM6XC9cL21hcml0aW1lYXBhcnRhbWVudG9zdmFsZW5jaWEuY29tXC9mclwvd3AtY29udGVudFwvdXBsb2Fkc1wvc2l0ZXNcLzNcL21hcml0aW1lLWFwYXJ0YW1lbnRvcy1hcm91bmRzLTIxODEzMDkzMi0xLndlYnAiLCJzbGlkZXNob3ciOiI1MDZjNjU1In0%3D\">\n\t\t\t\t\t<div class=\"e-gallery-image elementor-gallery-item__image\" data-thumbnail=\"https:\/\/maritimeapartamentosvalencia.com\/fr\/wp-content\/uploads\/sites\/3\/maritime-apartamentos-arounds-218130932-1.webp\" data-width=\"1024\" data-height=\"683\" aria-label=\"\" role=\"img\" ><\/div>\n\t\t\t\t\t\t\t\t\t\t\t<div class=\"elementor-gallery-item__overlay\"><\/div>\n\t\t\t\t\t\t\t\t\t\t\t\t\t\t<\/a>\n\t\t\t\t\t\t\t<a class=\"e-gallery-item elementor-gallery-item elementor-animated-content\" data-e-gallery-tags=\"3\" href=\"https:\/\/maritimeapartamentosvalencia.com\/fr\/wp-content\/uploads\/sites\/3\/maritime-apartamentos-fachada-218130964-1.webp\" data-elementor-open-lightbox=\"yes\" data-elementor-lightbox-slideshow=\"506c655\" data-e-action-hash=\"#elementor-action%3Aaction%3Dlightbox%26settings%3DeyJpZCI6MzIyNSwidXJsIjoiaHR0cHM6XC9cL21hcml0aW1lYXBhcnRhbWVudG9zdmFsZW5jaWEuY29tXC9mclwvd3AtY29udGVudFwvdXBsb2Fkc1wvc2l0ZXNcLzNcL21hcml0aW1lLWFwYXJ0YW1lbnRvcy1mYWNoYWRhLTIxODEzMDk2NC0xLndlYnAiLCJzbGlkZXNob3ciOiI1MDZjNjU1In0%3D\">\n\t\t\t\t\t<div class=\"e-gallery-image elementor-gallery-item__image\" data-thumbnail=\"https:\/\/maritimeapartamentosvalencia.com\/fr\/wp-content\/uploads\/sites\/3\/maritime-apartamentos-fachada-218130964-1.webp\" data-width=\"1024\" data-height=\"683\" aria-label=\"\" role=\"img\" ><\/div>\n\t\t\t\t\t\t\t\t\t\t\t<div class=\"elementor-gallery-item__overlay\"><\/div>\n\t\t\t\t\t\t\t\t\t\t\t\t\t\t<\/a>\n\t\t\t\t\t\t\t<a class=\"e-gallery-item elementor-gallery-item elementor-animated-content\" data-e-gallery-tags=\"3\" href=\"https:\/\/maritimeapartamentosvalencia.com\/fr\/wp-content\/uploads\/sites\/3\/maritime-apartamentos-arounds-218130926-1.webp\" data-elementor-open-lightbox=\"yes\" data-elementor-lightbox-slideshow=\"506c655\" data-e-action-hash=\"#elementor-action%3Aaction%3Dlightbox%26settings%3DeyJpZCI6MzM3OCwidXJsIjoiaHR0cHM6XC9cL21hcml0aW1lYXBhcnRhbWVudG9zdmFsZW5jaWEuY29tXC9mclwvd3AtY29udGVudFwvdXBsb2Fkc1wvc2l0ZXNcLzNcL21hcml0aW1lLWFwYXJ0YW1lbnRvcy1hcm91bmRzLTIxODEzMDkyNi0xLndlYnAiLCJzbGlkZXNob3ciOiI1MDZjNjU1In0%3D\">\n\t\t\t\t\t<div class=\"e-gallery-image elementor-gallery-item__image\" data-thumbnail=\"https:\/\/maritimeapartamentosvalencia.com\/fr\/wp-content\/uploads\/sites\/3\/maritime-apartamentos-arounds-218130926-1.webp\" data-width=\"1024\" data-height=\"683\" aria-label=\"\" role=\"img\" ><\/div>\n\t\t\t\t\t\t\t\t\t\t\t<div class=\"elementor-gallery-item__overlay\"><\/div>\n\t\t\t\t\t\t\t\t\t\t\t\t\t\t<\/a>\n\t\t\t\t\t\t\t<a class=\"e-gallery-item elementor-gallery-item elementor-animated-content\" data-e-gallery-tags=\"3\" href=\"https:\/\/maritimeapartamentosvalencia.com\/fr\/wp-content\/uploads\/sites\/3\/fachada-maritime-apartamentos-valencia-05-1.webp\" data-elementor-open-lightbox=\"yes\" data-elementor-lightbox-slideshow=\"506c655\" data-e-action-hash=\"#elementor-action%3Aaction%3Dlightbox%26settings%3DeyJpZCI6MzM3OSwidXJsIjoiaHR0cHM6XC9cL21hcml0aW1lYXBhcnRhbWVudG9zdmFsZW5jaWEuY29tXC9mclwvd3AtY29udGVudFwvdXBsb2Fkc1wvc2l0ZXNcLzNcL2ZhY2hhZGEtbWFyaXRpbWUtYXBhcnRhbWVudG9zLXZhbGVuY2lhLTA1LTEud2VicCIsInNsaWRlc2hvdyI6IjUwNmM2NTUifQ%3D%3D\">\n\t\t\t\t\t<div class=\"e-gallery-image elementor-gallery-item__image\" data-thumbnail=\"https:\/\/maritimeapartamentosvalencia.com\/fr\/wp-content\/uploads\/sites\/3\/fachada-maritime-apartamentos-valencia-05-1.webp\" data-width=\"1063\" data-height=\"800\" aria-label=\"\" role=\"img\" ><\/div>\n\t\t\t\t\t\t\t\t\t\t\t<div class=\"elementor-gallery-item__overlay\"><\/div>\n\t\t\t\t\t\t\t\t\t\t\t\t\t\t<\/a>\n\t\t\t\t\t\t\t<a class=\"e-gallery-item elementor-gallery-item elementor-animated-content\" data-e-gallery-tags=\"3\" href=\"https:\/\/maritimeapartamentosvalencia.com\/fr\/wp-content\/uploads\/sites\/3\/fachada-maritime-apartamentos-valencia-04-1.webp\" data-elementor-open-lightbox=\"yes\" data-elementor-lightbox-slideshow=\"506c655\" data-e-action-hash=\"#elementor-action%3Aaction%3Dlightbox%26settings%3DeyJpZCI6MzM4MCwidXJsIjoiaHR0cHM6XC9cL21hcml0aW1lYXBhcnRhbWVudG9zdmFsZW5jaWEuY29tXC9mclwvd3AtY29udGVudFwvdXBsb2Fkc1wvc2l0ZXNcLzNcL2ZhY2hhZGEtbWFyaXRpbWUtYXBhcnRhbWVudG9zLXZhbGVuY2lhLTA0LTEud2VicCIsInNsaWRlc2hvdyI6IjUwNmM2NTUifQ%3D%3D\">\n\t\t\t\t\t<div class=\"e-gallery-image elementor-gallery-item__image\" data-thumbnail=\"https:\/\/maritimeapartamentosvalencia.com\/fr\/wp-content\/uploads\/sites\/3\/fachada-maritime-apartamentos-valencia-04-1.webp\" data-width=\"1076\" data-height=\"800\" aria-label=\"\" role=\"img\" ><\/div>\n\t\t\t\t\t\t\t\t\t\t\t<div class=\"elementor-gallery-item__overlay\"><\/div>\n\t\t\t\t\t\t\t\t\t\t\t\t\t\t<\/a>\n\t\t\t\t\t\t\t<a class=\"e-gallery-item elementor-gallery-item elementor-animated-content\" data-e-gallery-tags=\"3\" href=\"https:\/\/maritimeapartamentosvalencia.com\/fr\/wp-content\/uploads\/sites\/3\/fachada-maritime-apartamentos-valencia-03-1.webp\" data-elementor-open-lightbox=\"yes\" data-elementor-lightbox-slideshow=\"506c655\" data-e-action-hash=\"#elementor-action%3Aaction%3Dlightbox%26settings%3DeyJpZCI6MzM4MSwidXJsIjoiaHR0cHM6XC9cL21hcml0aW1lYXBhcnRhbWVudG9zdmFsZW5jaWEuY29tXC9mclwvd3AtY29udGVudFwvdXBsb2Fkc1wvc2l0ZXNcLzNcL2ZhY2hhZGEtbWFyaXRpbWUtYXBhcnRhbWVudG9zLXZhbGVuY2lhLTAzLTEud2VicCIsInNsaWRlc2hvdyI6IjUwNmM2NTUifQ%3D%3D\">\n\t\t\t\t\t<div class=\"e-gallery-image elementor-gallery-item__image\" data-thumbnail=\"https:\/\/maritimeapartamentosvalencia.com\/fr\/wp-content\/uploads\/sites\/3\/fachada-maritime-apartamentos-valencia-03-1.webp\" data-width=\"1067\" data-height=\"800\" aria-label=\"\" role=\"img\" ><\/div>\n\t\t\t\t\t\t\t\t\t\t\t<div class=\"elementor-gallery-item__overlay\"><\/div>\n\t\t\t\t\t\t\t\t\t\t\t\t\t\t<\/a>\n\t\t\t\t\t\t\t<a class=\"e-gallery-item elementor-gallery-item elementor-animated-content\" data-e-gallery-tags=\"3\" href=\"https:\/\/maritimeapartamentosvalencia.com\/fr\/wp-content\/uploads\/sites\/3\/fachada-maritime-apartamentos-valencia-02-1.webp\" data-elementor-open-lightbox=\"yes\" data-elementor-lightbox-slideshow=\"506c655\" data-e-action-hash=\"#elementor-action%3Aaction%3Dlightbox%26settings%3DeyJpZCI6MzM4MiwidXJsIjoiaHR0cHM6XC9cL21hcml0aW1lYXBhcnRhbWVudG9zdmFsZW5jaWEuY29tXC9mclwvd3AtY29udGVudFwvdXBsb2Fkc1wvc2l0ZXNcLzNcL2ZhY2hhZGEtbWFyaXRpbWUtYXBhcnRhbWVudG9zLXZhbGVuY2lhLTAyLTEud2VicCIsInNsaWRlc2hvdyI6IjUwNmM2NTUifQ%3D%3D\">\n\t\t\t\t\t<div class=\"e-gallery-image elementor-gallery-item__image\" data-thumbnail=\"https:\/\/maritimeapartamentosvalencia.com\/fr\/wp-content\/uploads\/sites\/3\/fachada-maritime-apartamentos-valencia-02-1.webp\" data-width=\"1067\" data-height=\"800\" aria-label=\"\" role=\"img\" ><\/div>\n\t\t\t\t\t\t\t\t\t\t\t<div class=\"elementor-gallery-item__overlay\"><\/div>\n\t\t\t\t\t\t\t\t\t\t\t\t\t\t<\/a>\n\t\t\t\t\t\t\t<a class=\"e-gallery-item elementor-gallery-item elementor-animated-content\" data-e-gallery-tags=\"3\" href=\"https:\/\/maritimeapartamentosvalencia.com\/fr\/wp-content\/uploads\/sites\/3\/fachada-maritime-apartamentos-valencia-1.webp\" data-elementor-open-lightbox=\"yes\" data-elementor-lightbox-slideshow=\"506c655\" data-e-action-hash=\"#elementor-action%3Aaction%3Dlightbox%26settings%3DeyJpZCI6MzM4MywidXJsIjoiaHR0cHM6XC9cL21hcml0aW1lYXBhcnRhbWVudG9zdmFsZW5jaWEuY29tXC9mclwvd3AtY29udGVudFwvdXBsb2Fkc1wvc2l0ZXNcLzNcL2ZhY2hhZGEtbWFyaXRpbWUtYXBhcnRhbWVudG9zLXZhbGVuY2lhLTEud2VicCIsInNsaWRlc2hvdyI6IjUwNmM2NTUifQ%3D%3D\">\n\t\t\t\t\t<div class=\"e-gallery-image elementor-gallery-item__image\" data-thumbnail=\"https:\/\/maritimeapartamentosvalencia.com\/fr\/wp-content\/uploads\/sites\/3\/fachada-maritime-apartamentos-valencia-1.webp\" data-width=\"1047\" data-height=\"800\" aria-label=\"\" role=\"img\" ><\/div>\n\t\t\t\t\t\t\t\t\t\t\t<div class=\"elementor-gallery-item__overlay\"><\/div>\n\t\t\t\t\t\t\t\t\t\t\t\t\t\t<\/a>\n\t\t\t\t\t<\/div>\n\t\t\t\t\t<\/div>\n\t\t\t\t<\/div>\n\t\t<div id=\"e-n-tab-content-1261149992\" role=\"tabpanel\" aria-labelledby=\"e-n-tab-title-1261149992\" data-tab-index=\"2\" style=\"--n-tabs-title-order: 2;\" class=\" elementor-element elementor-element-2cc5aeb e-con-full e-flex e-con e-child\" data-id=\"2cc5aeb\" data-element_type=\"container\" data-e-type=\"container\">\n\t\t\t\t<div class=\"elementor-element elementor-element-7d80eed elementor-widget elementor-widget-gallery\" data-id=\"7d80eed\" data-element_type=\"widget\" data-e-type=\"widget\" data-settings=\"{&quot;columns_tablet&quot;:3,&quot;columns_mobile&quot;:2,&quot;columns&quot;:5,&quot;lazyload&quot;:&quot;yes&quot;,&quot;gallery_layout&quot;:&quot;grid&quot;,&quot;gap&quot;:{&quot;unit&quot;:&quot;px&quot;,&quot;size&quot;:10,&quot;sizes&quot;:[]},&quot;gap_laptop&quot;:{&quot;unit&quot;:&quot;px&quot;,&quot;size&quot;:10,&quot;sizes&quot;:[]},&quot;gap_tablet&quot;:{&quot;unit&quot;:&quot;px&quot;,&quot;size&quot;:10,&quot;sizes&quot;:[]},&quot;gap_mobile&quot;:{&quot;unit&quot;:&quot;px&quot;,&quot;size&quot;:10,&quot;sizes&quot;:[]},&quot;link_to&quot;:&quot;file&quot;,&quot;aspect_ratio&quot;:&quot;3:2&quot;,&quot;overlay_background&quot;:&quot;yes&quot;,&quot;content_hover_animation&quot;:&quot;fade-in&quot;}\" data-widget_type=\"gallery.default\">\n\t\t\t\t\t\t\t\t<div class=\"elementor-gallery__titles-container e--pointer-underline e--animation-fade\" aria-label=\"Filtro de galer\u00eda\">\n\t\t\t\t\n\t\t\t\t\t\t\t\t\t<a class=\"elementor-item elementor-gallery-title\" role=\"button\" tabindex=\"0\" data-gallery-index=\"0\">\n\t\t\t\t\t\tAppartement de 3 chambres\t\t\t\t\t<\/a>\n\t\t\t\t\t\t\t\t\t\t<a class=\"elementor-item elementor-gallery-title\" role=\"button\" tabindex=\"0\" data-gallery-index=\"1\">\n\t\t\t\t\t\tAppartement de 2 chambres\t\t\t\t\t<\/a>\n\t\t\t\t\t\t\t\t\t\t<a class=\"elementor-item elementor-gallery-title\" role=\"button\" tabindex=\"0\" data-gallery-index=\"2\">\n\t\t\t\t\t\tAppartement de 1 chambre\t\t\t\t\t<\/a>\n\t\t\t\t\t\t\t\t\t\t<a class=\"elementor-item elementor-gallery-title\" role=\"button\" tabindex=\"0\" data-gallery-index=\"3\">\n\t\t\t\t\t\tB\u00e2timent\t\t\t\t\t<\/a>\n\t\t\t\t\t\t\t\t<\/div>\n\t\t\t\t\t<div class=\"elementor-gallery__container\">\n\t\t\t\t\t\t\t<a class=\"e-gallery-item elementor-gallery-item elementor-animated-content\" data-e-gallery-tags=\"0\" href=\"https:\/\/maritimeapartamentosvalencia.com\/fr\/wp-content\/uploads\/sites\/3\/apartamentos-3-dormitorios-salon-y-cocina-02-1.webp\" data-elementor-open-lightbox=\"yes\" data-elementor-lightbox-slideshow=\"7d80eed\" data-e-action-hash=\"#elementor-action%3Aaction%3Dlightbox%26settings%3DeyJpZCI6MzM4NCwidXJsIjoiaHR0cHM6XC9cL21hcml0aW1lYXBhcnRhbWVudG9zdmFsZW5jaWEuY29tXC9mclwvd3AtY29udGVudFwvdXBsb2Fkc1wvc2l0ZXNcLzNcL2FwYXJ0YW1lbnRvcy0zLWRvcm1pdG9yaW9zLXNhbG9uLXktY29jaW5hLTAyLTEud2VicCIsInNsaWRlc2hvdyI6IjdkODBlZWQifQ%3D%3D\">\n\t\t\t\t\t<div class=\"e-gallery-image elementor-gallery-item__image\" data-thumbnail=\"https:\/\/maritimeapartamentosvalencia.com\/fr\/wp-content\/uploads\/sites\/3\/apartamentos-3-dormitorios-salon-y-cocina-02-1.webp\" data-width=\"1920\" data-height=\"1280\" aria-label=\"\" role=\"img\" ><\/div>\n\t\t\t\t\t\t\t\t\t\t\t<div class=\"elementor-gallery-item__overlay\"><\/div>\n\t\t\t\t\t\t\t\t\t\t\t\t\t\t<\/a>\n\t\t\t\t\t\t\t<a class=\"e-gallery-item elementor-gallery-item elementor-animated-content\" data-e-gallery-tags=\"0\" href=\"https:\/\/maritimeapartamentosvalencia.com\/fr\/wp-content\/uploads\/sites\/3\/apartamentos-3-dormitorios-banio-1.webp\" data-elementor-open-lightbox=\"yes\" data-elementor-lightbox-slideshow=\"7d80eed\" data-e-action-hash=\"#elementor-action%3Aaction%3Dlightbox%26settings%3DeyJpZCI6MzM4NSwidXJsIjoiaHR0cHM6XC9cL21hcml0aW1lYXBhcnRhbWVudG9zdmFsZW5jaWEuY29tXC9mclwvd3AtY29udGVudFwvdXBsb2Fkc1wvc2l0ZXNcLzNcL2FwYXJ0YW1lbnRvcy0zLWRvcm1pdG9yaW9zLWJhbmlvLTEud2VicCIsInNsaWRlc2hvdyI6IjdkODBlZWQifQ%3D%3D\">\n\t\t\t\t\t<div class=\"e-gallery-image elementor-gallery-item__image\" data-thumbnail=\"https:\/\/maritimeapartamentosvalencia.com\/fr\/wp-content\/uploads\/sites\/3\/apartamentos-3-dormitorios-banio-1.webp\" data-width=\"1920\" data-height=\"1279\" aria-label=\"\" role=\"img\" ><\/div>\n\t\t\t\t\t\t\t\t\t\t\t<div class=\"elementor-gallery-item__overlay\"><\/div>\n\t\t\t\t\t\t\t\t\t\t\t\t\t\t<\/a>\n\t\t\t\t\t\t\t<a class=\"e-gallery-item elementor-gallery-item elementor-animated-content\" data-e-gallery-tags=\"0\" href=\"https:\/\/maritimeapartamentosvalencia.com\/fr\/wp-content\/uploads\/sites\/3\/apartamentos-3-dormitorios-banio-01-1.webp\" data-elementor-open-lightbox=\"yes\" data-elementor-lightbox-slideshow=\"7d80eed\" data-e-action-hash=\"#elementor-action%3Aaction%3Dlightbox%26settings%3DeyJpZCI6MzM4NiwidXJsIjoiaHR0cHM6XC9cL21hcml0aW1lYXBhcnRhbWVudG9zdmFsZW5jaWEuY29tXC9mclwvd3AtY29udGVudFwvdXBsb2Fkc1wvc2l0ZXNcLzNcL2FwYXJ0YW1lbnRvcy0zLWRvcm1pdG9yaW9zLWJhbmlvLTAxLTEud2VicCIsInNsaWRlc2hvdyI6IjdkODBlZWQifQ%3D%3D\">\n\t\t\t\t\t<div class=\"e-gallery-image elementor-gallery-item__image\" data-thumbnail=\"https:\/\/maritimeapartamentosvalencia.com\/fr\/wp-content\/uploads\/sites\/3\/apartamentos-3-dormitorios-banio-01-1.webp\" data-width=\"1920\" data-height=\"1280\" aria-label=\"\" role=\"img\" ><\/div>\n\t\t\t\t\t\t\t\t\t\t\t<div class=\"elementor-gallery-item__overlay\"><\/div>\n\t\t\t\t\t\t\t\t\t\t\t\t\t\t<\/a>\n\t\t\t\t\t\t\t<a class=\"e-gallery-item elementor-gallery-item elementor-animated-content\" data-e-gallery-tags=\"0\" href=\"https:\/\/maritimeapartamentosvalencia.com\/fr\/wp-content\/uploads\/sites\/3\/apartamentos-3-dormitorios-cama-1.webp\" data-elementor-open-lightbox=\"yes\" data-elementor-lightbox-slideshow=\"7d80eed\" data-e-action-hash=\"#elementor-action%3Aaction%3Dlightbox%26settings%3DeyJpZCI6MzM4NywidXJsIjoiaHR0cHM6XC9cL21hcml0aW1lYXBhcnRhbWVudG9zdmFsZW5jaWEuY29tXC9mclwvd3AtY29udGVudFwvdXBsb2Fkc1wvc2l0ZXNcLzNcL2FwYXJ0YW1lbnRvcy0zLWRvcm1pdG9yaW9zLWNhbWEtMS53ZWJwIiwic2xpZGVzaG93IjoiN2Q4MGVlZCJ9\">\n\t\t\t\t\t<div class=\"e-gallery-image elementor-gallery-item__image\" data-thumbnail=\"https:\/\/maritimeapartamentosvalencia.com\/fr\/wp-content\/uploads\/sites\/3\/apartamentos-3-dormitorios-cama-1.webp\" data-width=\"1920\" data-height=\"1280\" aria-label=\"\" role=\"img\" ><\/div>\n\t\t\t\t\t\t\t\t\t\t\t<div class=\"elementor-gallery-item__overlay\"><\/div>\n\t\t\t\t\t\t\t\t\t\t\t\t\t\t<\/a>\n\t\t\t\t\t\t\t<a class=\"e-gallery-item elementor-gallery-item elementor-animated-content\" data-e-gallery-tags=\"0\" href=\"https:\/\/maritimeapartamentosvalencia.com\/fr\/wp-content\/uploads\/sites\/3\/apartamentos-3-dormitorios-cama-matrimonial-1.webp\" data-elementor-open-lightbox=\"yes\" data-elementor-lightbox-slideshow=\"7d80eed\" data-e-action-hash=\"#elementor-action%3Aaction%3Dlightbox%26settings%3DeyJpZCI6MzM4OCwidXJsIjoiaHR0cHM6XC9cL21hcml0aW1lYXBhcnRhbWVudG9zdmFsZW5jaWEuY29tXC9mclwvd3AtY29udGVudFwvdXBsb2Fkc1wvc2l0ZXNcLzNcL2FwYXJ0YW1lbnRvcy0zLWRvcm1pdG9yaW9zLWNhbWEtbWF0cmltb25pYWwtMS53ZWJwIiwic2xpZGVzaG93IjoiN2Q4MGVlZCJ9\">\n\t\t\t\t\t<div class=\"e-gallery-image elementor-gallery-item__image\" data-thumbnail=\"https:\/\/maritimeapartamentosvalencia.com\/fr\/wp-content\/uploads\/sites\/3\/apartamentos-3-dormitorios-cama-matrimonial-1.webp\" data-width=\"1920\" data-height=\"1280\" aria-label=\"\" role=\"img\" ><\/div>\n\t\t\t\t\t\t\t\t\t\t\t<div class=\"elementor-gallery-item__overlay\"><\/div>\n\t\t\t\t\t\t\t\t\t\t\t\t\t\t<\/a>\n\t\t\t\t\t\t\t<a class=\"e-gallery-item elementor-gallery-item elementor-animated-content\" data-e-gallery-tags=\"0\" href=\"https:\/\/maritimeapartamentosvalencia.com\/fr\/wp-content\/uploads\/sites\/3\/apartamentos-3-dormitorios-cama-matrimonial-01-1.webp\" data-elementor-open-lightbox=\"yes\" data-elementor-lightbox-slideshow=\"7d80eed\" data-e-action-hash=\"#elementor-action%3Aaction%3Dlightbox%26settings%3DeyJpZCI6MzM4OSwidXJsIjoiaHR0cHM6XC9cL21hcml0aW1lYXBhcnRhbWVudG9zdmFsZW5jaWEuY29tXC9mclwvd3AtY29udGVudFwvdXBsb2Fkc1wvc2l0ZXNcLzNcL2FwYXJ0YW1lbnRvcy0zLWRvcm1pdG9yaW9zLWNhbWEtbWF0cmltb25pYWwtMDEtMS53ZWJwIiwic2xpZGVzaG93IjoiN2Q4MGVlZCJ9\">\n\t\t\t\t\t<div class=\"e-gallery-image elementor-gallery-item__image\" data-thumbnail=\"https:\/\/maritimeapartamentosvalencia.com\/fr\/wp-content\/uploads\/sites\/3\/apartamentos-3-dormitorios-cama-matrimonial-01-1.webp\" data-width=\"1920\" data-height=\"1280\" aria-label=\"\" role=\"img\" ><\/div>\n\t\t\t\t\t\t\t\t\t\t\t<div class=\"elementor-gallery-item__overlay\"><\/div>\n\t\t\t\t\t\t\t\t\t\t\t\t\t\t<\/a>\n\t\t\t\t\t\t\t<a class=\"e-gallery-item elementor-gallery-item elementor-animated-content\" data-e-gallery-tags=\"0\" href=\"https:\/\/maritimeapartamentosvalencia.com\/fr\/wp-content\/uploads\/sites\/3\/apartamentos-3-dormitorios-cocina-1.webp\" data-elementor-open-lightbox=\"yes\" data-elementor-lightbox-slideshow=\"7d80eed\" data-e-action-hash=\"#elementor-action%3Aaction%3Dlightbox%26settings%3DeyJpZCI6MzM5MCwidXJsIjoiaHR0cHM6XC9cL21hcml0aW1lYXBhcnRhbWVudG9zdmFsZW5jaWEuY29tXC9mclwvd3AtY29udGVudFwvdXBsb2Fkc1wvc2l0ZXNcLzNcL2FwYXJ0YW1lbnRvcy0zLWRvcm1pdG9yaW9zLWNvY2luYS0xLndlYnAiLCJzbGlkZXNob3ciOiI3ZDgwZWVkIn0%3D\">\n\t\t\t\t\t<div class=\"e-gallery-image elementor-gallery-item__image\" data-thumbnail=\"https:\/\/maritimeapartamentosvalencia.com\/fr\/wp-content\/uploads\/sites\/3\/apartamentos-3-dormitorios-cocina-1.webp\" data-width=\"1920\" data-height=\"1280\" aria-label=\"\" role=\"img\" ><\/div>\n\t\t\t\t\t\t\t\t\t\t\t<div class=\"elementor-gallery-item__overlay\"><\/div>\n\t\t\t\t\t\t\t\t\t\t\t\t\t\t<\/a>\n\t\t\t\t\t\t\t<a class=\"e-gallery-item elementor-gallery-item elementor-animated-content\" data-e-gallery-tags=\"0\" href=\"https:\/\/maritimeapartamentosvalencia.com\/fr\/wp-content\/uploads\/sites\/3\/apartamentos-3-dormitorios-cocina-01-1.webp\" data-elementor-open-lightbox=\"yes\" data-elementor-lightbox-slideshow=\"7d80eed\" data-e-action-hash=\"#elementor-action%3Aaction%3Dlightbox%26settings%3DeyJpZCI6MzM5MSwidXJsIjoiaHR0cHM6XC9cL21hcml0aW1lYXBhcnRhbWVudG9zdmFsZW5jaWEuY29tXC9mclwvd3AtY29udGVudFwvdXBsb2Fkc1wvc2l0ZXNcLzNcL2FwYXJ0YW1lbnRvcy0zLWRvcm1pdG9yaW9zLWNvY2luYS0wMS0xLndlYnAiLCJzbGlkZXNob3ciOiI3ZDgwZWVkIn0%3D\">\n\t\t\t\t\t<div class=\"e-gallery-image elementor-gallery-item__image\" data-thumbnail=\"https:\/\/maritimeapartamentosvalencia.com\/fr\/wp-content\/uploads\/sites\/3\/apartamentos-3-dormitorios-cocina-01-1.webp\" data-width=\"1920\" data-height=\"1280\" aria-label=\"\" role=\"img\" ><\/div>\n\t\t\t\t\t\t\t\t\t\t\t<div class=\"elementor-gallery-item__overlay\"><\/div>\n\t\t\t\t\t\t\t\t\t\t\t\t\t\t<\/a>\n\t\t\t\t\t\t\t<a class=\"e-gallery-item elementor-gallery-item elementor-animated-content\" data-e-gallery-tags=\"0\" href=\"https:\/\/maritimeapartamentosvalencia.com\/fr\/wp-content\/uploads\/sites\/3\/apartamentos-3-dormitorios-salon-1.webp\" data-elementor-open-lightbox=\"yes\" data-elementor-lightbox-slideshow=\"7d80eed\" data-e-action-hash=\"#elementor-action%3Aaction%3Dlightbox%26settings%3DeyJpZCI6MzM5MiwidXJsIjoiaHR0cHM6XC9cL21hcml0aW1lYXBhcnRhbWVudG9zdmFsZW5jaWEuY29tXC9mclwvd3AtY29udGVudFwvdXBsb2Fkc1wvc2l0ZXNcLzNcL2FwYXJ0YW1lbnRvcy0zLWRvcm1pdG9yaW9zLXNhbG9uLTEud2VicCIsInNsaWRlc2hvdyI6IjdkODBlZWQifQ%3D%3D\">\n\t\t\t\t\t<div class=\"e-gallery-image elementor-gallery-item__image\" data-thumbnail=\"https:\/\/maritimeapartamentosvalencia.com\/fr\/wp-content\/uploads\/sites\/3\/apartamentos-3-dormitorios-salon-1.webp\" data-width=\"1920\" data-height=\"1280\" aria-label=\"\" role=\"img\" ><\/div>\n\t\t\t\t\t\t\t\t\t\t\t<div class=\"elementor-gallery-item__overlay\"><\/div>\n\t\t\t\t\t\t\t\t\t\t\t\t\t\t<\/a>\n\t\t\t\t\t\t\t<a class=\"e-gallery-item elementor-gallery-item elementor-animated-content\" data-e-gallery-tags=\"0\" href=\"https:\/\/maritimeapartamentosvalencia.com\/fr\/wp-content\/uploads\/sites\/3\/apartamentos-3-dormitorios-salon-01-1.webp\" data-elementor-open-lightbox=\"yes\" data-elementor-lightbox-slideshow=\"7d80eed\" data-e-action-hash=\"#elementor-action%3Aaction%3Dlightbox%26settings%3DeyJpZCI6MzM5MywidXJsIjoiaHR0cHM6XC9cL21hcml0aW1lYXBhcnRhbWVudG9zdmFsZW5jaWEuY29tXC9mclwvd3AtY29udGVudFwvdXBsb2Fkc1wvc2l0ZXNcLzNcL2FwYXJ0YW1lbnRvcy0zLWRvcm1pdG9yaW9zLXNhbG9uLTAxLTEud2VicCIsInNsaWRlc2hvdyI6IjdkODBlZWQifQ%3D%3D\">\n\t\t\t\t\t<div class=\"e-gallery-image elementor-gallery-item__image\" data-thumbnail=\"https:\/\/maritimeapartamentosvalencia.com\/fr\/wp-content\/uploads\/sites\/3\/apartamentos-3-dormitorios-salon-01-1.webp\" data-width=\"1920\" data-height=\"1280\" aria-label=\"\" role=\"img\" ><\/div>\n\t\t\t\t\t\t\t\t\t\t\t<div class=\"elementor-gallery-item__overlay\"><\/div>\n\t\t\t\t\t\t\t\t\t\t\t\t\t\t<\/a>\n\t\t\t\t\t\t\t<a class=\"e-gallery-item elementor-gallery-item elementor-animated-content\" data-e-gallery-tags=\"0\" href=\"https:\/\/maritimeapartamentosvalencia.com\/fr\/wp-content\/uploads\/sites\/3\/apartamentos-3-dormitorios-salon-02-1.webp\" data-elementor-open-lightbox=\"yes\" data-elementor-lightbox-slideshow=\"7d80eed\" data-e-action-hash=\"#elementor-action%3Aaction%3Dlightbox%26settings%3DeyJpZCI6MzM5NCwidXJsIjoiaHR0cHM6XC9cL21hcml0aW1lYXBhcnRhbWVudG9zdmFsZW5jaWEuY29tXC9mclwvd3AtY29udGVudFwvdXBsb2Fkc1wvc2l0ZXNcLzNcL2FwYXJ0YW1lbnRvcy0zLWRvcm1pdG9yaW9zLXNhbG9uLTAyLTEud2VicCIsInNsaWRlc2hvdyI6IjdkODBlZWQifQ%3D%3D\">\n\t\t\t\t\t<div class=\"e-gallery-image elementor-gallery-item__image\" data-thumbnail=\"https:\/\/maritimeapartamentosvalencia.com\/fr\/wp-content\/uploads\/sites\/3\/apartamentos-3-dormitorios-salon-02-1.webp\" data-width=\"1920\" data-height=\"1280\" aria-label=\"\" role=\"img\" ><\/div>\n\t\t\t\t\t\t\t\t\t\t\t<div class=\"elementor-gallery-item__overlay\"><\/div>\n\t\t\t\t\t\t\t\t\t\t\t\t\t\t<\/a>\n\t\t\t\t\t\t\t<a class=\"e-gallery-item elementor-gallery-item elementor-animated-content\" data-e-gallery-tags=\"0\" href=\"https:\/\/maritimeapartamentosvalencia.com\/fr\/wp-content\/uploads\/sites\/3\/apartamentos-3-dormitorios-salon-03-1.webp\" data-elementor-open-lightbox=\"yes\" data-elementor-lightbox-slideshow=\"7d80eed\" data-e-action-hash=\"#elementor-action%3Aaction%3Dlightbox%26settings%3DeyJpZCI6MzM5NSwidXJsIjoiaHR0cHM6XC9cL21hcml0aW1lYXBhcnRhbWVudG9zdmFsZW5jaWEuY29tXC9mclwvd3AtY29udGVudFwvdXBsb2Fkc1wvc2l0ZXNcLzNcL2FwYXJ0YW1lbnRvcy0zLWRvcm1pdG9yaW9zLXNhbG9uLTAzLTEud2VicCIsInNsaWRlc2hvdyI6IjdkODBlZWQifQ%3D%3D\">\n\t\t\t\t\t<div class=\"e-gallery-image elementor-gallery-item__image\" data-thumbnail=\"https:\/\/maritimeapartamentosvalencia.com\/fr\/wp-content\/uploads\/sites\/3\/apartamentos-3-dormitorios-salon-03-1.webp\" data-width=\"1920\" data-height=\"1280\" aria-label=\"\" role=\"img\" ><\/div>\n\t\t\t\t\t\t\t\t\t\t\t<div class=\"elementor-gallery-item__overlay\"><\/div>\n\t\t\t\t\t\t\t\t\t\t\t\t\t\t<\/a>\n\t\t\t\t\t\t\t<a class=\"e-gallery-item elementor-gallery-item elementor-animated-content\" data-e-gallery-tags=\"0\" href=\"https:\/\/maritimeapartamentosvalencia.com\/fr\/wp-content\/uploads\/sites\/3\/apartamentos-3-dormitorios-salon-04-1.webp\" data-elementor-open-lightbox=\"yes\" data-elementor-lightbox-slideshow=\"7d80eed\" data-e-action-hash=\"#elementor-action%3Aaction%3Dlightbox%26settings%3DeyJpZCI6MzM5NiwidXJsIjoiaHR0cHM6XC9cL21hcml0aW1lYXBhcnRhbWVudG9zdmFsZW5jaWEuY29tXC9mclwvd3AtY29udGVudFwvdXBsb2Fkc1wvc2l0ZXNcLzNcL2FwYXJ0YW1lbnRvcy0zLWRvcm1pdG9yaW9zLXNhbG9uLTA0LTEud2VicCIsInNsaWRlc2hvdyI6IjdkODBlZWQifQ%3D%3D\">\n\t\t\t\t\t<div class=\"e-gallery-image elementor-gallery-item__image\" data-thumbnail=\"https:\/\/maritimeapartamentosvalencia.com\/fr\/wp-content\/uploads\/sites\/3\/apartamentos-3-dormitorios-salon-04-1.webp\" data-width=\"1920\" data-height=\"1280\" aria-label=\"\" role=\"img\" ><\/div>\n\t\t\t\t\t\t\t\t\t\t\t<div class=\"elementor-gallery-item__overlay\"><\/div>\n\t\t\t\t\t\t\t\t\t\t\t\t\t\t<\/a>\n\t\t\t\t\t\t\t<a class=\"e-gallery-item elementor-gallery-item elementor-animated-content\" data-e-gallery-tags=\"0\" href=\"https:\/\/maritimeapartamentosvalencia.com\/fr\/wp-content\/uploads\/sites\/3\/apartamentos-3-dormitorios-salon-y-cocina-1.webp\" data-elementor-open-lightbox=\"yes\" data-elementor-lightbox-slideshow=\"7d80eed\" data-e-action-hash=\"#elementor-action%3Aaction%3Dlightbox%26settings%3DeyJpZCI6MzM5NywidXJsIjoiaHR0cHM6XC9cL21hcml0aW1lYXBhcnRhbWVudG9zdmFsZW5jaWEuY29tXC9mclwvd3AtY29udGVudFwvdXBsb2Fkc1wvc2l0ZXNcLzNcL2FwYXJ0YW1lbnRvcy0zLWRvcm1pdG9yaW9zLXNhbG9uLXktY29jaW5hLTEud2VicCIsInNsaWRlc2hvdyI6IjdkODBlZWQifQ%3D%3D\">\n\t\t\t\t\t<div class=\"e-gallery-image elementor-gallery-item__image\" data-thumbnail=\"https:\/\/maritimeapartamentosvalencia.com\/fr\/wp-content\/uploads\/sites\/3\/apartamentos-3-dormitorios-salon-y-cocina-1.webp\" data-width=\"1920\" data-height=\"1280\" aria-label=\"\" role=\"img\" ><\/div>\n\t\t\t\t\t\t\t\t\t\t\t<div class=\"elementor-gallery-item__overlay\"><\/div>\n\t\t\t\t\t\t\t\t\t\t\t\t\t\t<\/a>\n\t\t\t\t\t\t\t<a class=\"e-gallery-item elementor-gallery-item elementor-animated-content\" data-e-gallery-tags=\"0\" href=\"https:\/\/maritimeapartamentosvalencia.com\/fr\/wp-content\/uploads\/sites\/3\/apartamentos-3-dormitorios-salon-y-cocina-01-1.webp\" data-elementor-open-lightbox=\"yes\" data-elementor-lightbox-slideshow=\"7d80eed\" data-e-action-hash=\"#elementor-action%3Aaction%3Dlightbox%26settings%3DeyJpZCI6MzM5OCwidXJsIjoiaHR0cHM6XC9cL21hcml0aW1lYXBhcnRhbWVudG9zdmFsZW5jaWEuY29tXC9mclwvd3AtY29udGVudFwvdXBsb2Fkc1wvc2l0ZXNcLzNcL2FwYXJ0YW1lbnRvcy0zLWRvcm1pdG9yaW9zLXNhbG9uLXktY29jaW5hLTAxLTEud2VicCIsInNsaWRlc2hvdyI6IjdkODBlZWQifQ%3D%3D\">\n\t\t\t\t\t<div class=\"e-gallery-image elementor-gallery-item__image\" data-thumbnail=\"https:\/\/maritimeapartamentosvalencia.com\/fr\/wp-content\/uploads\/sites\/3\/apartamentos-3-dormitorios-salon-y-cocina-01-1.webp\" data-width=\"1920\" data-height=\"1280\" aria-label=\"\" role=\"img\" ><\/div>\n\t\t\t\t\t\t\t\t\t\t\t<div class=\"elementor-gallery-item__overlay\"><\/div>\n\t\t\t\t\t\t\t\t\t\t\t\t\t\t<\/a>\n\t\t\t\t\t\t\t<a class=\"e-gallery-item elementor-gallery-item elementor-animated-content\" data-e-gallery-tags=\"1\" href=\"https:\/\/maritimeapartamentosvalencia.com\/fr\/wp-content\/uploads\/sites\/3\/apartamentos-2-dormitorios-salon-y-cocina-1.webp\" data-elementor-open-lightbox=\"yes\" data-elementor-lightbox-slideshow=\"7d80eed\" data-e-action-hash=\"#elementor-action%3Aaction%3Dlightbox%26settings%3DeyJpZCI6MzM5OSwidXJsIjoiaHR0cHM6XC9cL21hcml0aW1lYXBhcnRhbWVudG9zdmFsZW5jaWEuY29tXC9mclwvd3AtY29udGVudFwvdXBsb2Fkc1wvc2l0ZXNcLzNcL2FwYXJ0YW1lbnRvcy0yLWRvcm1pdG9yaW9zLXNhbG9uLXktY29jaW5hLTEud2VicCIsInNsaWRlc2hvdyI6IjdkODBlZWQifQ%3D%3D\">\n\t\t\t\t\t<div class=\"e-gallery-image elementor-gallery-item__image\" data-thumbnail=\"https:\/\/maritimeapartamentosvalencia.com\/fr\/wp-content\/uploads\/sites\/3\/apartamentos-2-dormitorios-salon-y-cocina-1.webp\" data-width=\"1920\" data-height=\"1280\" aria-label=\"\" role=\"img\" ><\/div>\n\t\t\t\t\t\t\t\t\t\t\t<div class=\"elementor-gallery-item__overlay\"><\/div>\n\t\t\t\t\t\t\t\t\t\t\t\t\t\t<\/a>\n\t\t\t\t\t\t\t<a class=\"e-gallery-item elementor-gallery-item elementor-animated-content\" data-e-gallery-tags=\"1\" href=\"https:\/\/maritimeapartamentosvalencia.com\/fr\/wp-content\/uploads\/sites\/3\/apartamentos-2-dormitorios-2-camas-con-litera-1.webp\" data-elementor-open-lightbox=\"yes\" data-elementor-lightbox-slideshow=\"7d80eed\" data-e-action-hash=\"#elementor-action%3Aaction%3Dlightbox%26settings%3DeyJpZCI6MzQwMCwidXJsIjoiaHR0cHM6XC9cL21hcml0aW1lYXBhcnRhbWVudG9zdmFsZW5jaWEuY29tXC9mclwvd3AtY29udGVudFwvdXBsb2Fkc1wvc2l0ZXNcLzNcL2FwYXJ0YW1lbnRvcy0yLWRvcm1pdG9yaW9zLTItY2FtYXMtY29uLWxpdGVyYS0xLndlYnAiLCJzbGlkZXNob3ciOiI3ZDgwZWVkIn0%3D\">\n\t\t\t\t\t<div class=\"e-gallery-image elementor-gallery-item__image\" data-thumbnail=\"https:\/\/maritimeapartamentosvalencia.com\/fr\/wp-content\/uploads\/sites\/3\/apartamentos-2-dormitorios-2-camas-con-litera-1.webp\" data-width=\"1920\" data-height=\"1280\" aria-label=\"\" role=\"img\" ><\/div>\n\t\t\t\t\t\t\t\t\t\t\t<div class=\"elementor-gallery-item__overlay\"><\/div>\n\t\t\t\t\t\t\t\t\t\t\t\t\t\t<\/a>\n\t\t\t\t\t\t\t<a class=\"e-gallery-item elementor-gallery-item elementor-animated-content\" data-e-gallery-tags=\"1\" href=\"https:\/\/maritimeapartamentosvalencia.com\/fr\/wp-content\/uploads\/sites\/3\/apartamentos-2-dormitorios-banio-1.webp\" data-elementor-open-lightbox=\"yes\" data-elementor-lightbox-slideshow=\"7d80eed\" data-e-action-hash=\"#elementor-action%3Aaction%3Dlightbox%26settings%3DeyJpZCI6MzQwMSwidXJsIjoiaHR0cHM6XC9cL21hcml0aW1lYXBhcnRhbWVudG9zdmFsZW5jaWEuY29tXC9mclwvd3AtY29udGVudFwvdXBsb2Fkc1wvc2l0ZXNcLzNcL2FwYXJ0YW1lbnRvcy0yLWRvcm1pdG9yaW9zLWJhbmlvLTEud2VicCIsInNsaWRlc2hvdyI6IjdkODBlZWQifQ%3D%3D\">\n\t\t\t\t\t<div class=\"e-gallery-image elementor-gallery-item__image\" data-thumbnail=\"https:\/\/maritimeapartamentosvalencia.com\/fr\/wp-content\/uploads\/sites\/3\/apartamentos-2-dormitorios-banio-1.webp\" data-width=\"1920\" data-height=\"1280\" aria-label=\"\" role=\"img\" ><\/div>\n\t\t\t\t\t\t\t\t\t\t\t<div class=\"elementor-gallery-item__overlay\"><\/div>\n\t\t\t\t\t\t\t\t\t\t\t\t\t\t<\/a>\n\t\t\t\t\t\t\t<a class=\"e-gallery-item elementor-gallery-item elementor-animated-content\" data-e-gallery-tags=\"1\" href=\"https:\/\/maritimeapartamentosvalencia.com\/fr\/wp-content\/uploads\/sites\/3\/apartamentos-2-dormitorios-banio-01-1.webp\" data-elementor-open-lightbox=\"yes\" data-elementor-lightbox-slideshow=\"7d80eed\" data-e-action-hash=\"#elementor-action%3Aaction%3Dlightbox%26settings%3DeyJpZCI6MzQwMiwidXJsIjoiaHR0cHM6XC9cL21hcml0aW1lYXBhcnRhbWVudG9zdmFsZW5jaWEuY29tXC9mclwvd3AtY29udGVudFwvdXBsb2Fkc1wvc2l0ZXNcLzNcL2FwYXJ0YW1lbnRvcy0yLWRvcm1pdG9yaW9zLWJhbmlvLTAxLTEud2VicCIsInNsaWRlc2hvdyI6IjdkODBlZWQifQ%3D%3D\">\n\t\t\t\t\t<div class=\"e-gallery-image elementor-gallery-item__image\" data-thumbnail=\"https:\/\/maritimeapartamentosvalencia.com\/fr\/wp-content\/uploads\/sites\/3\/apartamentos-2-dormitorios-banio-01-1.webp\" data-width=\"1920\" data-height=\"1280\" aria-label=\"\" role=\"img\" ><\/div>\n\t\t\t\t\t\t\t\t\t\t\t<div class=\"elementor-gallery-item__overlay\"><\/div>\n\t\t\t\t\t\t\t\t\t\t\t\t\t\t<\/a>\n\t\t\t\t\t\t\t<a class=\"e-gallery-item elementor-gallery-item elementor-animated-content\" data-e-gallery-tags=\"1\" href=\"https:\/\/maritimeapartamentosvalencia.com\/fr\/wp-content\/uploads\/sites\/3\/apartamentos-2-dormitorios-cama-con-balcon-1.webp\" data-elementor-open-lightbox=\"yes\" data-elementor-lightbox-slideshow=\"7d80eed\" data-e-action-hash=\"#elementor-action%3Aaction%3Dlightbox%26settings%3DeyJpZCI6MzQwMywidXJsIjoiaHR0cHM6XC9cL21hcml0aW1lYXBhcnRhbWVudG9zdmFsZW5jaWEuY29tXC9mclwvd3AtY29udGVudFwvdXBsb2Fkc1wvc2l0ZXNcLzNcL2FwYXJ0YW1lbnRvcy0yLWRvcm1pdG9yaW9zLWNhbWEtY29uLWJhbGNvbi0xLndlYnAiLCJzbGlkZXNob3ciOiI3ZDgwZWVkIn0%3D\">\n\t\t\t\t\t<div class=\"e-gallery-image elementor-gallery-item__image\" data-thumbnail=\"https:\/\/maritimeapartamentosvalencia.com\/fr\/wp-content\/uploads\/sites\/3\/apartamentos-2-dormitorios-cama-con-balcon-1.webp\" data-width=\"1920\" data-height=\"1280\" aria-label=\"\" role=\"img\" ><\/div>\n\t\t\t\t\t\t\t\t\t\t\t<div class=\"elementor-gallery-item__overlay\"><\/div>\n\t\t\t\t\t\t\t\t\t\t\t\t\t\t<\/a>\n\t\t\t\t\t\t\t<a class=\"e-gallery-item elementor-gallery-item elementor-animated-content\" data-e-gallery-tags=\"1\" href=\"https:\/\/maritimeapartamentosvalencia.com\/fr\/wp-content\/uploads\/sites\/3\/apartamentos-2-dormitorios-cama-con-escritorio-1.webp\" data-elementor-open-lightbox=\"yes\" data-elementor-lightbox-slideshow=\"7d80eed\" data-e-action-hash=\"#elementor-action%3Aaction%3Dlightbox%26settings%3DeyJpZCI6MzQwNCwidXJsIjoiaHR0cHM6XC9cL21hcml0aW1lYXBhcnRhbWVudG9zdmFsZW5jaWEuY29tXC9mclwvd3AtY29udGVudFwvdXBsb2Fkc1wvc2l0ZXNcLzNcL2FwYXJ0YW1lbnRvcy0yLWRvcm1pdG9yaW9zLWNhbWEtY29uLWVzY3JpdG9yaW8tMS53ZWJwIiwic2xpZGVzaG93IjoiN2Q4MGVlZCJ9\">\n\t\t\t\t\t<div class=\"e-gallery-image elementor-gallery-item__image\" data-thumbnail=\"https:\/\/maritimeapartamentosvalencia.com\/fr\/wp-content\/uploads\/sites\/3\/apartamentos-2-dormitorios-cama-con-escritorio-1.webp\" data-width=\"1920\" data-height=\"1280\" aria-label=\"\" role=\"img\" ><\/div>\n\t\t\t\t\t\t\t\t\t\t\t<div class=\"elementor-gallery-item__overlay\"><\/div>\n\t\t\t\t\t\t\t\t\t\t\t\t\t\t<\/a>\n\t\t\t\t\t\t\t<a class=\"e-gallery-item elementor-gallery-item elementor-animated-content\" data-e-gallery-tags=\"1\" href=\"https:\/\/maritimeapartamentosvalencia.com\/fr\/wp-content\/uploads\/sites\/3\/apartamentos-2-dormitorios-cama-matrimonial-1.webp\" data-elementor-open-lightbox=\"yes\" data-elementor-lightbox-slideshow=\"7d80eed\" data-e-action-hash=\"#elementor-action%3Aaction%3Dlightbox%26settings%3DeyJpZCI6MzQwNSwidXJsIjoiaHR0cHM6XC9cL21hcml0aW1lYXBhcnRhbWVudG9zdmFsZW5jaWEuY29tXC9mclwvd3AtY29udGVudFwvdXBsb2Fkc1wvc2l0ZXNcLzNcL2FwYXJ0YW1lbnRvcy0yLWRvcm1pdG9yaW9zLWNhbWEtbWF0cmltb25pYWwtMS53ZWJwIiwic2xpZGVzaG93IjoiN2Q4MGVlZCJ9\">\n\t\t\t\t\t<div class=\"e-gallery-image elementor-gallery-item__image\" data-thumbnail=\"https:\/\/maritimeapartamentosvalencia.com\/fr\/wp-content\/uploads\/sites\/3\/apartamentos-2-dormitorios-cama-matrimonial-1.webp\" data-width=\"1920\" data-height=\"1280\" aria-label=\"\" role=\"img\" ><\/div>\n\t\t\t\t\t\t\t\t\t\t\t<div class=\"elementor-gallery-item__overlay\"><\/div>\n\t\t\t\t\t\t\t\t\t\t\t\t\t\t<\/a>\n\t\t\t\t\t\t\t<a class=\"e-gallery-item elementor-gallery-item elementor-animated-content\" data-e-gallery-tags=\"1\" href=\"https:\/\/maritimeapartamentosvalencia.com\/fr\/wp-content\/uploads\/sites\/3\/apartamentos-2-dormitorios-cama-matrimonial-01-1.webp\" data-elementor-open-lightbox=\"yes\" data-elementor-lightbox-slideshow=\"7d80eed\" data-e-action-hash=\"#elementor-action%3Aaction%3Dlightbox%26settings%3DeyJpZCI6MzQwNiwidXJsIjoiaHR0cHM6XC9cL21hcml0aW1lYXBhcnRhbWVudG9zdmFsZW5jaWEuY29tXC9mclwvd3AtY29udGVudFwvdXBsb2Fkc1wvc2l0ZXNcLzNcL2FwYXJ0YW1lbnRvcy0yLWRvcm1pdG9yaW9zLWNhbWEtbWF0cmltb25pYWwtMDEtMS53ZWJwIiwic2xpZGVzaG93IjoiN2Q4MGVlZCJ9\">\n\t\t\t\t\t<div class=\"e-gallery-image elementor-gallery-item__image\" data-thumbnail=\"https:\/\/maritimeapartamentosvalencia.com\/fr\/wp-content\/uploads\/sites\/3\/apartamentos-2-dormitorios-cama-matrimonial-01-1.webp\" data-width=\"1920\" data-height=\"1280\" aria-label=\"\" role=\"img\" ><\/div>\n\t\t\t\t\t\t\t\t\t\t\t<div class=\"elementor-gallery-item__overlay\"><\/div>\n\t\t\t\t\t\t\t\t\t\t\t\t\t\t<\/a>\n\t\t\t\t\t\t\t<a class=\"e-gallery-item elementor-gallery-item elementor-animated-content\" data-e-gallery-tags=\"1\" href=\"https:\/\/maritimeapartamentosvalencia.com\/fr\/wp-content\/uploads\/sites\/3\/apartamentos-2-dormitorios-cocina-1.webp\" data-elementor-open-lightbox=\"yes\" data-elementor-lightbox-slideshow=\"7d80eed\" data-e-action-hash=\"#elementor-action%3Aaction%3Dlightbox%26settings%3DeyJpZCI6MzQwNywidXJsIjoiaHR0cHM6XC9cL21hcml0aW1lYXBhcnRhbWVudG9zdmFsZW5jaWEuY29tXC9mclwvd3AtY29udGVudFwvdXBsb2Fkc1wvc2l0ZXNcLzNcL2FwYXJ0YW1lbnRvcy0yLWRvcm1pdG9yaW9zLWNvY2luYS0xLndlYnAiLCJzbGlkZXNob3ciOiI3ZDgwZWVkIn0%3D\">\n\t\t\t\t\t<div class=\"e-gallery-image elementor-gallery-item__image\" data-thumbnail=\"https:\/\/maritimeapartamentosvalencia.com\/fr\/wp-content\/uploads\/sites\/3\/apartamentos-2-dormitorios-cocina-1.webp\" data-width=\"1920\" data-height=\"1280\" aria-label=\"\" role=\"img\" ><\/div>\n\t\t\t\t\t\t\t\t\t\t\t<div class=\"elementor-gallery-item__overlay\"><\/div>\n\t\t\t\t\t\t\t\t\t\t\t\t\t\t<\/a>\n\t\t\t\t\t\t\t<a class=\"e-gallery-item elementor-gallery-item elementor-animated-content\" data-e-gallery-tags=\"1\" href=\"https:\/\/maritimeapartamentosvalencia.com\/fr\/wp-content\/uploads\/sites\/3\/apartamentos-2-dormitorios-cocina-01-1.webp\" data-elementor-open-lightbox=\"yes\" data-elementor-lightbox-slideshow=\"7d80eed\" data-e-action-hash=\"#elementor-action%3Aaction%3Dlightbox%26settings%3DeyJpZCI6MzQwOCwidXJsIjoiaHR0cHM6XC9cL21hcml0aW1lYXBhcnRhbWVudG9zdmFsZW5jaWEuY29tXC9mclwvd3AtY29udGVudFwvdXBsb2Fkc1wvc2l0ZXNcLzNcL2FwYXJ0YW1lbnRvcy0yLWRvcm1pdG9yaW9zLWNvY2luYS0wMS0xLndlYnAiLCJzbGlkZXNob3ciOiI3ZDgwZWVkIn0%3D\">\n\t\t\t\t\t<div class=\"e-gallery-image elementor-gallery-item__image\" data-thumbnail=\"https:\/\/maritimeapartamentosvalencia.com\/fr\/wp-content\/uploads\/sites\/3\/apartamentos-2-dormitorios-cocina-01-1.webp\" data-width=\"1920\" data-height=\"1280\" aria-label=\"\" role=\"img\" ><\/div>\n\t\t\t\t\t\t\t\t\t\t\t<div class=\"elementor-gallery-item__overlay\"><\/div>\n\t\t\t\t\t\t\t\t\t\t\t\t\t\t<\/a>\n\t\t\t\t\t\t\t<a class=\"e-gallery-item elementor-gallery-item elementor-animated-content\" data-e-gallery-tags=\"1\" href=\"https:\/\/maritimeapartamentosvalencia.com\/fr\/wp-content\/uploads\/sites\/3\/apartamentos-2-dormitorios-salon-1.webp\" data-elementor-open-lightbox=\"yes\" data-elementor-lightbox-slideshow=\"7d80eed\" data-e-action-hash=\"#elementor-action%3Aaction%3Dlightbox%26settings%3DeyJpZCI6MzQwOSwidXJsIjoiaHR0cHM6XC9cL21hcml0aW1lYXBhcnRhbWVudG9zdmFsZW5jaWEuY29tXC9mclwvd3AtY29udGVudFwvdXBsb2Fkc1wvc2l0ZXNcLzNcL2FwYXJ0YW1lbnRvcy0yLWRvcm1pdG9yaW9zLXNhbG9uLTEud2VicCIsInNsaWRlc2hvdyI6IjdkODBlZWQifQ%3D%3D\">\n\t\t\t\t\t<div class=\"e-gallery-image elementor-gallery-item__image\" data-thumbnail=\"https:\/\/maritimeapartamentosvalencia.com\/fr\/wp-content\/uploads\/sites\/3\/apartamentos-2-dormitorios-salon-1.webp\" data-width=\"1920\" data-height=\"1280\" aria-label=\"\" role=\"img\" ><\/div>\n\t\t\t\t\t\t\t\t\t\t\t<div class=\"elementor-gallery-item__overlay\"><\/div>\n\t\t\t\t\t\t\t\t\t\t\t\t\t\t<\/a>\n\t\t\t\t\t\t\t<a class=\"e-gallery-item elementor-gallery-item elementor-animated-content\" data-e-gallery-tags=\"1\" href=\"https:\/\/maritimeapartamentosvalencia.com\/fr\/wp-content\/uploads\/sites\/3\/apartamentos-2-dormitorios-salon-01-1.webp\" data-elementor-open-lightbox=\"yes\" data-elementor-lightbox-slideshow=\"7d80eed\" data-e-action-hash=\"#elementor-action%3Aaction%3Dlightbox%26settings%3DeyJpZCI6MzQxMCwidXJsIjoiaHR0cHM6XC9cL21hcml0aW1lYXBhcnRhbWVudG9zdmFsZW5jaWEuY29tXC9mclwvd3AtY29udGVudFwvdXBsb2Fkc1wvc2l0ZXNcLzNcL2FwYXJ0YW1lbnRvcy0yLWRvcm1pdG9yaW9zLXNhbG9uLTAxLTEud2VicCIsInNsaWRlc2hvdyI6IjdkODBlZWQifQ%3D%3D\">\n\t\t\t\t\t<div class=\"e-gallery-image elementor-gallery-item__image\" data-thumbnail=\"https:\/\/maritimeapartamentosvalencia.com\/fr\/wp-content\/uploads\/sites\/3\/apartamentos-2-dormitorios-salon-01-1.webp\" data-width=\"1920\" data-height=\"1280\" aria-label=\"\" role=\"img\" ><\/div>\n\t\t\t\t\t\t\t\t\t\t\t<div class=\"elementor-gallery-item__overlay\"><\/div>\n\t\t\t\t\t\t\t\t\t\t\t\t\t\t<\/a>\n\t\t\t\t\t\t\t<a class=\"e-gallery-item elementor-gallery-item elementor-animated-content\" data-e-gallery-tags=\"1\" href=\"https:\/\/maritimeapartamentosvalencia.com\/fr\/wp-content\/uploads\/sites\/3\/apartamentos-2-dormitorios-salon-02-1.webp\" data-elementor-open-lightbox=\"yes\" data-elementor-lightbox-slideshow=\"7d80eed\" data-e-action-hash=\"#elementor-action%3Aaction%3Dlightbox%26settings%3DeyJpZCI6MzQxMSwidXJsIjoiaHR0cHM6XC9cL21hcml0aW1lYXBhcnRhbWVudG9zdmFsZW5jaWEuY29tXC9mclwvd3AtY29udGVudFwvdXBsb2Fkc1wvc2l0ZXNcLzNcL2FwYXJ0YW1lbnRvcy0yLWRvcm1pdG9yaW9zLXNhbG9uLTAyLTEud2VicCIsInNsaWRlc2hvdyI6IjdkODBlZWQifQ%3D%3D\">\n\t\t\t\t\t<div class=\"e-gallery-image elementor-gallery-item__image\" data-thumbnail=\"https:\/\/maritimeapartamentosvalencia.com\/fr\/wp-content\/uploads\/sites\/3\/apartamentos-2-dormitorios-salon-02-1.webp\" data-width=\"1920\" data-height=\"1280\" aria-label=\"\" role=\"img\" ><\/div>\n\t\t\t\t\t\t\t\t\t\t\t<div class=\"elementor-gallery-item__overlay\"><\/div>\n\t\t\t\t\t\t\t\t\t\t\t\t\t\t<\/a>\n\t\t\t\t\t\t\t<a class=\"e-gallery-item elementor-gallery-item elementor-animated-content\" data-e-gallery-tags=\"1\" href=\"https:\/\/maritimeapartamentosvalencia.com\/fr\/wp-content\/uploads\/sites\/3\/apartamentos-2-dormitorios-salon-03-1.webp\" data-elementor-open-lightbox=\"yes\" data-elementor-lightbox-slideshow=\"7d80eed\" data-e-action-hash=\"#elementor-action%3Aaction%3Dlightbox%26settings%3DeyJpZCI6MzQxMiwidXJsIjoiaHR0cHM6XC9cL21hcml0aW1lYXBhcnRhbWVudG9zdmFsZW5jaWEuY29tXC9mclwvd3AtY29udGVudFwvdXBsb2Fkc1wvc2l0ZXNcLzNcL2FwYXJ0YW1lbnRvcy0yLWRvcm1pdG9yaW9zLXNhbG9uLTAzLTEud2VicCIsInNsaWRlc2hvdyI6IjdkODBlZWQifQ%3D%3D\">\n\t\t\t\t\t<div class=\"e-gallery-image elementor-gallery-item__image\" data-thumbnail=\"https:\/\/maritimeapartamentosvalencia.com\/fr\/wp-content\/uploads\/sites\/3\/apartamentos-2-dormitorios-salon-03-1.webp\" data-width=\"1920\" data-height=\"1280\" aria-label=\"\" role=\"img\" ><\/div>\n\t\t\t\t\t\t\t\t\t\t\t<div class=\"elementor-gallery-item__overlay\"><\/div>\n\t\t\t\t\t\t\t\t\t\t\t\t\t\t<\/a>\n\t\t\t\t\t\t\t<a class=\"e-gallery-item elementor-gallery-item elementor-animated-content\" data-e-gallery-tags=\"1\" href=\"https:\/\/maritimeapartamentosvalencia.com\/fr\/wp-content\/uploads\/sites\/3\/apartamentos-2-dormitorios-salon-04-1.webp\" data-elementor-open-lightbox=\"yes\" data-elementor-lightbox-slideshow=\"7d80eed\" data-e-action-hash=\"#elementor-action%3Aaction%3Dlightbox%26settings%3DeyJpZCI6MzQxMywidXJsIjoiaHR0cHM6XC9cL21hcml0aW1lYXBhcnRhbWVudG9zdmFsZW5jaWEuY29tXC9mclwvd3AtY29udGVudFwvdXBsb2Fkc1wvc2l0ZXNcLzNcL2FwYXJ0YW1lbnRvcy0yLWRvcm1pdG9yaW9zLXNhbG9uLTA0LTEud2VicCIsInNsaWRlc2hvdyI6IjdkODBlZWQifQ%3D%3D\">\n\t\t\t\t\t<div class=\"e-gallery-image elementor-gallery-item__image\" data-thumbnail=\"https:\/\/maritimeapartamentosvalencia.com\/fr\/wp-content\/uploads\/sites\/3\/apartamentos-2-dormitorios-salon-04-1.webp\" data-width=\"1920\" data-height=\"1280\" aria-label=\"\" role=\"img\" ><\/div>\n\t\t\t\t\t\t\t\t\t\t\t<div class=\"elementor-gallery-item__overlay\"><\/div>\n\t\t\t\t\t\t\t\t\t\t\t\t\t\t<\/a>\n\t\t\t\t\t\t\t<a class=\"e-gallery-item elementor-gallery-item elementor-animated-content\" data-e-gallery-tags=\"2\" href=\"https:\/\/maritimeapartamentosvalencia.com\/fr\/wp-content\/uploads\/sites\/3\/apartamentos-1-dormitorio-salon-y-cocina-01-1.webp\" data-elementor-open-lightbox=\"yes\" data-elementor-lightbox-slideshow=\"7d80eed\" data-e-action-hash=\"#elementor-action%3Aaction%3Dlightbox%26settings%3DeyJpZCI6MzQxNCwidXJsIjoiaHR0cHM6XC9cL21hcml0aW1lYXBhcnRhbWVudG9zdmFsZW5jaWEuY29tXC9mclwvd3AtY29udGVudFwvdXBsb2Fkc1wvc2l0ZXNcLzNcL2FwYXJ0YW1lbnRvcy0xLWRvcm1pdG9yaW8tc2Fsb24teS1jb2NpbmEtMDEtMS53ZWJwIiwic2xpZGVzaG93IjoiN2Q4MGVlZCJ9\">\n\t\t\t\t\t<div class=\"e-gallery-image elementor-gallery-item__image\" data-thumbnail=\"https:\/\/maritimeapartamentosvalencia.com\/fr\/wp-content\/uploads\/sites\/3\/apartamentos-1-dormitorio-salon-y-cocina-01-1.webp\" data-width=\"1920\" data-height=\"1280\" aria-label=\"\" role=\"img\" ><\/div>\n\t\t\t\t\t\t\t\t\t\t\t<div class=\"elementor-gallery-item__overlay\"><\/div>\n\t\t\t\t\t\t\t\t\t\t\t\t\t\t<\/a>\n\t\t\t\t\t\t\t<a class=\"e-gallery-item elementor-gallery-item elementor-animated-content\" data-e-gallery-tags=\"2\" href=\"https:\/\/maritimeapartamentosvalencia.com\/fr\/wp-content\/uploads\/sites\/3\/apartamentos-1-dormitorio-banio-1.webp\" data-elementor-open-lightbox=\"yes\" data-elementor-lightbox-slideshow=\"7d80eed\" data-e-action-hash=\"#elementor-action%3Aaction%3Dlightbox%26settings%3DeyJpZCI6MzQxNSwidXJsIjoiaHR0cHM6XC9cL21hcml0aW1lYXBhcnRhbWVudG9zdmFsZW5jaWEuY29tXC9mclwvd3AtY29udGVudFwvdXBsb2Fkc1wvc2l0ZXNcLzNcL2FwYXJ0YW1lbnRvcy0xLWRvcm1pdG9yaW8tYmFuaW8tMS53ZWJwIiwic2xpZGVzaG93IjoiN2Q4MGVlZCJ9\">\n\t\t\t\t\t<div class=\"e-gallery-image elementor-gallery-item__image\" data-thumbnail=\"https:\/\/maritimeapartamentosvalencia.com\/fr\/wp-content\/uploads\/sites\/3\/apartamentos-1-dormitorio-banio-1.webp\" data-width=\"1920\" data-height=\"1280\" aria-label=\"\" role=\"img\" ><\/div>\n\t\t\t\t\t\t\t\t\t\t\t<div class=\"elementor-gallery-item__overlay\"><\/div>\n\t\t\t\t\t\t\t\t\t\t\t\t\t\t<\/a>\n\t\t\t\t\t\t\t<a class=\"e-gallery-item elementor-gallery-item elementor-animated-content\" data-e-gallery-tags=\"2\" href=\"https:\/\/maritimeapartamentosvalencia.com\/fr\/wp-content\/uploads\/sites\/3\/apartamentos-1-dormitorio-cama-matrimonial-1.webp\" data-elementor-open-lightbox=\"yes\" data-elementor-lightbox-slideshow=\"7d80eed\" data-e-action-hash=\"#elementor-action%3Aaction%3Dlightbox%26settings%3DeyJpZCI6MzQxNiwidXJsIjoiaHR0cHM6XC9cL21hcml0aW1lYXBhcnRhbWVudG9zdmFsZW5jaWEuY29tXC9mclwvd3AtY29udGVudFwvdXBsb2Fkc1wvc2l0ZXNcLzNcL2FwYXJ0YW1lbnRvcy0xLWRvcm1pdG9yaW8tY2FtYS1tYXRyaW1vbmlhbC0xLndlYnAiLCJzbGlkZXNob3ciOiI3ZDgwZWVkIn0%3D\">\n\t\t\t\t\t<div class=\"e-gallery-image elementor-gallery-item__image\" data-thumbnail=\"https:\/\/maritimeapartamentosvalencia.com\/fr\/wp-content\/uploads\/sites\/3\/apartamentos-1-dormitorio-cama-matrimonial-1.webp\" data-width=\"1920\" data-height=\"1280\" aria-label=\"\" role=\"img\" ><\/div>\n\t\t\t\t\t\t\t\t\t\t\t<div class=\"elementor-gallery-item__overlay\"><\/div>\n\t\t\t\t\t\t\t\t\t\t\t\t\t\t<\/a>\n\t\t\t\t\t\t\t<a class=\"e-gallery-item elementor-gallery-item elementor-animated-content\" data-e-gallery-tags=\"2\" href=\"https:\/\/maritimeapartamentosvalencia.com\/fr\/wp-content\/uploads\/sites\/3\/apartamentos-1-dormitorio-cama-matrimonial-01-1.webp\" data-elementor-open-lightbox=\"yes\" data-elementor-lightbox-slideshow=\"7d80eed\" data-e-action-hash=\"#elementor-action%3Aaction%3Dlightbox%26settings%3DeyJpZCI6MzQxNywidXJsIjoiaHR0cHM6XC9cL21hcml0aW1lYXBhcnRhbWVudG9zdmFsZW5jaWEuY29tXC9mclwvd3AtY29udGVudFwvdXBsb2Fkc1wvc2l0ZXNcLzNcL2FwYXJ0YW1lbnRvcy0xLWRvcm1pdG9yaW8tY2FtYS1tYXRyaW1vbmlhbC0wMS0xLndlYnAiLCJzbGlkZXNob3ciOiI3ZDgwZWVkIn0%3D\">\n\t\t\t\t\t<div class=\"e-gallery-image elementor-gallery-item__image\" data-thumbnail=\"https:\/\/maritimeapartamentosvalencia.com\/fr\/wp-content\/uploads\/sites\/3\/apartamentos-1-dormitorio-cama-matrimonial-01-1.webp\" data-width=\"1920\" data-height=\"1280\" aria-label=\"\" role=\"img\" ><\/div>\n\t\t\t\t\t\t\t\t\t\t\t<div class=\"elementor-gallery-item__overlay\"><\/div>\n\t\t\t\t\t\t\t\t\t\t\t\t\t\t<\/a>\n\t\t\t\t\t\t\t<a class=\"e-gallery-item elementor-gallery-item elementor-animated-content\" data-e-gallery-tags=\"2\" href=\"https:\/\/maritimeapartamentosvalencia.com\/fr\/wp-content\/uploads\/sites\/3\/apartamentos-1-dormitorio-cama-matrimonial-con-banio-1.webp\" data-elementor-open-lightbox=\"yes\" data-elementor-lightbox-slideshow=\"7d80eed\" data-e-action-hash=\"#elementor-action%3Aaction%3Dlightbox%26settings%3DeyJpZCI6MzQxOCwidXJsIjoiaHR0cHM6XC9cL21hcml0aW1lYXBhcnRhbWVudG9zdmFsZW5jaWEuY29tXC9mclwvd3AtY29udGVudFwvdXBsb2Fkc1wvc2l0ZXNcLzNcL2FwYXJ0YW1lbnRvcy0xLWRvcm1pdG9yaW8tY2FtYS1tYXRyaW1vbmlhbC1jb24tYmFuaW8tMS53ZWJwIiwic2xpZGVzaG93IjoiN2Q4MGVlZCJ9\">\n\t\t\t\t\t<div class=\"e-gallery-image elementor-gallery-item__image\" data-thumbnail=\"https:\/\/maritimeapartamentosvalencia.com\/fr\/wp-content\/uploads\/sites\/3\/apartamentos-1-dormitorio-cama-matrimonial-con-banio-1.webp\" data-width=\"1920\" data-height=\"1280\" aria-label=\"\" role=\"img\" ><\/div>\n\t\t\t\t\t\t\t\t\t\t\t<div class=\"elementor-gallery-item__overlay\"><\/div>\n\t\t\t\t\t\t\t\t\t\t\t\t\t\t<\/a>\n\t\t\t\t\t\t\t<a class=\"e-gallery-item elementor-gallery-item elementor-animated-content\" data-e-gallery-tags=\"2\" href=\"https:\/\/maritimeapartamentosvalencia.com\/fr\/wp-content\/uploads\/sites\/3\/apartamentos-1-dormitorio-cocina-1.webp\" data-elementor-open-lightbox=\"yes\" data-elementor-lightbox-slideshow=\"7d80eed\" data-e-action-hash=\"#elementor-action%3Aaction%3Dlightbox%26settings%3DeyJpZCI6MzQxOSwidXJsIjoiaHR0cHM6XC9cL21hcml0aW1lYXBhcnRhbWVudG9zdmFsZW5jaWEuY29tXC9mclwvd3AtY29udGVudFwvdXBsb2Fkc1wvc2l0ZXNcLzNcL2FwYXJ0YW1lbnRvcy0xLWRvcm1pdG9yaW8tY29jaW5hLTEud2VicCIsInNsaWRlc2hvdyI6IjdkODBlZWQifQ%3D%3D\">\n\t\t\t\t\t<div class=\"e-gallery-image elementor-gallery-item__image\" data-thumbnail=\"https:\/\/maritimeapartamentosvalencia.com\/fr\/wp-content\/uploads\/sites\/3\/apartamentos-1-dormitorio-cocina-1.webp\" data-width=\"1920\" data-height=\"1280\" aria-label=\"\" role=\"img\" ><\/div>\n\t\t\t\t\t\t\t\t\t\t\t<div class=\"elementor-gallery-item__overlay\"><\/div>\n\t\t\t\t\t\t\t\t\t\t\t\t\t\t<\/a>\n\t\t\t\t\t\t\t<a class=\"e-gallery-item elementor-gallery-item elementor-animated-content\" data-e-gallery-tags=\"2\" href=\"https:\/\/maritimeapartamentosvalencia.com\/fr\/wp-content\/uploads\/sites\/3\/apartamentos-1-dormitorio-cocina-01-1.webp\" data-elementor-open-lightbox=\"yes\" data-elementor-lightbox-slideshow=\"7d80eed\" data-e-action-hash=\"#elementor-action%3Aaction%3Dlightbox%26settings%3DeyJpZCI6MzQyMCwidXJsIjoiaHR0cHM6XC9cL21hcml0aW1lYXBhcnRhbWVudG9zdmFsZW5jaWEuY29tXC9mclwvd3AtY29udGVudFwvdXBsb2Fkc1wvc2l0ZXNcLzNcL2FwYXJ0YW1lbnRvcy0xLWRvcm1pdG9yaW8tY29jaW5hLTAxLTEud2VicCIsInNsaWRlc2hvdyI6IjdkODBlZWQifQ%3D%3D\">\n\t\t\t\t\t<div class=\"e-gallery-image elementor-gallery-item__image\" data-thumbnail=\"https:\/\/maritimeapartamentosvalencia.com\/fr\/wp-content\/uploads\/sites\/3\/apartamentos-1-dormitorio-cocina-01-1.webp\" data-width=\"1920\" data-height=\"1280\" aria-label=\"\" role=\"img\" ><\/div>\n\t\t\t\t\t\t\t\t\t\t\t<div class=\"elementor-gallery-item__overlay\"><\/div>\n\t\t\t\t\t\t\t\t\t\t\t\t\t\t<\/a>\n\t\t\t\t\t\t\t<a class=\"e-gallery-item elementor-gallery-item elementor-animated-content\" data-e-gallery-tags=\"2\" href=\"https:\/\/maritimeapartamentosvalencia.com\/fr\/wp-content\/uploads\/sites\/3\/apartamentos-1-dormitorio-cocina-02-1.webp\" data-elementor-open-lightbox=\"yes\" data-elementor-lightbox-slideshow=\"7d80eed\" data-e-action-hash=\"#elementor-action%3Aaction%3Dlightbox%26settings%3DeyJpZCI6MzQyMSwidXJsIjoiaHR0cHM6XC9cL21hcml0aW1lYXBhcnRhbWVudG9zdmFsZW5jaWEuY29tXC9mclwvd3AtY29udGVudFwvdXBsb2Fkc1wvc2l0ZXNcLzNcL2FwYXJ0YW1lbnRvcy0xLWRvcm1pdG9yaW8tY29jaW5hLTAyLTEud2VicCIsInNsaWRlc2hvdyI6IjdkODBlZWQifQ%3D%3D\">\n\t\t\t\t\t<div class=\"e-gallery-image elementor-gallery-item__image\" data-thumbnail=\"https:\/\/maritimeapartamentosvalencia.com\/fr\/wp-content\/uploads\/sites\/3\/apartamentos-1-dormitorio-cocina-02-1.webp\" data-width=\"1920\" data-height=\"1280\" aria-label=\"\" role=\"img\" ><\/div>\n\t\t\t\t\t\t\t\t\t\t\t<div class=\"elementor-gallery-item__overlay\"><\/div>\n\t\t\t\t\t\t\t\t\t\t\t\t\t\t<\/a>\n\t\t\t\t\t\t\t<a class=\"e-gallery-item elementor-gallery-item elementor-animated-content\" data-e-gallery-tags=\"2\" href=\"https:\/\/maritimeapartamentosvalencia.com\/fr\/wp-content\/uploads\/sites\/3\/apartamentos-1-dormitorio-salon-1.webp\" data-elementor-open-lightbox=\"yes\" data-elementor-lightbox-slideshow=\"7d80eed\" data-e-action-hash=\"#elementor-action%3Aaction%3Dlightbox%26settings%3DeyJpZCI6MzQyMiwidXJsIjoiaHR0cHM6XC9cL21hcml0aW1lYXBhcnRhbWVudG9zdmFsZW5jaWEuY29tXC9mclwvd3AtY29udGVudFwvdXBsb2Fkc1wvc2l0ZXNcLzNcL2FwYXJ0YW1lbnRvcy0xLWRvcm1pdG9yaW8tc2Fsb24tMS53ZWJwIiwic2xpZGVzaG93IjoiN2Q4MGVlZCJ9\">\n\t\t\t\t\t<div class=\"e-gallery-image elementor-gallery-item__image\" data-thumbnail=\"https:\/\/maritimeapartamentosvalencia.com\/fr\/wp-content\/uploads\/sites\/3\/apartamentos-1-dormitorio-salon-1.webp\" data-width=\"1920\" data-height=\"1280\" aria-label=\"\" role=\"img\" ><\/div>\n\t\t\t\t\t\t\t\t\t\t\t<div class=\"elementor-gallery-item__overlay\"><\/div>\n\t\t\t\t\t\t\t\t\t\t\t\t\t\t<\/a>\n\t\t\t\t\t\t\t<a class=\"e-gallery-item elementor-gallery-item elementor-animated-content\" data-e-gallery-tags=\"2\" href=\"https:\/\/maritimeapartamentosvalencia.com\/fr\/wp-content\/uploads\/sites\/3\/apartamentos-1-dormitorio-salon-01-1.webp\" data-elementor-open-lightbox=\"yes\" data-elementor-lightbox-slideshow=\"7d80eed\" data-e-action-hash=\"#elementor-action%3Aaction%3Dlightbox%26settings%3DeyJpZCI6MzQyMywidXJsIjoiaHR0cHM6XC9cL21hcml0aW1lYXBhcnRhbWVudG9zdmFsZW5jaWEuY29tXC9mclwvd3AtY29udGVudFwvdXBsb2Fkc1wvc2l0ZXNcLzNcL2FwYXJ0YW1lbnRvcy0xLWRvcm1pdG9yaW8tc2Fsb24tMDEtMS53ZWJwIiwic2xpZGVzaG93IjoiN2Q4MGVlZCJ9\">\n\t\t\t\t\t<div class=\"e-gallery-image elementor-gallery-item__image\" data-thumbnail=\"https:\/\/maritimeapartamentosvalencia.com\/fr\/wp-content\/uploads\/sites\/3\/apartamentos-1-dormitorio-salon-01-1.webp\" data-width=\"1920\" data-height=\"1280\" aria-label=\"\" role=\"img\" ><\/div>\n\t\t\t\t\t\t\t\t\t\t\t<div class=\"elementor-gallery-item__overlay\"><\/div>\n\t\t\t\t\t\t\t\t\t\t\t\t\t\t<\/a>\n\t\t\t\t\t\t\t<a class=\"e-gallery-item elementor-gallery-item elementor-animated-content\" data-e-gallery-tags=\"2\" href=\"https:\/\/maritimeapartamentosvalencia.com\/fr\/wp-content\/uploads\/sites\/3\/apartamentos-1-dormitorio-salon-02-1.webp\" data-elementor-open-lightbox=\"yes\" data-elementor-lightbox-slideshow=\"7d80eed\" data-e-action-hash=\"#elementor-action%3Aaction%3Dlightbox%26settings%3DeyJpZCI6MzQyNCwidXJsIjoiaHR0cHM6XC9cL21hcml0aW1lYXBhcnRhbWVudG9zdmFsZW5jaWEuY29tXC9mclwvd3AtY29udGVudFwvdXBsb2Fkc1wvc2l0ZXNcLzNcL2FwYXJ0YW1lbnRvcy0xLWRvcm1pdG9yaW8tc2Fsb24tMDItMS53ZWJwIiwic2xpZGVzaG93IjoiN2Q4MGVlZCJ9\">\n\t\t\t\t\t<div class=\"e-gallery-image elementor-gallery-item__image\" data-thumbnail=\"https:\/\/maritimeapartamentosvalencia.com\/fr\/wp-content\/uploads\/sites\/3\/apartamentos-1-dormitorio-salon-02-1.webp\" data-width=\"1920\" data-height=\"1280\" aria-label=\"\" role=\"img\" ><\/div>\n\t\t\t\t\t\t\t\t\t\t\t<div class=\"elementor-gallery-item__overlay\"><\/div>\n\t\t\t\t\t\t\t\t\t\t\t\t\t\t<\/a>\n\t\t\t\t\t\t\t<a class=\"e-gallery-item elementor-gallery-item elementor-animated-content\" data-e-gallery-tags=\"2\" href=\"https:\/\/maritimeapartamentosvalencia.com\/fr\/wp-content\/uploads\/sites\/3\/apartamentos-1-dormitorio-salon-03-1.webp\" data-elementor-open-lightbox=\"yes\" data-elementor-lightbox-slideshow=\"7d80eed\" data-e-action-hash=\"#elementor-action%3Aaction%3Dlightbox%26settings%3DeyJpZCI6MzQyNSwidXJsIjoiaHR0cHM6XC9cL21hcml0aW1lYXBhcnRhbWVudG9zdmFsZW5jaWEuY29tXC9mclwvd3AtY29udGVudFwvdXBsb2Fkc1wvc2l0ZXNcLzNcL2FwYXJ0YW1lbnRvcy0xLWRvcm1pdG9yaW8tc2Fsb24tMDMtMS53ZWJwIiwic2xpZGVzaG93IjoiN2Q4MGVlZCJ9\">\n\t\t\t\t\t<div class=\"e-gallery-image elementor-gallery-item__image\" data-thumbnail=\"https:\/\/maritimeapartamentosvalencia.com\/fr\/wp-content\/uploads\/sites\/3\/apartamentos-1-dormitorio-salon-03-1.webp\" data-width=\"1920\" data-height=\"1280\" aria-label=\"\" role=\"img\" ><\/div>\n\t\t\t\t\t\t\t\t\t\t\t<div class=\"elementor-gallery-item__overlay\"><\/div>\n\t\t\t\t\t\t\t\t\t\t\t\t\t\t<\/a>\n\t\t\t\t\t\t\t<a class=\"e-gallery-item elementor-gallery-item elementor-animated-content\" data-e-gallery-tags=\"2\" href=\"https:\/\/maritimeapartamentosvalencia.com\/fr\/wp-content\/uploads\/sites\/3\/apartamentos-1-dormitorio-salon-04-1.webp\" data-elementor-open-lightbox=\"yes\" data-elementor-lightbox-slideshow=\"7d80eed\" data-e-action-hash=\"#elementor-action%3Aaction%3Dlightbox%26settings%3DeyJpZCI6MzQyNiwidXJsIjoiaHR0cHM6XC9cL21hcml0aW1lYXBhcnRhbWVudG9zdmFsZW5jaWEuY29tXC9mclwvd3AtY29udGVudFwvdXBsb2Fkc1wvc2l0ZXNcLzNcL2FwYXJ0YW1lbnRvcy0xLWRvcm1pdG9yaW8tc2Fsb24tMDQtMS53ZWJwIiwic2xpZGVzaG93IjoiN2Q4MGVlZCJ9\">\n\t\t\t\t\t<div class=\"e-gallery-image elementor-gallery-item__image\" data-thumbnail=\"https:\/\/maritimeapartamentosvalencia.com\/fr\/wp-content\/uploads\/sites\/3\/apartamentos-1-dormitorio-salon-04-1.webp\" data-width=\"1920\" data-height=\"1280\" aria-label=\"\" role=\"img\" ><\/div>\n\t\t\t\t\t\t\t\t\t\t\t<div class=\"elementor-gallery-item__overlay\"><\/div>\n\t\t\t\t\t\t\t\t\t\t\t\t\t\t<\/a>\n\t\t\t\t\t\t\t<a class=\"e-gallery-item elementor-gallery-item elementor-animated-content\" data-e-gallery-tags=\"2\" href=\"https:\/\/maritimeapartamentosvalencia.com\/fr\/wp-content\/uploads\/sites\/3\/apartamentos-1-dormitorio-salon-05-1.webp\" data-elementor-open-lightbox=\"yes\" data-elementor-lightbox-slideshow=\"7d80eed\" data-e-action-hash=\"#elementor-action%3Aaction%3Dlightbox%26settings%3DeyJpZCI6MzQyNywidXJsIjoiaHR0cHM6XC9cL21hcml0aW1lYXBhcnRhbWVudG9zdmFsZW5jaWEuY29tXC9mclwvd3AtY29udGVudFwvdXBsb2Fkc1wvc2l0ZXNcLzNcL2FwYXJ0YW1lbnRvcy0xLWRvcm1pdG9yaW8tc2Fsb24tMDUtMS53ZWJwIiwic2xpZGVzaG93IjoiN2Q4MGVlZCJ9\">\n\t\t\t\t\t<div class=\"e-gallery-image elementor-gallery-item__image\" data-thumbnail=\"https:\/\/maritimeapartamentosvalencia.com\/fr\/wp-content\/uploads\/sites\/3\/apartamentos-1-dormitorio-salon-05-1.webp\" data-width=\"1920\" data-height=\"1280\" aria-label=\"\" role=\"img\" ><\/div>\n\t\t\t\t\t\t\t\t\t\t\t<div class=\"elementor-gallery-item__overlay\"><\/div>\n\t\t\t\t\t\t\t\t\t\t\t\t\t\t<\/a>\n\t\t\t\t\t\t\t<a class=\"e-gallery-item elementor-gallery-item elementor-animated-content\" data-e-gallery-tags=\"2\" href=\"https:\/\/maritimeapartamentosvalencia.com\/fr\/wp-content\/uploads\/sites\/3\/apartamentos-1-dormitorio-salon-y-cocina-1.webp\" data-elementor-open-lightbox=\"yes\" data-elementor-lightbox-slideshow=\"7d80eed\" data-e-action-hash=\"#elementor-action%3Aaction%3Dlightbox%26settings%3DeyJpZCI6MzQyOCwidXJsIjoiaHR0cHM6XC9cL21hcml0aW1lYXBhcnRhbWVudG9zdmFsZW5jaWEuY29tXC9mclwvd3AtY29udGVudFwvdXBsb2Fkc1wvc2l0ZXNcLzNcL2FwYXJ0YW1lbnRvcy0xLWRvcm1pdG9yaW8tc2Fsb24teS1jb2NpbmEtMS53ZWJwIiwic2xpZGVzaG93IjoiN2Q4MGVlZCJ9\">\n\t\t\t\t\t<div class=\"e-gallery-image elementor-gallery-item__image\" data-thumbnail=\"https:\/\/maritimeapartamentosvalencia.com\/fr\/wp-content\/uploads\/sites\/3\/apartamentos-1-dormitorio-salon-y-cocina-1.webp\" data-width=\"1920\" data-height=\"1280\" aria-label=\"\" role=\"img\" ><\/div>\n\t\t\t\t\t\t\t\t\t\t\t<div class=\"elementor-gallery-item__overlay\"><\/div>\n\t\t\t\t\t\t\t\t\t\t\t\t\t\t<\/a>\n\t\t\t\t\t\t\t<a class=\"e-gallery-item elementor-gallery-item elementor-animated-content\" data-e-gallery-tags=\"3\" href=\"https:\/\/maritimeapartamentosvalencia.com\/fr\/wp-content\/uploads\/sites\/3\/entrada-edificio-historico-1.webp\" data-elementor-open-lightbox=\"yes\" data-elementor-lightbox-slideshow=\"7d80eed\" data-e-action-hash=\"#elementor-action%3Aaction%3Dlightbox%26settings%3DeyJpZCI6MzQyOSwidXJsIjoiaHR0cHM6XC9cL21hcml0aW1lYXBhcnRhbWVudG9zdmFsZW5jaWEuY29tXC9mclwvd3AtY29udGVudFwvdXBsb2Fkc1wvc2l0ZXNcLzNcL2VudHJhZGEtZWRpZmljaW8taGlzdG9yaWNvLTEud2VicCIsInNsaWRlc2hvdyI6IjdkODBlZWQifQ%3D%3D\">\n\t\t\t\t\t<div class=\"e-gallery-image elementor-gallery-item__image\" data-thumbnail=\"https:\/\/maritimeapartamentosvalencia.com\/fr\/wp-content\/uploads\/sites\/3\/entrada-edificio-historico-1.webp\" data-width=\"1920\" data-height=\"1280\" aria-label=\"\" role=\"img\" ><\/div>\n\t\t\t\t\t\t\t\t\t\t\t<div class=\"elementor-gallery-item__overlay\"><\/div>\n\t\t\t\t\t\t\t\t\t\t\t\t\t\t<\/a>\n\t\t\t\t\t\t\t<a class=\"e-gallery-item elementor-gallery-item elementor-animated-content\" data-e-gallery-tags=\"3\" href=\"https:\/\/maritimeapartamentosvalencia.com\/fr\/wp-content\/uploads\/sites\/3\/escaleras-apartamentos-puerto-valencia-1.webp\" data-elementor-open-lightbox=\"yes\" data-elementor-lightbox-slideshow=\"7d80eed\" data-e-action-hash=\"#elementor-action%3Aaction%3Dlightbox%26settings%3DeyJpZCI6MzQzMCwidXJsIjoiaHR0cHM6XC9cL21hcml0aW1lYXBhcnRhbWVudG9zdmFsZW5jaWEuY29tXC9mclwvd3AtY29udGVudFwvdXBsb2Fkc1wvc2l0ZXNcLzNcL2VzY2FsZXJhcy1hcGFydGFtZW50b3MtcHVlcnRvLXZhbGVuY2lhLTEud2VicCIsInNsaWRlc2hvdyI6IjdkODBlZWQifQ%3D%3D\">\n\t\t\t\t\t<div class=\"e-gallery-image elementor-gallery-item__image\" data-thumbnail=\"https:\/\/maritimeapartamentosvalencia.com\/fr\/wp-content\/uploads\/sites\/3\/escaleras-apartamentos-puerto-valencia-1.webp\" data-width=\"1920\" data-height=\"1280\" aria-label=\"\" role=\"img\" ><\/div>\n\t\t\t\t\t\t\t\t\t\t\t<div class=\"elementor-gallery-item__overlay\"><\/div>\n\t\t\t\t\t\t\t\t\t\t\t\t\t\t<\/a>\n\t\t\t\t\t\t\t<a class=\"e-gallery-item elementor-gallery-item elementor-animated-content\" data-e-gallery-tags=\"3\" href=\"https:\/\/maritimeapartamentosvalencia.com\/fr\/wp-content\/uploads\/sites\/3\/escaleras-apartamentos-puerto-valencia-01-1.webp\" data-elementor-open-lightbox=\"yes\" data-elementor-lightbox-slideshow=\"7d80eed\" data-e-action-hash=\"#elementor-action%3Aaction%3Dlightbox%26settings%3DeyJpZCI6MzQzMSwidXJsIjoiaHR0cHM6XC9cL21hcml0aW1lYXBhcnRhbWVudG9zdmFsZW5jaWEuY29tXC9mclwvd3AtY29udGVudFwvdXBsb2Fkc1wvc2l0ZXNcLzNcL2VzY2FsZXJhcy1hcGFydGFtZW50b3MtcHVlcnRvLXZhbGVuY2lhLTAxLTEud2VicCIsInNsaWRlc2hvdyI6IjdkODBlZWQifQ%3D%3D\">\n\t\t\t\t\t<div class=\"e-gallery-image elementor-gallery-item__image\" data-thumbnail=\"https:\/\/maritimeapartamentosvalencia.com\/fr\/wp-content\/uploads\/sites\/3\/escaleras-apartamentos-puerto-valencia-01-1.webp\" data-width=\"1920\" data-height=\"1280\" aria-label=\"\" role=\"img\" ><\/div>\n\t\t\t\t\t\t\t\t\t\t\t<div class=\"elementor-gallery-item__overlay\"><\/div>\n\t\t\t\t\t\t\t\t\t\t\t\t\t\t<\/a>\n\t\t\t\t\t\t\t<a class=\"e-gallery-item elementor-gallery-item elementor-animated-content\" data-e-gallery-tags=\"3\" href=\"https:\/\/maritimeapartamentosvalencia.com\/fr\/wp-content\/uploads\/sites\/3\/vista-exterior-edificio-historico-2.webp\" data-elementor-open-lightbox=\"yes\" data-elementor-lightbox-slideshow=\"7d80eed\" data-e-action-hash=\"#elementor-action%3Aaction%3Dlightbox%26settings%3DeyJpZCI6MzQzMiwidXJsIjoiaHR0cHM6XC9cL21hcml0aW1lYXBhcnRhbWVudG9zdmFsZW5jaWEuY29tXC9mclwvd3AtY29udGVudFwvdXBsb2Fkc1wvc2l0ZXNcLzNcL3Zpc3RhLWV4dGVyaW9yLWVkaWZpY2lvLWhpc3Rvcmljby0yLndlYnAiLCJzbGlkZXNob3ciOiI3ZDgwZWVkIn0%3D\">\n\t\t\t\t\t<div class=\"e-gallery-image elementor-gallery-item__image\" data-thumbnail=\"https:\/\/maritimeapartamentosvalencia.com\/fr\/wp-content\/uploads\/sites\/3\/vista-exterior-edificio-historico-2.webp\" data-width=\"1920\" data-height=\"1279\" aria-label=\"\" role=\"img\" ><\/div>\n\t\t\t\t\t\t\t\t\t\t\t<div class=\"elementor-gallery-item__overlay\"><\/div>\n\t\t\t\t\t\t\t\t\t\t\t\t\t\t<\/a>\n\t\t\t\t\t\t\t<a class=\"e-gallery-item elementor-gallery-item elementor-animated-content\" data-e-gallery-tags=\"3\" href=\"https:\/\/maritimeapartamentosvalencia.com\/fr\/wp-content\/uploads\/sites\/3\/2-1.webp\" data-elementor-open-lightbox=\"yes\" data-elementor-lightbox-slideshow=\"7d80eed\" data-e-action-hash=\"#elementor-action%3Aaction%3Dlightbox%26settings%3DeyJpZCI6MzQzMywidXJsIjoiaHR0cHM6XC9cL21hcml0aW1lYXBhcnRhbWVudG9zdmFsZW5jaWEuY29tXC9mclwvd3AtY29udGVudFwvdXBsb2Fkc1wvc2l0ZXNcLzNcLzItMS53ZWJwIiwic2xpZGVzaG93IjoiN2Q4MGVlZCJ9\">\n\t\t\t\t\t<div class=\"e-gallery-image elementor-gallery-item__image\" data-thumbnail=\"https:\/\/maritimeapartamentosvalencia.com\/fr\/wp-content\/uploads\/sites\/3\/2-1.webp\" data-width=\"987\" data-height=\"684\" aria-label=\"\" role=\"img\" ><\/div>\n\t\t\t\t\t\t\t\t\t\t\t<div class=\"elementor-gallery-item__overlay\"><\/div>\n\t\t\t\t\t\t\t\t\t\t\t\t\t\t<\/a>\n\t\t\t\t\t<\/div>\n\t\t\t\t\t<\/div>\n\t\t\t\t<\/div>\n\t\t\t\t\t<\/div>\n\t\t<\/div>\n\t\t\t\t\t\t<\/div>\n\t\t\t\t\t<\/div>\n\t\t\t\t<\/div>\n\t\t<div class=\"elementor-element elementor-element-7e55ef3 e-flex e-con-boxed e-con e-parent\" data-id=\"7e55ef3\" data-element_type=\"container\" data-e-type=\"container\">\n\t\t\t\t\t<div class=\"e-con-inner\">\n\t\t<div class=\"elementor-element elementor-element-6e39d32 e-con-full e-flex e-con e-child\" data-id=\"6e39d32\" data-element_type=\"container\" data-e-type=\"container\">\n\t\t\t\t<div class=\"elementor-element elementor-element-ad9921c elementor-widget elementor-widget-heading\" data-id=\"ad9921c\" data-element_type=\"widget\" data-e-type=\"widget\" data-widget_type=\"heading.default\">\n\t\t\t\t\t<h2 class=\"elementor-heading-title elementor-size-default\">Remises et promotions<\/h2>\t\t\t\t<\/div>\n\t\t\t\t<div class=\"elementor-element elementor-element-f459e9c elementor-widget elementor-widget-text-editor\" data-id=\"f459e9c\" data-element_type=\"widget\" data-e-type=\"widget\" data-widget_type=\"text-editor.default\">\n\t\t\t\t\t\t\t\t\t<p>R\u00e9servation ici sur notre site officiel<\/p>\t\t\t\t\t\t\t\t<\/div>\n\t\t\t\t<\/div>\n\t\t<div class=\"elementor-element elementor-element-3f01461 e-con-full e-flex e-con e-child\" data-id=\"3f01461\" data-element_type=\"container\" data-e-type=\"container\" data-settings=\"{&quot;background_background&quot;:&quot;classic&quot;,&quot;animation&quot;:&quot;none&quot;,&quot;motion_fx_motion_fx_scrolling&quot;:&quot;yes&quot;,&quot;motion_fx_translateY_effect&quot;:&quot;yes&quot;,&quot;motion_fx_devices&quot;:[&quot;desktop&quot;,&quot;laptop&quot;],&quot;motion_fx_range&quot;:&quot;viewport&quot;,&quot;animation_delay&quot;:5,&quot;motion_fx_translateY_speed&quot;:{&quot;unit&quot;:&quot;px&quot;,&quot;size&quot;:4,&quot;sizes&quot;:[]},&quot;motion_fx_translateY_affectedRange&quot;:{&quot;unit&quot;:&quot;%&quot;,&quot;size&quot;:&quot;&quot;,&quot;sizes&quot;:{&quot;start&quot;:0,&quot;end&quot;:100}}}\">\n\t\t\t\t<div class=\"elementor-element elementor-element-6b2c200 elementor-widget elementor-widget-image\" data-id=\"6b2c200\" data-element_type=\"widget\" data-e-type=\"widget\" data-widget_type=\"image.default\">\n\t\t\t\t\t\t\t\t\t\t\t\t\t\t\t<img decoding=\"async\" width=\"600\" height=\"600\" src=\"https:\/\/maritimeapartamentosvalencia.com\/fr\/wp-content\/uploads\/sites\/3\/contorno-logo-blue-maritime-valencia.svg\" class=\"attachment-large size-large wp-image-245\" alt=\"contorno logo blue maritime valencia\" \/>\t\t\t\t\t\t\t\t\t\t\t\t\t\t\t<\/div>\n\t\t\t\t<div class=\"elementor-element elementor-element-27fa31d elementor-widget elementor-widget-heading\" data-id=\"27fa31d\" data-element_type=\"widget\" data-e-type=\"widget\" data-widget_type=\"heading.default\">\n\t\t\t\t\t<h3 class=\"elementor-heading-title elementor-size-default\">5% de r\u00e9duction<\/h3>\t\t\t\t<\/div>\n\t\t\t\t<div class=\"elementor-element elementor-element-b6b29aa elementor-widget-divider--view-line elementor-widget elementor-widget-divider\" data-id=\"b6b29aa\" data-element_type=\"widget\" data-e-type=\"widget\" data-widget_type=\"divider.default\">\n\t\t\t\t\t\t\t<div class=\"elementor-divider\">\n\t\t\t<span class=\"elementor-divider-separator\">\n\t\t\t\t\t\t<\/span>\n\t\t<\/div>\n\t\t\t\t\t\t<\/div>\n\t\t\t\t<div class=\"elementor-element elementor-element-93eeefd elementor-widget elementor-widget-text-editor\" data-id=\"93eeefd\" data-element_type=\"widget\" data-e-type=\"widget\" data-widget_type=\"text-editor.default\">\n\t\t\t\t\t\t\t\t\t<p>R\u00e9duction sur le tarif d&#8217;autres plateformes de r\u00e9servation.<\/p>\t\t\t\t\t\t\t\t<\/div>\n\t\t\t\t<\/div>\n\t\t<div class=\"elementor-element elementor-element-8e14880 e-con-full e-flex e-con e-child\" data-id=\"8e14880\" data-element_type=\"container\" data-e-type=\"container\" data-settings=\"{&quot;background_background&quot;:&quot;classic&quot;,&quot;animation&quot;:&quot;none&quot;,&quot;animation_delay&quot;:5}\">\n\t\t\t\t<div class=\"elementor-element elementor-element-4f81fd7 elementor-widget elementor-widget-image\" data-id=\"4f81fd7\" data-element_type=\"widget\" data-e-type=\"widget\" data-widget_type=\"image.default\">\n\t\t\t\t\t\t\t\t\t\t\t\t\t\t\t<img decoding=\"async\" width=\"600\" height=\"600\" src=\"https:\/\/maritimeapartamentosvalencia.com\/fr\/wp-content\/uploads\/sites\/3\/contorno-logo-blue-maritime-valencia.svg\" class=\"attachment-large size-large wp-image-245\" alt=\"contorno logo blue maritime valencia\" \/>\t\t\t\t\t\t\t\t\t\t\t\t\t\t\t<\/div>\n\t\t\t\t<div class=\"elementor-element elementor-element-bfb8d08 elementor-widget elementor-widget-heading\" data-id=\"bfb8d08\" data-element_type=\"widget\" data-e-type=\"widget\" data-widget_type=\"heading.default\">\n\t\t\t\t\t<h3 class=\"elementor-heading-title elementor-size-default\">10% de r\u00e9duction<\/h3>\t\t\t\t<\/div>\n\t\t\t\t<div class=\"elementor-element elementor-element-31203ae elementor-widget-divider--view-line elementor-widget elementor-widget-divider\" data-id=\"31203ae\" data-element_type=\"widget\" data-e-type=\"widget\" data-widget_type=\"divider.default\">\n\t\t\t\t\t\t\t<div class=\"elementor-divider\">\n\t\t\t<span class=\"elementor-divider-separator\">\n\t\t\t\t\t\t<\/span>\n\t\t<\/div>\n\t\t\t\t\t\t<\/div>\n\t\t\t\t<div class=\"elementor-element elementor-element-a8c00a6 elementor-widget elementor-widget-text-editor\" data-id=\"a8c00a6\" data-element_type=\"widget\" data-e-type=\"widget\" data-widget_type=\"text-editor.default\">\n\t\t\t\t\t\t\t\t\t<p>Pr\u00e9sentez votre confirmation de r\u00e9servation au Maritime Apartmentos Valencia et b\u00e9n\u00e9ficiez d\u2019une r\u00e9duction de 10 % au restaurant El Kiosko.<\/p>\t\t\t\t\t\t\t\t<\/div>\n\t\t\t\t<\/div>\n\t\t<div class=\"elementor-element elementor-element-e5997cf e-con-full e-flex e-con e-child\" data-id=\"e5997cf\" data-element_type=\"container\" data-e-type=\"container\" data-settings=\"{&quot;background_background&quot;:&quot;classic&quot;,&quot;animation&quot;:&quot;none&quot;,&quot;animation_delay&quot;:5,&quot;motion_fx_motion_fx_scrolling&quot;:&quot;yes&quot;,&quot;motion_fx_translateY_effect&quot;:&quot;yes&quot;,&quot;motion_fx_range&quot;:&quot;viewport&quot;,&quot;motion_fx_devices&quot;:[&quot;desktop&quot;,&quot;laptop&quot;],&quot;motion_fx_translateY_speed&quot;:{&quot;unit&quot;:&quot;px&quot;,&quot;size&quot;:4,&quot;sizes&quot;:[]},&quot;motion_fx_translateY_affectedRange&quot;:{&quot;unit&quot;:&quot;%&quot;,&quot;size&quot;:&quot;&quot;,&quot;sizes&quot;:{&quot;start&quot;:0,&quot;end&quot;:100}}}\">\n\t\t\t\t<div class=\"elementor-element elementor-element-f4287ec elementor-widget elementor-widget-image\" data-id=\"f4287ec\" data-element_type=\"widget\" data-e-type=\"widget\" data-widget_type=\"image.default\">\n\t\t\t\t\t\t\t\t\t\t\t\t\t\t\t<img decoding=\"async\" width=\"600\" height=\"600\" src=\"https:\/\/maritimeapartamentosvalencia.com\/fr\/wp-content\/uploads\/sites\/3\/contorno-logo-blue-maritime-valencia.svg\" class=\"attachment-large size-large wp-image-245\" alt=\"contorno logo blue maritime valencia\" \/>\t\t\t\t\t\t\t\t\t\t\t\t\t\t\t<\/div>\n\t\t\t\t<div class=\"elementor-element elementor-element-9195f29 elementor-widget elementor-widget-heading\" data-id=\"9195f29\" data-element_type=\"widget\" data-e-type=\"widget\" data-widget_type=\"heading.default\">\n\t\t\t\t\t<h3 class=\"elementor-heading-title elementor-size-default\">15% de r\u00e9duction<\/h3>\t\t\t\t<\/div>\n\t\t\t\t<div class=\"elementor-element elementor-element-fb8cfac elementor-widget-divider--view-line elementor-widget elementor-widget-divider\" data-id=\"fb8cfac\" data-element_type=\"widget\" data-e-type=\"widget\" data-widget_type=\"divider.default\">\n\t\t\t\t\t\t\t<div class=\"elementor-divider\">\n\t\t\t<span class=\"elementor-divider-separator\">\n\t\t\t\t\t\t<\/span>\n\t\t<\/div>\n\t\t\t\t\t\t<\/div>\n\t\t\t\t<div class=\"elementor-element elementor-element-ed0c37a elementor-widget elementor-widget-text-editor\" data-id=\"ed0c37a\" data-element_type=\"widget\" data-e-type=\"widget\" data-widget_type=\"text-editor.default\">\n\t\t\t\t\t\t\t\t\t<p>Par r\u00e9servation anticip\u00e9e, par nombre de r\u00e9servations ou par long s\u00e9jour.<\/p>\t\t\t\t\t\t\t\t<\/div>\n\t\t\t\t<\/div>\n\t\t\t\t\t<\/div>\n\t\t\t\t<\/div>\n\t\t\t\t<\/div>\n\t\t","protected":false},"excerpt":{"rendered":"<p>Galerie Maritime Apartamentos Valencia Appartements de vacances \u00e0 Caba\u00f1al &#8211; Grao. Valenc Garantie du meilleur prix disponible Vous pouvez voir ici une galerie de photos du b\u00e2timent et de nos appartements \u00e0 Maritime Apartamentos Valencia. Caba\u00f1al Apartments Appartements du port L&#8217;\u00e9tude Studio avec terrasse Deux chambres Edificio Appartement de 3 chambres Appartement de 2 chambres [&hellip;]<\/p>\n","protected":false},"author":1,"featured_media":0,"parent":0,"menu_order":0,"comment_status":"closed","ping_status":"closed","template":"","meta":{"footnotes":""},"class_list":["post-116","page","type-page","status-publish","hentry"],"yoast_head":"<!-- This site is optimized with the Yoast SEO plugin v27.5 - https:\/\/yoast.com\/product\/yoast-seo-wordpress\/ -->\n<title>Galer\u00eda de Maritime Apartamentos Valencia - en Barrio de Caba\u00f1al<\/title>\n<meta name=\"description\" content=\"En esta p\u00e1gina puedes ver una galer\u00eda de fotos del edificio y nuestros apartamentos en Maritime Apartamentos Valencia. \u00a1\u00c9chale un vistazo!\" \/>\n<meta name=\"robots\" content=\"index, follow, max-snippet:-1, max-image-preview:large, max-video-preview:-1\" \/>\n<link rel=\"canonical\" href=\"https:\/\/maritimeapartamentosvalencia.com\/fr\/galerie-de-maritime-valencia-apartments\/\" \/>\n<meta property=\"og:locale\" content=\"es_ES\" \/>\n<meta property=\"og:type\" content=\"article\" \/>\n<meta property=\"og:title\" content=\"Galer\u00eda de Maritime Apartamentos Valencia - en Barrio de Caba\u00f1al\" \/>\n<meta property=\"og:description\" content=\"En esta p\u00e1gina puedes ver una galer\u00eda de fotos del edificio y nuestros apartamentos en Maritime Apartamentos Valencia. \u00a1\u00c9chale un vistazo!\" \/>\n<meta property=\"og:url\" content=\"https:\/\/maritimeapartamentosvalencia.com\/fr\/galerie-de-maritime-valencia-apartments\/\" \/>\n<meta property=\"og:site_name\" content=\"Maritime Apartamentos Valencia FR\" \/>\n<meta property=\"article:modified_time\" content=\"2024-11-22T12:15:15+00:00\" \/>\n<meta name=\"twitter:card\" content=\"summary_large_image\" \/>\n<meta name=\"twitter:label1\" content=\"Tiempo de lectura\" \/>\n\t<meta name=\"twitter:data1\" content=\"2 minutos\" \/>\n<script type=\"application\/ld+json\" class=\"yoast-schema-graph\">{\"@context\":\"https:\\\/\\\/schema.org\",\"@graph\":[{\"@type\":\"WebPage\",\"@id\":\"https:\\\/\\\/maritimeapartamentosvalencia.com\\\/fr\\\/galerie-de-maritime-valencia-apartments\\\/\",\"url\":\"https:\\\/\\\/maritimeapartamentosvalencia.com\\\/fr\\\/galerie-de-maritime-valencia-apartments\\\/\",\"name\":\"Galer\u00eda de Maritime Apartamentos Valencia - en Barrio de Caba\u00f1al\",\"isPartOf\":{\"@id\":\"https:\\\/\\\/maritimeapartamentosvalencia.com\\\/fr\\\/#website\"},\"primaryImageOfPage\":{\"@id\":\"https:\\\/\\\/maritimeapartamentosvalencia.com\\\/fr\\\/galerie-de-maritime-valencia-apartments\\\/#primaryimage\"},\"image\":{\"@id\":\"https:\\\/\\\/maritimeapartamentosvalencia.com\\\/fr\\\/galerie-de-maritime-valencia-apartments\\\/#primaryimage\"},\"thumbnailUrl\":\"https:\\\/\\\/maritimeapartamentosvalencia.com\\\/fr\\\/wp-content\\\/uploads\\\/sites\\\/3\\\/logotema-maritime-diapo.svg\",\"datePublished\":\"2022-11-14T16:56:53+00:00\",\"dateModified\":\"2024-11-22T12:15:15+00:00\",\"description\":\"En esta p\u00e1gina puedes ver una galer\u00eda de fotos del edificio y nuestros apartamentos en Maritime Apartamentos Valencia. \u00a1\u00c9chale un vistazo!\",\"breadcrumb\":{\"@id\":\"https:\\\/\\\/maritimeapartamentosvalencia.com\\\/fr\\\/galerie-de-maritime-valencia-apartments\\\/#breadcrumb\"},\"inLanguage\":\"es\",\"potentialAction\":[{\"@type\":\"ReadAction\",\"target\":[\"https:\\\/\\\/maritimeapartamentosvalencia.com\\\/fr\\\/galerie-de-maritime-valencia-apartments\\\/\"]}]},{\"@type\":\"ImageObject\",\"inLanguage\":\"es\",\"@id\":\"https:\\\/\\\/maritimeapartamentosvalencia.com\\\/fr\\\/galerie-de-maritime-valencia-apartments\\\/#primaryimage\",\"url\":\"https:\\\/\\\/maritimeapartamentosvalencia.com\\\/fr\\\/wp-content\\\/uploads\\\/sites\\\/3\\\/logotema-maritime-diapo.svg\",\"contentUrl\":\"https:\\\/\\\/maritimeapartamentosvalencia.com\\\/fr\\\/wp-content\\\/uploads\\\/sites\\\/3\\\/logotema-maritime-diapo.svg\",\"width\":700,\"height\":700,\"caption\":\"logotema maritime diapo\"},{\"@type\":\"BreadcrumbList\",\"@id\":\"https:\\\/\\\/maritimeapartamentosvalencia.com\\\/fr\\\/galerie-de-maritime-valencia-apartments\\\/#breadcrumb\",\"itemListElement\":[{\"@type\":\"ListItem\",\"position\":1,\"name\":\"Portada\",\"item\":\"https:\\\/\\\/maritimeapartamentosvalencia.com\\\/fr\\\/\"},{\"@type\":\"ListItem\",\"position\":2,\"name\":\"Galerie de Maritime Valencia Apartments\"}]},{\"@type\":\"WebSite\",\"@id\":\"https:\\\/\\\/maritimeapartamentosvalencia.com\\\/fr\\\/#website\",\"url\":\"https:\\\/\\\/maritimeapartamentosvalencia.com\\\/fr\\\/\",\"name\":\"Maritime Apartamentos Valencia FR\",\"description\":\"Apartamentos tur\u00edsticos en Valencia, Espa\u00f1a\",\"publisher\":{\"@id\":\"https:\\\/\\\/maritimeapartamentosvalencia.com\\\/fr\\\/#organization\"},\"potentialAction\":[{\"@type\":\"SearchAction\",\"target\":{\"@type\":\"EntryPoint\",\"urlTemplate\":\"https:\\\/\\\/maritimeapartamentosvalencia.com\\\/fr\\\/?s={search_term_string}\"},\"query-input\":{\"@type\":\"PropertyValueSpecification\",\"valueRequired\":true,\"valueName\":\"search_term_string\"}}],\"inLanguage\":\"es\"},{\"@type\":\"Organization\",\"@id\":\"https:\\\/\\\/maritimeapartamentosvalencia.com\\\/fr\\\/#organization\",\"name\":\"Maritime Apartamentos Valencia FR\",\"url\":\"https:\\\/\\\/maritimeapartamentosvalencia.com\\\/fr\\\/\",\"logo\":{\"@type\":\"ImageObject\",\"inLanguage\":\"es\",\"@id\":\"https:\\\/\\\/maritimeapartamentosvalencia.com\\\/fr\\\/#\\\/schema\\\/logo\\\/image\\\/\",\"url\":\"https:\\\/\\\/maritimeapartamentosvalencia.com\\\/fr\\\/wp-content\\\/uploads\\\/sites\\\/3\\\/Maritime_logos-color11.55.26-1.webp\",\"contentUrl\":\"https:\\\/\\\/maritimeapartamentosvalencia.com\\\/fr\\\/wp-content\\\/uploads\\\/sites\\\/3\\\/Maritime_logos-color11.55.26-1.webp\",\"width\":400,\"height\":130,\"caption\":\"Maritime Apartamentos Valencia FR\"},\"image\":{\"@id\":\"https:\\\/\\\/maritimeapartamentosvalencia.com\\\/fr\\\/#\\\/schema\\\/logo\\\/image\\\/\"}}]}<\/script>\n<!-- \/ Yoast SEO plugin. -->","yoast_head_json":{"title":"Galer\u00eda de Maritime Apartamentos Valencia - en Barrio de Caba\u00f1al","description":"En esta p\u00e1gina puedes ver una galer\u00eda de fotos del edificio y nuestros apartamentos en Maritime Apartamentos Valencia. \u00a1\u00c9chale un vistazo!","robots":{"index":"index","follow":"follow","max-snippet":"max-snippet:-1","max-image-preview":"max-image-preview:large","max-video-preview":"max-video-preview:-1"},"canonical":"https:\/\/maritimeapartamentosvalencia.com\/fr\/galerie-de-maritime-valencia-apartments\/","og_locale":"es_ES","og_type":"article","og_title":"Galer\u00eda de Maritime Apartamentos Valencia - en Barrio de Caba\u00f1al","og_description":"En esta p\u00e1gina puedes ver una galer\u00eda de fotos del edificio y nuestros apartamentos en Maritime Apartamentos Valencia. \u00a1\u00c9chale un vistazo!","og_url":"https:\/\/maritimeapartamentosvalencia.com\/fr\/galerie-de-maritime-valencia-apartments\/","og_site_name":"Maritime Apartamentos Valencia FR","article_modified_time":"2024-11-22T12:15:15+00:00","twitter_card":"summary_large_image","twitter_misc":{"Tiempo de lectura":"2 minutos"},"schema":{"@context":"https:\/\/schema.org","@graph":[{"@type":"WebPage","@id":"https:\/\/maritimeapartamentosvalencia.com\/fr\/galerie-de-maritime-valencia-apartments\/","url":"https:\/\/maritimeapartamentosvalencia.com\/fr\/galerie-de-maritime-valencia-apartments\/","name":"Galer\u00eda de Maritime Apartamentos Valencia - en Barrio de Caba\u00f1al","isPartOf":{"@id":"https:\/\/maritimeapartamentosvalencia.com\/fr\/#website"},"primaryImageOfPage":{"@id":"https:\/\/maritimeapartamentosvalencia.com\/fr\/galerie-de-maritime-valencia-apartments\/#primaryimage"},"image":{"@id":"https:\/\/maritimeapartamentosvalencia.com\/fr\/galerie-de-maritime-valencia-apartments\/#primaryimage"},"thumbnailUrl":"https:\/\/maritimeapartamentosvalencia.com\/fr\/wp-content\/uploads\/sites\/3\/logotema-maritime-diapo.svg","datePublished":"2022-11-14T16:56:53+00:00","dateModified":"2024-11-22T12:15:15+00:00","description":"En esta p\u00e1gina puedes ver una galer\u00eda de fotos del edificio y nuestros apartamentos en Maritime Apartamentos Valencia. \u00a1\u00c9chale un vistazo!","breadcrumb":{"@id":"https:\/\/maritimeapartamentosvalencia.com\/fr\/galerie-de-maritime-valencia-apartments\/#breadcrumb"},"inLanguage":"es","potentialAction":[{"@type":"ReadAction","target":["https:\/\/maritimeapartamentosvalencia.com\/fr\/galerie-de-maritime-valencia-apartments\/"]}]},{"@type":"ImageObject","inLanguage":"es","@id":"https:\/\/maritimeapartamentosvalencia.com\/fr\/galerie-de-maritime-valencia-apartments\/#primaryimage","url":"https:\/\/maritimeapartamentosvalencia.com\/fr\/wp-content\/uploads\/sites\/3\/logotema-maritime-diapo.svg","contentUrl":"https:\/\/maritimeapartamentosvalencia.com\/fr\/wp-content\/uploads\/sites\/3\/logotema-maritime-diapo.svg","width":700,"height":700,"caption":"logotema maritime diapo"},{"@type":"BreadcrumbList","@id":"https:\/\/maritimeapartamentosvalencia.com\/fr\/galerie-de-maritime-valencia-apartments\/#breadcrumb","itemListElement":[{"@type":"ListItem","position":1,"name":"Portada","item":"https:\/\/maritimeapartamentosvalencia.com\/fr\/"},{"@type":"ListItem","position":2,"name":"Galerie de Maritime Valencia Apartments"}]},{"@type":"WebSite","@id":"https:\/\/maritimeapartamentosvalencia.com\/fr\/#website","url":"https:\/\/maritimeapartamentosvalencia.com\/fr\/","name":"Maritime Apartamentos Valencia FR","description":"Apartamentos tur\u00edsticos en Valencia, Espa\u00f1a","publisher":{"@id":"https:\/\/maritimeapartamentosvalencia.com\/fr\/#organization"},"potentialAction":[{"@type":"SearchAction","target":{"@type":"EntryPoint","urlTemplate":"https:\/\/maritimeapartamentosvalencia.com\/fr\/?s={search_term_string}"},"query-input":{"@type":"PropertyValueSpecification","valueRequired":true,"valueName":"search_term_string"}}],"inLanguage":"es"},{"@type":"Organization","@id":"https:\/\/maritimeapartamentosvalencia.com\/fr\/#organization","name":"Maritime Apartamentos Valencia FR","url":"https:\/\/maritimeapartamentosvalencia.com\/fr\/","logo":{"@type":"ImageObject","inLanguage":"es","@id":"https:\/\/maritimeapartamentosvalencia.com\/fr\/#\/schema\/logo\/image\/","url":"https:\/\/maritimeapartamentosvalencia.com\/fr\/wp-content\/uploads\/sites\/3\/Maritime_logos-color11.55.26-1.webp","contentUrl":"https:\/\/maritimeapartamentosvalencia.com\/fr\/wp-content\/uploads\/sites\/3\/Maritime_logos-color11.55.26-1.webp","width":400,"height":130,"caption":"Maritime Apartamentos Valencia FR"},"image":{"@id":"https:\/\/maritimeapartamentosvalencia.com\/fr\/#\/schema\/logo\/image\/"}}]}},"_links":{"self":[{"href":"https:\/\/maritimeapartamentosvalencia.com\/fr\/wp-json\/wp\/v2\/pages\/116","targetHints":{"allow":["GET"]}}],"collection":[{"href":"https:\/\/maritimeapartamentosvalencia.com\/fr\/wp-json\/wp\/v2\/pages"}],"about":[{"href":"https:\/\/maritimeapartamentosvalencia.com\/fr\/wp-json\/wp\/v2\/types\/page"}],"author":[{"embeddable":true,"href":"https:\/\/maritimeapartamentosvalencia.com\/fr\/wp-json\/wp\/v2\/users\/1"}],"replies":[{"embeddable":true,"href":"https:\/\/maritimeapartamentosvalencia.com\/fr\/wp-json\/wp\/v2\/comments?post=116"}],"version-history":[{"count":36,"href":"https:\/\/maritimeapartamentosvalencia.com\/fr\/wp-json\/wp\/v2\/pages\/116\/revisions"}],"predecessor-version":[{"id":3436,"href":"https:\/\/maritimeapartamentosvalencia.com\/fr\/wp-json\/wp\/v2\/pages\/116\/revisions\/3436"}],"wp:attachment":[{"href":"https:\/\/maritimeapartamentosvalencia.com\/fr\/wp-json\/wp\/v2\/media?parent=116"}],"curies":[{"name":"wp","href":"https:\/\/api.w.org\/{rel}","templated":true}]}}